{"id":5674,"date":"2025-02-16T06:55:27","date_gmt":"2025-02-16T06:55:27","guid":{"rendered":"https:\/\/test.graindesail.com\/?post_type=product&#038;p=5674"},"modified":"2026-04-30T00:00:41","modified_gmt":"2026-04-30T00:00:41","slug":"tablette-de-chocolat-noir-eclats-de-feves-de-cacao-100g-bio","status":"publish","type":"product","link":"https:\/\/graindesail.com\/fr\/produit\/tablette-de-chocolat-noir-eclats-de-feves-de-cacao-100g-bio\/","title":{"rendered":"Noir \u00e9clats de f\u00e8ves de cacao"},"content":{"rendered":"<p>Envie de caract&egrave;re ? D&eacute;couvrez notre nouvelle tablette de <a href=\"https:\/\/graindesail.com\/fr\/categorie-produit\/chocolat\/\">chocolat <\/a>intense en cacao, sublim&eacute;e par le croquant des &eacute;clats de f&egrave;ves.&nbsp;<br \/>\nLa <a href=\"https:\/\/graindesail.com\/fr\/categorie-produit\/chocolat\/chocolat-tablette\/\">tablette <\/a>chocolat noir &eacute;clats de f&egrave;ves met en valeur la richesse naturelle du cacao.&nbsp;<br \/>\nLes &eacute;clats de f&egrave;ves de cacao apportent une texture croquante et des notes intenses qui renforcent la profondeur aromatique du chocolat noir bio.&nbsp;<br \/>\nCette tablette de Grain de Sail offre une d&eacute;gustation authentique pour les amateurs de cacao brut et intense.<\/p>\n<p><strong>Allerg&egrave;nes : Peut contenir des traces de fruits &agrave; coque, de graines de s&eacute;same, de lait, d&#039;arachides et de c&eacute;r&eacute;ales contenant du gluten.<\/strong><\/p>\n<p><strong><span style=\"color:#d0121a\">En cas de stockage inadapt&eacute;, un voile blanc peut appara&icirc;tre &agrave; la surface du produit. Ce ph&eacute;nom&egrave;ne naturel n&#039;a aucun impact sur la sant&eacute; du consommateur.&nbsp;<\/span><\/strong><\/p>\n<p><strong>Grain de Sail vous recommande de ne pas donner ce produit aux enfants de moins de 5 ans, risque d&#039;&eacute;touffement.<\/strong><\/p>\n<p>Conseil : conserver au sec et au frais<\/p>\n<p>&Agrave; consommer de de pr&eacute;f&eacute;rence avant la date pr&eacute;sente sur l&#039;emballage<\/p>\n<p>Poids net 100g<\/p>\n<p>Produit biologique (FR-BIO-13)<\/p>\n<p>Pensez au tri, la plan&egrave;te vous remercie !&nbsp;<\/p>\n","protected":false},"excerpt":{"rendered":"<p>Tablette de chocolat Noir 75% de cacao avec inclusions d&rsquo;&eacute;clats de f&egrave;ves de cacao &ndash; 100G &ndash; BIO<\/p>\n","protected":false},"featured_media":23903,"comment_status":"open","ping_status":"closed","template":"","meta":{"_acf_changed":false},"product_brand":[],"product_cat":[546,42,609],"product_tag":[],"class_list":{"0":"post-5674","1":"product","2":"type-product","3":"status-publish","4":"has-post-thumbnail","6":"product_cat-ape","7":"product_cat-chocolat","8":"product_cat-chocolat-tablette","10":"first","11":"instock","12":"taxable","13":"shipping-taxable","14":"purchasable","15":"product-type-simple"},"acf":[],"yoast_head":"<!-- This site is optimized with the Yoast SEO plugin v25.5 - https:\/\/yoast.com\/wordpress\/plugins\/seo\/ -->\n<title>Tablette Chocolat Noir \u00c9clats de F\u00e8ves de cacao - Bio - Grain de Sail<\/title>\n<meta name=\"description\" content=\"Tablette de chocolat Noir \u00c9clats de F\u00e8ves de cacao. D\u00e9couvrez notre nouvelle tablette de chocolat intense, sublim\u00e9e par le croquant des \u00e9clats de f\u00e8ves.\" \/>\n<meta name=\"robots\" content=\"index, follow, max-snippet:-1, max-image-preview:large, max-video-preview:-1\" \/>\n<link rel=\"canonical\" href=\"https:\/\/graindesail.com\/fr\/produit\/tablette-de-chocolat-noir-eclats-de-feves-de-cacao-100g-bio\/\" \/>\n<meta property=\"og:locale\" content=\"fr_FR\" \/>\n<meta property=\"og:type\" content=\"article\" \/>\n<meta property=\"og:title\" content=\"Tablette Chocolat Noir \u00c9clats de F\u00e8ves de cacao - Bio - Grain de Sail\" \/>\n<meta property=\"og:description\" content=\"Tablette de chocolat Noir \u00c9clats de F\u00e8ves de cacao. D\u00e9couvrez notre nouvelle tablette de chocolat intense, sublim\u00e9e par le croquant des \u00e9clats de f\u00e8ves.\" \/>\n<meta property=\"og:url\" content=\"https:\/\/graindesail.com\/fr\/produit\/tablette-de-chocolat-noir-eclats-de-feves-de-cacao-100g-bio\/\" \/>\n<meta property=\"og:site_name\" content=\"GDS\" \/>\n<meta property=\"article:modified_time\" content=\"2026-04-30T00:00:41+00:00\" \/>\n<meta property=\"og:image\" content=\"https:\/\/graindesail.com\/wp-content\/uploads\/2026\/02\/GDS-NOIR-ECLATSDEFEVESCACAO-10ANS-RECTO-BD.png\" \/>\n\t<meta property=\"og:image:width\" content=\"420\" \/>\n\t<meta property=\"og:image:height\" content=\"774\" \/>\n\t<meta property=\"og:image:type\" content=\"image\/png\" \/>\n<meta name=\"twitter:card\" content=\"summary_large_image\" \/>\n<meta name=\"twitter:label1\" content=\"Dur\u00e9e de lecture estim\u00e9e\" \/>\n\t<meta name=\"twitter:data1\" content=\"1 minute\" \/>\n<script type=\"application\/ld+json\" class=\"yoast-schema-graph\">{\"@context\":\"https:\/\/schema.org\",\"@graph\":[{\"@type\":\"WebPage\",\"@id\":\"https:\/\/graindesail.com\/fr\/produit\/tablette-de-chocolat-noir-eclats-de-feves-de-cacao-100g-bio\/\",\"url\":\"https:\/\/graindesail.com\/fr\/produit\/tablette-de-chocolat-noir-eclats-de-feves-de-cacao-100g-bio\/\",\"name\":\"Tablette Chocolat Noir \u00c9clats de F\u00e8ves de cacao - Bio - Grain de Sail\",\"isPartOf\":{\"@id\":\"https:\/\/graindesail.com\/fr\/#website\"},\"primaryImageOfPage\":{\"@id\":\"https:\/\/graindesail.com\/fr\/produit\/tablette-de-chocolat-noir-eclats-de-feves-de-cacao-100g-bio\/#primaryimage\"},\"image\":{\"@id\":\"https:\/\/graindesail.com\/fr\/produit\/tablette-de-chocolat-noir-eclats-de-feves-de-cacao-100g-bio\/#primaryimage\"},\"thumbnailUrl\":\"https:\/\/graindesail.com\/wp-content\/uploads\/2026\/02\/GDS-NOIR-ECLATSDEFEVESCACAO-10ANS-RECTO-BD.png\",\"datePublished\":\"2025-02-16T06:55:27+00:00\",\"dateModified\":\"2026-04-30T00:00:41+00:00\",\"description\":\"Tablette de chocolat Noir \u00c9clats de F\u00e8ves de cacao. D\u00e9couvrez notre nouvelle tablette de chocolat intense, sublim\u00e9e par le croquant des \u00e9clats de f\u00e8ves.\",\"breadcrumb\":{\"@id\":\"https:\/\/graindesail.com\/fr\/produit\/tablette-de-chocolat-noir-eclats-de-feves-de-cacao-100g-bio\/#breadcrumb\"},\"inLanguage\":\"fr-FR\",\"potentialAction\":[{\"@type\":\"ReadAction\",\"target\":[\"https:\/\/graindesail.com\/fr\/produit\/tablette-de-chocolat-noir-eclats-de-feves-de-cacao-100g-bio\/\"]}]},{\"@type\":\"ImageObject\",\"inLanguage\":\"fr-FR\",\"@id\":\"https:\/\/graindesail.com\/fr\/produit\/tablette-de-chocolat-noir-eclats-de-feves-de-cacao-100g-bio\/#primaryimage\",\"url\":\"https:\/\/graindesail.com\/wp-content\/uploads\/2026\/02\/GDS-NOIR-ECLATSDEFEVESCACAO-10ANS-RECTO-BD.png\",\"contentUrl\":\"https:\/\/graindesail.com\/wp-content\/uploads\/2026\/02\/GDS-NOIR-ECLATSDEFEVESCACAO-10ANS-RECTO-BD.png\",\"width\":420,\"height\":774,\"caption\":\"Tablette Noir \u00c9clats de F\u00e8ves - Bandeau 10 ans\"},{\"@type\":\"BreadcrumbList\",\"@id\":\"https:\/\/graindesail.com\/fr\/produit\/tablette-de-chocolat-noir-eclats-de-feves-de-cacao-100g-bio\/#breadcrumb\",\"itemListElement\":[{\"@type\":\"ListItem\",\"position\":1,\"name\":\"Home\",\"item\":\"https:\/\/graindesail.com\/fr\/\"},{\"@type\":\"ListItem\",\"position\":2,\"name\":\"Notre boutique en ligne\",\"item\":\"https:\/\/graindesail.com\/fr\/notre-boutique-en-ligne\/\"},{\"@type\":\"ListItem\",\"position\":3,\"name\":\"Noir \u00e9clats de f\u00e8ves de cacao\"}]},{\"@type\":\"WebSite\",\"@id\":\"https:\/\/graindesail.com\/fr\/#website\",\"url\":\"https:\/\/graindesail.com\/fr\/\",\"name\":\"GDS\",\"description\":\"\",\"publisher\":{\"@id\":\"https:\/\/graindesail.com\/fr\/#organization\"},\"potentialAction\":[{\"@type\":\"SearchAction\",\"target\":{\"@type\":\"EntryPoint\",\"urlTemplate\":\"https:\/\/graindesail.com\/fr\/?s={search_term_string}\"},\"query-input\":{\"@type\":\"PropertyValueSpecification\",\"valueRequired\":true,\"valueName\":\"search_term_string\"}}],\"inLanguage\":\"fr-FR\"},{\"@type\":\"Organization\",\"@id\":\"https:\/\/graindesail.com\/fr\/#organization\",\"name\":\"GDS\",\"url\":\"https:\/\/graindesail.com\/fr\/\",\"logo\":{\"@type\":\"ImageObject\",\"inLanguage\":\"fr-FR\",\"@id\":\"https:\/\/graindesail.com\/fr\/#\/schema\/logo\/image\/\",\"url\":\"https:\/\/graindesail.com\/wp-content\/uploads\/2024\/12\/logo.svg\",\"contentUrl\":\"https:\/\/graindesail.com\/wp-content\/uploads\/2024\/12\/logo.svg\",\"width\":82,\"height\":130,\"caption\":\"GDS\"},\"image\":{\"@id\":\"https:\/\/graindesail.com\/fr\/#\/schema\/logo\/image\/\"}}]}<\/script>\n<!-- \/ Yoast SEO plugin. -->","yoast_head_json":{"title":"Tablette Chocolat Noir \u00c9clats de F\u00e8ves de cacao - Bio - Grain de Sail","description":"Tablette de chocolat Noir \u00c9clats de F\u00e8ves de cacao. D\u00e9couvrez notre nouvelle tablette de chocolat intense, sublim\u00e9e par le croquant des \u00e9clats de f\u00e8ves.","robots":{"index":"index","follow":"follow","max-snippet":"max-snippet:-1","max-image-preview":"max-image-preview:large","max-video-preview":"max-video-preview:-1"},"canonical":"https:\/\/graindesail.com\/fr\/produit\/tablette-de-chocolat-noir-eclats-de-feves-de-cacao-100g-bio\/","og_locale":"fr_FR","og_type":"article","og_title":"Tablette Chocolat Noir \u00c9clats de F\u00e8ves de cacao - Bio - Grain de Sail","og_description":"Tablette de chocolat Noir \u00c9clats de F\u00e8ves de cacao. D\u00e9couvrez notre nouvelle tablette de chocolat intense, sublim\u00e9e par le croquant des \u00e9clats de f\u00e8ves.","og_url":"https:\/\/graindesail.com\/fr\/produit\/tablette-de-chocolat-noir-eclats-de-feves-de-cacao-100g-bio\/","og_site_name":"GDS","article_modified_time":"2026-04-30T00:00:41+00:00","og_image":[{"width":420,"height":774,"url":"https:\/\/graindesail.com\/wp-content\/uploads\/2026\/02\/GDS-NOIR-ECLATSDEFEVESCACAO-10ANS-RECTO-BD.png","type":"image\/png"}],"twitter_card":"summary_large_image","twitter_misc":{"Dur\u00e9e de lecture estim\u00e9e":"1 minute"},"schema":{"@context":"https:\/\/schema.org","@graph":[{"@type":"WebPage","@id":"https:\/\/graindesail.com\/fr\/produit\/tablette-de-chocolat-noir-eclats-de-feves-de-cacao-100g-bio\/","url":"https:\/\/graindesail.com\/fr\/produit\/tablette-de-chocolat-noir-eclats-de-feves-de-cacao-100g-bio\/","name":"Tablette Chocolat Noir \u00c9clats de F\u00e8ves de cacao - Bio - Grain de Sail","isPartOf":{"@id":"https:\/\/graindesail.com\/fr\/#website"},"primaryImageOfPage":{"@id":"https:\/\/graindesail.com\/fr\/produit\/tablette-de-chocolat-noir-eclats-de-feves-de-cacao-100g-bio\/#primaryimage"},"image":{"@id":"https:\/\/graindesail.com\/fr\/produit\/tablette-de-chocolat-noir-eclats-de-feves-de-cacao-100g-bio\/#primaryimage"},"thumbnailUrl":"https:\/\/graindesail.com\/wp-content\/uploads\/2026\/02\/GDS-NOIR-ECLATSDEFEVESCACAO-10ANS-RECTO-BD.png","datePublished":"2025-02-16T06:55:27+00:00","dateModified":"2026-04-30T00:00:41+00:00","description":"Tablette de chocolat Noir \u00c9clats de F\u00e8ves de cacao. D\u00e9couvrez notre nouvelle tablette de chocolat intense, sublim\u00e9e par le croquant des \u00e9clats de f\u00e8ves.","breadcrumb":{"@id":"https:\/\/graindesail.com\/fr\/produit\/tablette-de-chocolat-noir-eclats-de-feves-de-cacao-100g-bio\/#breadcrumb"},"inLanguage":"fr-FR","potentialAction":[{"@type":"ReadAction","target":["https:\/\/graindesail.com\/fr\/produit\/tablette-de-chocolat-noir-eclats-de-feves-de-cacao-100g-bio\/"]}]},{"@type":"ImageObject","inLanguage":"fr-FR","@id":"https:\/\/graindesail.com\/fr\/produit\/tablette-de-chocolat-noir-eclats-de-feves-de-cacao-100g-bio\/#primaryimage","url":"https:\/\/graindesail.com\/wp-content\/uploads\/2026\/02\/GDS-NOIR-ECLATSDEFEVESCACAO-10ANS-RECTO-BD.png","contentUrl":"https:\/\/graindesail.com\/wp-content\/uploads\/2026\/02\/GDS-NOIR-ECLATSDEFEVESCACAO-10ANS-RECTO-BD.png","width":420,"height":774,"caption":"Tablette Noir \u00c9clats de F\u00e8ves - Bandeau 10 ans"},{"@type":"BreadcrumbList","@id":"https:\/\/graindesail.com\/fr\/produit\/tablette-de-chocolat-noir-eclats-de-feves-de-cacao-100g-bio\/#breadcrumb","itemListElement":[{"@type":"ListItem","position":1,"name":"Home","item":"https:\/\/graindesail.com\/fr\/"},{"@type":"ListItem","position":2,"name":"Notre boutique en ligne","item":"https:\/\/graindesail.com\/fr\/notre-boutique-en-ligne\/"},{"@type":"ListItem","position":3,"name":"Noir \u00e9clats de f\u00e8ves de cacao"}]},{"@type":"WebSite","@id":"https:\/\/graindesail.com\/fr\/#website","url":"https:\/\/graindesail.com\/fr\/","name":"GDS","description":"","publisher":{"@id":"https:\/\/graindesail.com\/fr\/#organization"},"potentialAction":[{"@type":"SearchAction","target":{"@type":"EntryPoint","urlTemplate":"https:\/\/graindesail.com\/fr\/?s={search_term_string}"},"query-input":{"@type":"PropertyValueSpecification","valueRequired":true,"valueName":"search_term_string"}}],"inLanguage":"fr-FR"},{"@type":"Organization","@id":"https:\/\/graindesail.com\/fr\/#organization","name":"GDS","url":"https:\/\/graindesail.com\/fr\/","logo":{"@type":"ImageObject","inLanguage":"fr-FR","@id":"https:\/\/graindesail.com\/fr\/#\/schema\/logo\/image\/","url":"https:\/\/graindesail.com\/wp-content\/uploads\/2024\/12\/logo.svg","contentUrl":"https:\/\/graindesail.com\/wp-content\/uploads\/2024\/12\/logo.svg","width":82,"height":130,"caption":"GDS"},"image":{"@id":"https:\/\/graindesail.com\/fr\/#\/schema\/logo\/image\/"}}]}},"_links":{"self":[{"href":"https:\/\/graindesail.com\/fr\/wp-json\/wp\/v2\/product\/5674","targetHints":{"allow":["GET"]}}],"collection":[{"href":"https:\/\/graindesail.com\/fr\/wp-json\/wp\/v2\/product"}],"about":[{"href":"https:\/\/graindesail.com\/fr\/wp-json\/wp\/v2\/types\/product"}],"replies":[{"embeddable":true,"href":"https:\/\/graindesail.com\/fr\/wp-json\/wp\/v2\/comments?post=5674"}],"wp:featuredmedia":[{"embeddable":true,"href":"https:\/\/graindesail.com\/fr\/wp-json\/wp\/v2\/media\/23903"}],"wp:attachment":[{"href":"https:\/\/graindesail.com\/fr\/wp-json\/wp\/v2\/media?parent=5674"}],"wp:term":[{"taxonomy":"product_brand","embeddable":true,"href":"https:\/\/graindesail.com\/fr\/wp-json\/wp\/v2\/product_brand?post=5674"},{"taxonomy":"product_cat","embeddable":true,"href":"https:\/\/graindesail.com\/fr\/wp-json\/wp\/v2\/product_cat?post=5674"},{"taxonomy":"product_tag","embeddable":true,"href":"https:\/\/graindesail.com\/fr\/wp-json\/wp\/v2\/product_tag?post=5674"}],"curies":[{"name":"wp","href":"https:\/\/api.w.org\/{rel}","templated":true}]}}