{"id":10809,"date":"2025-05-26T03:29:27","date_gmt":"2025-05-26T03:29:27","guid":{"rendered":"https:\/\/test.graindesail.com\/?post_type=product&#038;p=10809"},"modified":"2026-04-30T00:00:50","modified_gmt":"2026-04-30T00:00:50","slug":"cafe-honduras-ceiba-500g-bio","status":"publish","type":"product","link":"https:\/\/graindesail.com\/fr\/produit\/cafe-honduras-ceiba-500g-bio\/","title":{"rendered":"Caf\u00e9 Honduras Ceiba &#8211; 500G &#8211; BIO &#8211; en Grains"},"content":{"rendered":"<p>D\u00e9couvrez le\u00a0caf\u00e9 Honduras Ceiba, un tr\u00e9sor des montagnes honduriennes, cultiv\u00e9 en altitude entre 1 200 et 1 800 m\u00e8tres. Ce caf\u00e9 d\u2019exception se distingue par ses ar\u00f4mes \u00e9quilibr\u00e9s de chocolat et de fruits rouges, rehauss\u00e9s de notes florales subtiles et d\u2019une acidit\u00e9 douce. Issu de pratiques durables et \u00e9quitables, il soutient les communaut\u00e9s locales tout en pr\u00e9servant l\u2019environnement. Id\u00e9al pour toutes les m\u00e9thodes de pr\u00e9paration, le Honduras Ceiba ravira les amateurs de caf\u00e9 gourmet \u00e0 la recherche d\u2019une exp\u00e9rience authentique. EN GRAINS Poids net : 500g Date de durabilit\u00e9 minimale (DDM) : 1 an Sachet \u00e0 conserver \u00e0 l&#8217;abri de la lumi\u00e8re et de l&#8217;air, au sec. Refermez rapidement votre sachet apr\u00e8s ouverture et consommez-le dans un d\u00e9lai court afin de d&#8217;en pr\u00e9server toutes ses qualit\u00e9s.<\/p>\n<p>Produit issu de l&#8217;Agriculture Biologique FR-BIO 13<\/p>\n<p>Pensez au tri, la plan\u00e8te vous remercie !<\/p>\n","protected":false},"excerpt":{"rendered":"<p>Caf\u00e9 du Honduras \u2013 Ceiba \u2013 La Paz<\/p>\n","protected":false},"featured_media":27224,"comment_status":"open","ping_status":"closed","template":"","meta":{"_acf_changed":false},"product_brand":[],"product_cat":[590],"product_tag":[],"class_list":{"0":"post-10809","1":"product","2":"type-product","3":"status-publish","4":"has-post-thumbnail","6":"product_cat-cafes-en-grains","8":"first","9":"instock","10":"taxable","11":"shipping-taxable","12":"purchasable","13":"product-type-simple"},"acf":[],"yoast_head":"<!-- This site is optimized with the Yoast SEO plugin v25.5 - https:\/\/yoast.com\/wordpress\/plugins\/seo\/ -->\n<title>Caf\u00e9 en Grains - Honduras - 500G - BIO<\/title>\n<meta name=\"description\" content=\"Caf\u00e9 de sp\u00e9cialit\u00e9 en grains. Origine Honduras, r\u00e9gion du Marcala. Caf\u00e9 bio, torr\u00e9fi\u00e9 en Bretagne par Grain de Sail.\" \/>\n<meta name=\"robots\" content=\"index, follow, max-snippet:-1, max-image-preview:large, max-video-preview:-1\" \/>\n<link rel=\"canonical\" href=\"https:\/\/graindesail.com\/fr\/produit\/cafe-honduras-ceiba-500g-bio\/\" \/>\n<meta property=\"og:locale\" content=\"fr_FR\" \/>\n<meta property=\"og:type\" content=\"article\" \/>\n<meta property=\"og:title\" content=\"Caf\u00e9 en Grains - Honduras - 500G - BIO\" \/>\n<meta property=\"og:description\" content=\"Caf\u00e9 de sp\u00e9cialit\u00e9 en grains. Origine Honduras, r\u00e9gion du Marcala. Caf\u00e9 bio, torr\u00e9fi\u00e9 en Bretagne par Grain de Sail.\" \/>\n<meta property=\"og:url\" content=\"https:\/\/graindesail.com\/fr\/produit\/cafe-honduras-ceiba-500g-bio\/\" \/>\n<meta property=\"og:site_name\" content=\"GDS\" \/>\n<meta property=\"article:modified_time\" content=\"2026-04-30T00:00:50+00:00\" \/>\n<meta property=\"og:image\" content=\"https:\/\/graindesail.com\/wp-content\/uploads\/2025\/05\/Visuel-Honduras-Ceiba-500G.jpg\" \/>\n\t<meta property=\"og:image:width\" content=\"1749\" \/>\n\t<meta property=\"og:image:height\" content=\"1749\" \/>\n\t<meta property=\"og:image:type\" content=\"image\/jpeg\" \/>\n<meta name=\"twitter:card\" content=\"summary_large_image\" \/>\n<meta name=\"twitter:label1\" content=\"Dur\u00e9e de lecture estim\u00e9e\" \/>\n\t<meta name=\"twitter:data1\" content=\"1 minute\" \/>\n<script type=\"application\/ld+json\" class=\"yoast-schema-graph\">{\"@context\":\"https:\/\/schema.org\",\"@graph\":[{\"@type\":\"WebPage\",\"@id\":\"https:\/\/graindesail.com\/fr\/produit\/cafe-honduras-ceiba-500g-bio\/\",\"url\":\"https:\/\/graindesail.com\/fr\/produit\/cafe-honduras-ceiba-500g-bio\/\",\"name\":\"Caf\u00e9 en Grains - Honduras - 500G - BIO\",\"isPartOf\":{\"@id\":\"https:\/\/graindesail.com\/fr\/#website\"},\"primaryImageOfPage\":{\"@id\":\"https:\/\/graindesail.com\/fr\/produit\/cafe-honduras-ceiba-500g-bio\/#primaryimage\"},\"image\":{\"@id\":\"https:\/\/graindesail.com\/fr\/produit\/cafe-honduras-ceiba-500g-bio\/#primaryimage\"},\"thumbnailUrl\":\"https:\/\/graindesail.com\/wp-content\/uploads\/2025\/05\/Visuel-Honduras-Ceiba-500G.jpg\",\"datePublished\":\"2025-05-26T03:29:27+00:00\",\"dateModified\":\"2026-04-30T00:00:50+00:00\",\"description\":\"Caf\u00e9 de sp\u00e9cialit\u00e9 en grains. Origine Honduras, r\u00e9gion du Marcala. Caf\u00e9 bio, torr\u00e9fi\u00e9 en Bretagne par Grain de Sail.\",\"breadcrumb\":{\"@id\":\"https:\/\/graindesail.com\/fr\/produit\/cafe-honduras-ceiba-500g-bio\/#breadcrumb\"},\"inLanguage\":\"fr-FR\",\"potentialAction\":[{\"@type\":\"ReadAction\",\"target\":[\"https:\/\/graindesail.com\/fr\/produit\/cafe-honduras-ceiba-500g-bio\/\"]}]},{\"@type\":\"ImageObject\",\"inLanguage\":\"fr-FR\",\"@id\":\"https:\/\/graindesail.com\/fr\/produit\/cafe-honduras-ceiba-500g-bio\/#primaryimage\",\"url\":\"https:\/\/graindesail.com\/wp-content\/uploads\/2025\/05\/Visuel-Honduras-Ceiba-500G.jpg\",\"contentUrl\":\"https:\/\/graindesail.com\/wp-content\/uploads\/2025\/05\/Visuel-Honduras-Ceiba-500G.jpg\",\"width\":1749,\"height\":1749,\"caption\":\"Sachet de caf\u00e9 Honduras Ceiba 500G\"},{\"@type\":\"BreadcrumbList\",\"@id\":\"https:\/\/graindesail.com\/fr\/produit\/cafe-honduras-ceiba-500g-bio\/#breadcrumb\",\"itemListElement\":[{\"@type\":\"ListItem\",\"position\":1,\"name\":\"Home\",\"item\":\"https:\/\/graindesail.com\/fr\/\"},{\"@type\":\"ListItem\",\"position\":2,\"name\":\"Notre boutique en ligne\",\"item\":\"https:\/\/graindesail.com\/fr\/notre-boutique-en-ligne\/\"},{\"@type\":\"ListItem\",\"position\":3,\"name\":\"Caf\u00e9 Honduras Ceiba &#8211; 500G &#8211; BIO &#8211; en Grains\"}]},{\"@type\":\"WebSite\",\"@id\":\"https:\/\/graindesail.com\/fr\/#website\",\"url\":\"https:\/\/graindesail.com\/fr\/\",\"name\":\"GDS\",\"description\":\"\",\"publisher\":{\"@id\":\"https:\/\/graindesail.com\/fr\/#organization\"},\"potentialAction\":[{\"@type\":\"SearchAction\",\"target\":{\"@type\":\"EntryPoint\",\"urlTemplate\":\"https:\/\/graindesail.com\/fr\/?s={search_term_string}\"},\"query-input\":{\"@type\":\"PropertyValueSpecification\",\"valueRequired\":true,\"valueName\":\"search_term_string\"}}],\"inLanguage\":\"fr-FR\"},{\"@type\":\"Organization\",\"@id\":\"https:\/\/graindesail.com\/fr\/#organization\",\"name\":\"GDS\",\"url\":\"https:\/\/graindesail.com\/fr\/\",\"logo\":{\"@type\":\"ImageObject\",\"inLanguage\":\"fr-FR\",\"@id\":\"https:\/\/graindesail.com\/fr\/#\/schema\/logo\/image\/\",\"url\":\"https:\/\/graindesail.com\/wp-content\/uploads\/2024\/12\/logo.svg\",\"contentUrl\":\"https:\/\/graindesail.com\/wp-content\/uploads\/2024\/12\/logo.svg\",\"width\":82,\"height\":130,\"caption\":\"GDS\"},\"image\":{\"@id\":\"https:\/\/graindesail.com\/fr\/#\/schema\/logo\/image\/\"}}]}<\/script>\n<!-- \/ Yoast SEO plugin. -->","yoast_head_json":{"title":"Caf\u00e9 en Grains - Honduras - 500G - BIO","description":"Caf\u00e9 de sp\u00e9cialit\u00e9 en grains. Origine Honduras, r\u00e9gion du Marcala. Caf\u00e9 bio, torr\u00e9fi\u00e9 en Bretagne par Grain de Sail.","robots":{"index":"index","follow":"follow","max-snippet":"max-snippet:-1","max-image-preview":"max-image-preview:large","max-video-preview":"max-video-preview:-1"},"canonical":"https:\/\/graindesail.com\/fr\/produit\/cafe-honduras-ceiba-500g-bio\/","og_locale":"fr_FR","og_type":"article","og_title":"Caf\u00e9 en Grains - Honduras - 500G - BIO","og_description":"Caf\u00e9 de sp\u00e9cialit\u00e9 en grains. Origine Honduras, r\u00e9gion du Marcala. Caf\u00e9 bio, torr\u00e9fi\u00e9 en Bretagne par Grain de Sail.","og_url":"https:\/\/graindesail.com\/fr\/produit\/cafe-honduras-ceiba-500g-bio\/","og_site_name":"GDS","article_modified_time":"2026-04-30T00:00:50+00:00","og_image":[{"width":1749,"height":1749,"url":"https:\/\/graindesail.com\/wp-content\/uploads\/2025\/05\/Visuel-Honduras-Ceiba-500G.jpg","type":"image\/jpeg"}],"twitter_card":"summary_large_image","twitter_misc":{"Dur\u00e9e de lecture estim\u00e9e":"1 minute"},"schema":{"@context":"https:\/\/schema.org","@graph":[{"@type":"WebPage","@id":"https:\/\/graindesail.com\/fr\/produit\/cafe-honduras-ceiba-500g-bio\/","url":"https:\/\/graindesail.com\/fr\/produit\/cafe-honduras-ceiba-500g-bio\/","name":"Caf\u00e9 en Grains - Honduras - 500G - BIO","isPartOf":{"@id":"https:\/\/graindesail.com\/fr\/#website"},"primaryImageOfPage":{"@id":"https:\/\/graindesail.com\/fr\/produit\/cafe-honduras-ceiba-500g-bio\/#primaryimage"},"image":{"@id":"https:\/\/graindesail.com\/fr\/produit\/cafe-honduras-ceiba-500g-bio\/#primaryimage"},"thumbnailUrl":"https:\/\/graindesail.com\/wp-content\/uploads\/2025\/05\/Visuel-Honduras-Ceiba-500G.jpg","datePublished":"2025-05-26T03:29:27+00:00","dateModified":"2026-04-30T00:00:50+00:00","description":"Caf\u00e9 de sp\u00e9cialit\u00e9 en grains. Origine Honduras, r\u00e9gion du Marcala. Caf\u00e9 bio, torr\u00e9fi\u00e9 en Bretagne par Grain de Sail.","breadcrumb":{"@id":"https:\/\/graindesail.com\/fr\/produit\/cafe-honduras-ceiba-500g-bio\/#breadcrumb"},"inLanguage":"fr-FR","potentialAction":[{"@type":"ReadAction","target":["https:\/\/graindesail.com\/fr\/produit\/cafe-honduras-ceiba-500g-bio\/"]}]},{"@type":"ImageObject","inLanguage":"fr-FR","@id":"https:\/\/graindesail.com\/fr\/produit\/cafe-honduras-ceiba-500g-bio\/#primaryimage","url":"https:\/\/graindesail.com\/wp-content\/uploads\/2025\/05\/Visuel-Honduras-Ceiba-500G.jpg","contentUrl":"https:\/\/graindesail.com\/wp-content\/uploads\/2025\/05\/Visuel-Honduras-Ceiba-500G.jpg","width":1749,"height":1749,"caption":"Sachet de caf\u00e9 Honduras Ceiba 500G"},{"@type":"BreadcrumbList","@id":"https:\/\/graindesail.com\/fr\/produit\/cafe-honduras-ceiba-500g-bio\/#breadcrumb","itemListElement":[{"@type":"ListItem","position":1,"name":"Home","item":"https:\/\/graindesail.com\/fr\/"},{"@type":"ListItem","position":2,"name":"Notre boutique en ligne","item":"https:\/\/graindesail.com\/fr\/notre-boutique-en-ligne\/"},{"@type":"ListItem","position":3,"name":"Caf\u00e9 Honduras Ceiba &#8211; 500G &#8211; BIO &#8211; en Grains"}]},{"@type":"WebSite","@id":"https:\/\/graindesail.com\/fr\/#website","url":"https:\/\/graindesail.com\/fr\/","name":"GDS","description":"","publisher":{"@id":"https:\/\/graindesail.com\/fr\/#organization"},"potentialAction":[{"@type":"SearchAction","target":{"@type":"EntryPoint","urlTemplate":"https:\/\/graindesail.com\/fr\/?s={search_term_string}"},"query-input":{"@type":"PropertyValueSpecification","valueRequired":true,"valueName":"search_term_string"}}],"inLanguage":"fr-FR"},{"@type":"Organization","@id":"https:\/\/graindesail.com\/fr\/#organization","name":"GDS","url":"https:\/\/graindesail.com\/fr\/","logo":{"@type":"ImageObject","inLanguage":"fr-FR","@id":"https:\/\/graindesail.com\/fr\/#\/schema\/logo\/image\/","url":"https:\/\/graindesail.com\/wp-content\/uploads\/2024\/12\/logo.svg","contentUrl":"https:\/\/graindesail.com\/wp-content\/uploads\/2024\/12\/logo.svg","width":82,"height":130,"caption":"GDS"},"image":{"@id":"https:\/\/graindesail.com\/fr\/#\/schema\/logo\/image\/"}}]}},"_links":{"self":[{"href":"https:\/\/graindesail.com\/fr\/wp-json\/wp\/v2\/product\/10809","targetHints":{"allow":["GET"]}}],"collection":[{"href":"https:\/\/graindesail.com\/fr\/wp-json\/wp\/v2\/product"}],"about":[{"href":"https:\/\/graindesail.com\/fr\/wp-json\/wp\/v2\/types\/product"}],"replies":[{"embeddable":true,"href":"https:\/\/graindesail.com\/fr\/wp-json\/wp\/v2\/comments?post=10809"}],"wp:featuredmedia":[{"embeddable":true,"href":"https:\/\/graindesail.com\/fr\/wp-json\/wp\/v2\/media\/27224"}],"wp:attachment":[{"href":"https:\/\/graindesail.com\/fr\/wp-json\/wp\/v2\/media?parent=10809"}],"wp:term":[{"taxonomy":"product_brand","embeddable":true,"href":"https:\/\/graindesail.com\/fr\/wp-json\/wp\/v2\/product_brand?post=10809"},{"taxonomy":"product_cat","embeddable":true,"href":"https:\/\/graindesail.com\/fr\/wp-json\/wp\/v2\/product_cat?post=10809"},{"taxonomy":"product_tag","embeddable":true,"href":"https:\/\/graindesail.com\/fr\/wp-json\/wp\/v2\/product_tag?post=10809"}],"curies":[{"name":"wp","href":"https:\/\/api.w.org\/{rel}","templated":true}]}}