{"id":159,"date":"2024-12-02T22:29:57","date_gmt":"2024-12-02T22:29:57","guid":{"rendered":"https:\/\/test.graindesail.com\/?page_id=159"},"modified":"2026-02-03T10:47:28","modified_gmt":"2026-02-03T10:47:28","slug":"foire-aux-questions","status":"publish","type":"page","link":"https:\/\/graindesail.com\/fr\/foire-aux-questions\/","title":{"rendered":"Foire Aux Questions"},"content":{"rendered":"\t\t<div data-elementor-type=\"wp-page\" data-elementor-id=\"159\" class=\"elementor elementor-159\" data-elementor-post-type=\"page\">\n\t\t\t\t\t\t<section class=\"elementor-section elementor-top-section elementor-element elementor-element-b68343f elementor-section-boxed elementor-section-height-default elementor-section-height-default\" data-id=\"b68343f\" data-element_type=\"section\" data-e-type=\"section\" data-settings=\"{&quot;background_background&quot;:&quot;classic&quot;}\">\n\t\t\t\t\t\t<div class=\"elementor-container elementor-column-gap-default\">\n\t\t\t\t\t<div class=\"elementor-column elementor-col-100 elementor-top-column elementor-element elementor-element-fa91347\" data-id=\"fa91347\" data-element_type=\"column\" data-e-type=\"column\" data-settings=\"{&quot;background_background&quot;:&quot;classic&quot;}\">\n\t\t\t<div class=\"elementor-widget-wrap elementor-element-populated\">\n\t\t\t\t\t\t<div class=\"elementor-section elementor-inner-section elementor-element elementor-element-bd7ea7e elementor-section-full_width elementor-section-height-default elementor-section-height-default\" data-id=\"bd7ea7e\" data-element_type=\"section\" data-e-type=\"section\">\n\t\t\t\t\t\t<div class=\"elementor-container elementor-column-gap-default\">\n\t\t\t\t\t<div class=\"elementor-column elementor-col-100 elementor-inner-column elementor-element elementor-element-9189e3a\" data-id=\"9189e3a\" data-element_type=\"column\" data-e-type=\"column\">\n\t\t\t<div class=\"elementor-widget-wrap elementor-element-populated\">\n\t\t\t\t\t\t<div class=\"elementor-element elementor-element-3f91d63 elementor-widget elementor-widget-woocommerce-breadcrumb\" data-id=\"3f91d63\" data-element_type=\"widget\" data-e-type=\"widget\" data-widget_type=\"woocommerce-breadcrumb.default\">\n\t\t\t\t<div class=\"elementor-widget-container\">\n\t\t\t\t\t<nav class=\"woocommerce-breadcrumb\" aria-label=\"Breadcrumb\">Accueil<\/nav>\t\t\t\t<\/div>\n\t\t\t\t<\/div>\n\t\t\t\t\t<\/div>\n\t\t<\/div>\n\t\t\t\t\t<\/div>\n\t\t<\/div>\n\t\t\t\t<section class=\"elementor-section elementor-inner-section elementor-element elementor-element-295793d elementor-section-full_width elementor-section-height-default elementor-section-height-default\" data-id=\"295793d\" data-element_type=\"section\" data-e-type=\"section\">\n\t\t\t\t\t\t<div class=\"elementor-container elementor-column-gap-default\">\n\t\t\t\t\t<div class=\"elementor-column elementor-col-100 elementor-inner-column elementor-element elementor-element-2489f86\" data-id=\"2489f86\" data-element_type=\"column\" data-e-type=\"column\">\n\t\t\t<div class=\"elementor-widget-wrap elementor-element-populated\">\n\t\t\t\t\t\t<div class=\"elementor-element elementor-element-6e98987 elementor-widget elementor-widget-heading\" data-id=\"6e98987\" data-element_type=\"widget\" data-e-type=\"widget\" data-widget_type=\"heading.default\">\n\t\t\t\t<div class=\"elementor-widget-container\">\n\t\t\t\t\t<h2 class=\"elementor-heading-title elementor-size-default\">Visites<\/h2>\t\t\t\t<\/div>\n\t\t\t\t<\/div>\n\t\t\t\t<div class=\"elementor-element elementor-element-d491e30 elementor-widget__width-initial elementor-widget elementor-widget-accordion\" data-id=\"d491e30\" data-element_type=\"widget\" data-e-type=\"widget\" data-widget_type=\"accordion.default\">\n\t\t\t\t<div class=\"elementor-widget-container\">\n\t\t\t\t\t\t\t<div class=\"elementor-accordion\">\n\t\t\t\t\t\t\t<div class=\"elementor-accordion-item\">\n\t\t\t\t\t<div id=\"elementor-tab-title-2221\" class=\"elementor-tab-title\" data-tab=\"1\" role=\"button\" aria-controls=\"elementor-tab-content-2221\" aria-expanded=\"false\">\n\t\t\t\t\t\t\t\t\t\t\t\t\t<span class=\"elementor-accordion-icon elementor-accordion-icon-left\" aria-hidden=\"true\">\n\t\t\t\t\t\t\t\t\t\t\t\t\t\t\t<span class=\"elementor-accordion-icon-closed\"><svg class=\"e-font-icon-svg e-fas-plus\" viewBox=\"0 0 448 512\" xmlns=\"http:\/\/www.w3.org\/2000\/svg\"><path d=\"M416 208H272V64c0-17.67-14.33-32-32-32h-32c-17.67 0-32 14.33-32 32v144H32c-17.67 0-32 14.33-32 32v32c0 17.67 14.33 32 32 32h144v144c0 17.67 14.33 32 32 32h32c17.67 0 32-14.33 32-32V304h144c17.67 0 32-14.33 32-32v-32c0-17.67-14.33-32-32-32z\"><\/path><\/svg><\/span>\n\t\t\t\t\t\t\t\t<span class=\"elementor-accordion-icon-opened\"><svg class=\"e-font-icon-svg e-fas-minus\" viewBox=\"0 0 448 512\" xmlns=\"http:\/\/www.w3.org\/2000\/svg\"><path d=\"M416 208H32c-17.67 0-32 14.33-32 32v32c0 17.67 14.33 32 32 32h384c17.67 0 32-14.33 32-32v-32c0-17.67-14.33-32-32-32z\"><\/path><\/svg><\/span>\n\t\t\t\t\t\t\t\t\t\t\t\t\t\t<\/span>\n\t\t\t\t\t\t\t\t\t\t\t\t<a class=\"elementor-accordion-title\" tabindex=\"0\">Peut-on visiter votre chocolaterie ?<\/a>\n\t\t\t\t\t<\/div>\n\t\t\t\t\t<div id=\"elementor-tab-content-2221\" class=\"elementor-tab-content elementor-clearfix\" data-tab=\"1\" role=\"region\" aria-labelledby=\"elementor-tab-title-2221\"><p>Venez visiter <a href=\"https:\/\/graindesail.com\/la-nouvelle-chocolaterie\/\">notre toute nouvelle chocolaterie<\/a> \u00e0 Morlaix, 7 rue du Cosquer, rond-point de la Vierge Noire. <strong>Une galerie<\/strong> est ouverte au public (gratuit pour les enfants de -8 ans et 3\u20ac pour les adultes). Vous y d\u00e9couvrirez l&#8217;histoire du chocolat, des t\u00e9moignages de nos \u00e9quipes et nos producteurs de cacao avec des vues sur l&#8217;atelier de production. Un v\u00e9ritable lieu de curiosit\u00e9s et de partage !<\/p>\n<p>Pour les plus grands amateurs de chocolat, participez \u00e0 <strong>notre Labo<\/strong> qui vous permet de personnaliser vos propres tablettes. Activit\u00e9 accessible uniquement aux enfants \u00e2g\u00e9s de 5 ans minimum. Visite + labo 7.50 \u20ac pour les enfants \u00e2g\u00e9s de 5 \u00e0 7 ans et 12 \u20ac \u00e0 partir de 8 ans, et pour les adultes, dur\u00e9e 1h00 minimum.<\/p>\n<p><span class=\"tab_btn\"><a href=\"https:\/\/graindesail.com\/galerie-de-visite-labo-tablettes-morlaix\/\">Information et r\u00e9servation en ligne<\/a><\/span><\/p><\/div>\n\t\t\t\t<\/div>\n\t\t\t\t\t\t\t<div class=\"elementor-accordion-item\">\n\t\t\t\t\t<div id=\"elementor-tab-title-2222\" class=\"elementor-tab-title\" data-tab=\"2\" role=\"button\" aria-controls=\"elementor-tab-content-2222\" aria-expanded=\"false\">\n\t\t\t\t\t\t\t\t\t\t\t\t\t<span class=\"elementor-accordion-icon elementor-accordion-icon-left\" aria-hidden=\"true\">\n\t\t\t\t\t\t\t\t\t\t\t\t\t\t\t<span class=\"elementor-accordion-icon-closed\"><svg class=\"e-font-icon-svg e-fas-plus\" viewBox=\"0 0 448 512\" xmlns=\"http:\/\/www.w3.org\/2000\/svg\"><path d=\"M416 208H272V64c0-17.67-14.33-32-32-32h-32c-17.67 0-32 14.33-32 32v144H32c-17.67 0-32 14.33-32 32v32c0 17.67 14.33 32 32 32h144v144c0 17.67 14.33 32 32 32h32c17.67 0 32-14.33 32-32V304h144c17.67 0 32-14.33 32-32v-32c0-17.67-14.33-32-32-32z\"><\/path><\/svg><\/span>\n\t\t\t\t\t\t\t\t<span class=\"elementor-accordion-icon-opened\"><svg class=\"e-font-icon-svg e-fas-minus\" viewBox=\"0 0 448 512\" xmlns=\"http:\/\/www.w3.org\/2000\/svg\"><path d=\"M416 208H32c-17.67 0-32 14.33-32 32v32c0 17.67 14.33 32 32 32h384c17.67 0 32-14.33 32-32v-32c0-17.67-14.33-32-32-32z\"><\/path><\/svg><\/span>\n\t\t\t\t\t\t\t\t\t\t\t\t\t\t<\/span>\n\t\t\t\t\t\t\t\t\t\t\t\t<a class=\"elementor-accordion-title\" tabindex=\"0\">Peut-on visiter votre torr\u00e9faction ?<\/a>\n\t\t\t\t\t<\/div>\n\t\t\t\t\t<div id=\"elementor-tab-content-2222\" class=\"elementor-tab-content elementor-clearfix\" data-tab=\"2\" role=\"region\" aria-labelledby=\"elementor-tab-title-2222\"><p>N\u2019h\u00e9sitez pas \u00e0 nous rendre visite \u00e0 la boutique torr\u00e9faction de Morlaix, au 4 route du bas de la rivi\u00e8re, au niveau de l\u2019\u00e9cluse qui s\u2019ouvre vers la Manche et l\u2019Atlantique. Charlotte et Val\u00e9rie vous accueilleront et vous expliqueront les subtilit\u00e9s de nos caf\u00e9s.<\/p><\/div>\n\t\t\t\t<\/div>\n\t\t\t\t\t\t\t<div class=\"elementor-accordion-item\">\n\t\t\t\t\t<div id=\"elementor-tab-title-2223\" class=\"elementor-tab-title\" data-tab=\"3\" role=\"button\" aria-controls=\"elementor-tab-content-2223\" aria-expanded=\"false\">\n\t\t\t\t\t\t\t\t\t\t\t\t\t<span class=\"elementor-accordion-icon elementor-accordion-icon-left\" aria-hidden=\"true\">\n\t\t\t\t\t\t\t\t\t\t\t\t\t\t\t<span class=\"elementor-accordion-icon-closed\"><svg class=\"e-font-icon-svg e-fas-plus\" viewBox=\"0 0 448 512\" xmlns=\"http:\/\/www.w3.org\/2000\/svg\"><path d=\"M416 208H272V64c0-17.67-14.33-32-32-32h-32c-17.67 0-32 14.33-32 32v144H32c-17.67 0-32 14.33-32 32v32c0 17.67 14.33 32 32 32h144v144c0 17.67 14.33 32 32 32h32c17.67 0 32-14.33 32-32V304h144c17.67 0 32-14.33 32-32v-32c0-17.67-14.33-32-32-32z\"><\/path><\/svg><\/span>\n\t\t\t\t\t\t\t\t<span class=\"elementor-accordion-icon-opened\"><svg class=\"e-font-icon-svg e-fas-minus\" viewBox=\"0 0 448 512\" xmlns=\"http:\/\/www.w3.org\/2000\/svg\"><path d=\"M416 208H32c-17.67 0-32 14.33-32 32v32c0 17.67 14.33 32 32 32h384c17.67 0 32-14.33 32-32v-32c0-17.67-14.33-32-32-32z\"><\/path><\/svg><\/span>\n\t\t\t\t\t\t\t\t\t\t\t\t\t\t<\/span>\n\t\t\t\t\t\t\t\t\t\t\t\t<a class=\"elementor-accordion-title\" tabindex=\"0\">Peut-on visiter votre voilier cargo Grain de Sail I ?<\/a>\n\t\t\t\t\t<\/div>\n\t\t\t\t\t<div id=\"elementor-tab-content-2223\" class=\"elementor-tab-content elementor-clearfix\" data-tab=\"3\" role=\"region\" aria-labelledby=\"elementor-tab-title-2223\"><p><a href=\"https:\/\/graindesail.com\/voilier-cargo-grain-de-sail-i\/\">Notre navire<\/a> Grain de Sail I sera \u00e0 quai quelques mois par an \u00e0 Saint-Malo, son port d\u2019attache, et parfois dans d\u2019autres ports. Des visites de ce bateau unique au monde seront parfois possibles, retra\u00e7ant tout le projet et les \u00e9tapes de sa construction.<\/p><\/div>\n\t\t\t\t<\/div>\n\t\t\t\t\t\t\t<div class=\"elementor-accordion-item\">\n\t\t\t\t\t<div id=\"elementor-tab-title-2224\" class=\"elementor-tab-title\" data-tab=\"4\" role=\"button\" aria-controls=\"elementor-tab-content-2224\" aria-expanded=\"false\">\n\t\t\t\t\t\t\t\t\t\t\t\t\t<span class=\"elementor-accordion-icon elementor-accordion-icon-left\" aria-hidden=\"true\">\n\t\t\t\t\t\t\t\t\t\t\t\t\t\t\t<span class=\"elementor-accordion-icon-closed\"><svg class=\"e-font-icon-svg e-fas-plus\" viewBox=\"0 0 448 512\" xmlns=\"http:\/\/www.w3.org\/2000\/svg\"><path d=\"M416 208H272V64c0-17.67-14.33-32-32-32h-32c-17.67 0-32 14.33-32 32v144H32c-17.67 0-32 14.33-32 32v32c0 17.67 14.33 32 32 32h144v144c0 17.67 14.33 32 32 32h32c17.67 0 32-14.33 32-32V304h144c17.67 0 32-14.33 32-32v-32c0-17.67-14.33-32-32-32z\"><\/path><\/svg><\/span>\n\t\t\t\t\t\t\t\t<span class=\"elementor-accordion-icon-opened\"><svg class=\"e-font-icon-svg e-fas-minus\" viewBox=\"0 0 448 512\" xmlns=\"http:\/\/www.w3.org\/2000\/svg\"><path d=\"M416 208H32c-17.67 0-32 14.33-32 32v32c0 17.67 14.33 32 32 32h384c17.67 0 32-14.33 32-32v-32c0-17.67-14.33-32-32-32z\"><\/path><\/svg><\/span>\n\t\t\t\t\t\t\t\t\t\t\t\t\t\t<\/span>\n\t\t\t\t\t\t\t\t\t\t\t\t<a class=\"elementor-accordion-title\" tabindex=\"0\">Peut-on visiter votre voilier cargo Grain de Sail II ?<\/a>\n\t\t\t\t\t<\/div>\n\t\t\t\t\t<div id=\"elementor-tab-content-2224\" class=\"elementor-tab-content elementor-clearfix\" data-tab=\"4\" role=\"region\" aria-labelledby=\"elementor-tab-title-2224\"><p>Le <a href=\"https:\/\/graindesail.com\/voilier-cargo-grain-de-sail-2\/\">second voilier<\/a> cargo de notre flotte a \u00e9t\u00e9 baptis\u00e9 le 11 janvier 2024 puis a d\u00e9but\u00e9 ses travers\u00e9es le 15 mars 2024. Plus grand (52 m) et plus haut (mats de 44 et 48 m) que son &#8220;petit&#8221; Grand fr\u00e8re, GDS II pourra accueillir un membre d&#8217;\u00e9quipage suppl\u00e9mentaire durant certains voyages transatlantiques. Les crit\u00e8res seront tr\u00e8s sp\u00e9cifiques et une analyse des besoins communs sera men\u00e9e par Grain de Sail. A ce jour, le voilier cargo GDS II n&#8217;est pas visitable et n&#8217;est pas d\u00e9di\u00e9 au transport de passagers, <a href=\"https:\/\/graindesail-logistics.com\/\">uniquement du transport de marchandises<\/a>.<\/p><\/div>\n\t\t\t\t<\/div>\n\t\t\t\t\t\t\t\t<\/div>\n\t\t\t\t\t\t<\/div>\n\t\t\t\t<\/div>\n\t\t\t\t\t<\/div>\n\t\t<\/div>\n\t\t\t\t\t<\/div>\n\t\t<\/section>\n\t\t\t\t<section class=\"elementor-section elementor-inner-section elementor-element elementor-element-39a6a4d elementor-section-full_width elementor-section-height-default elementor-section-height-default\" data-id=\"39a6a4d\" data-element_type=\"section\" data-e-type=\"section\">\n\t\t\t\t\t\t<div class=\"elementor-container elementor-column-gap-default\">\n\t\t\t\t\t<div class=\"elementor-column elementor-col-100 elementor-inner-column elementor-element elementor-element-dfcf683\" data-id=\"dfcf683\" data-element_type=\"column\" data-e-type=\"column\">\n\t\t\t<div class=\"elementor-widget-wrap elementor-element-populated\">\n\t\t\t\t\t\t<div class=\"elementor-element elementor-element-309c46f elementor-widget elementor-widget-heading\" data-id=\"309c46f\" data-element_type=\"widget\" data-e-type=\"widget\" data-widget_type=\"heading.default\">\n\t\t\t\t<div class=\"elementor-widget-container\">\n\t\t\t\t\t<h2 class=\"elementor-heading-title elementor-size-default\">Notre flotte de voiliers cargos\n<\/h2>\t\t\t\t<\/div>\n\t\t\t\t<\/div>\n\t\t\t\t<div class=\"elementor-element elementor-element-7626cd3 elementor-widget__width-initial elementor-widget elementor-widget-accordion\" data-id=\"7626cd3\" data-element_type=\"widget\" data-e-type=\"widget\" data-widget_type=\"accordion.default\">\n\t\t\t\t<div class=\"elementor-widget-container\">\n\t\t\t\t\t\t\t<div class=\"elementor-accordion\">\n\t\t\t\t\t\t\t<div class=\"elementor-accordion-item\">\n\t\t\t\t\t<div id=\"elementor-tab-title-1231\" class=\"elementor-tab-title\" data-tab=\"1\" role=\"button\" aria-controls=\"elementor-tab-content-1231\" aria-expanded=\"false\">\n\t\t\t\t\t\t\t\t\t\t\t\t\t<span class=\"elementor-accordion-icon elementor-accordion-icon-left\" aria-hidden=\"true\">\n\t\t\t\t\t\t\t\t\t\t\t\t\t\t\t<span class=\"elementor-accordion-icon-closed\"><svg class=\"e-font-icon-svg e-fas-plus\" viewBox=\"0 0 448 512\" xmlns=\"http:\/\/www.w3.org\/2000\/svg\"><path d=\"M416 208H272V64c0-17.67-14.33-32-32-32h-32c-17.67 0-32 14.33-32 32v144H32c-17.67 0-32 14.33-32 32v32c0 17.67 14.33 32 32 32h144v144c0 17.67 14.33 32 32 32h32c17.67 0 32-14.33 32-32V304h144c17.67 0 32-14.33 32-32v-32c0-17.67-14.33-32-32-32z\"><\/path><\/svg><\/span>\n\t\t\t\t\t\t\t\t<span class=\"elementor-accordion-icon-opened\"><svg class=\"e-font-icon-svg e-fas-minus\" viewBox=\"0 0 448 512\" xmlns=\"http:\/\/www.w3.org\/2000\/svg\"><path d=\"M416 208H32c-17.67 0-32 14.33-32 32v32c0 17.67 14.33 32 32 32h384c17.67 0 32-14.33 32-32v-32c0-17.67-14.33-32-32-32z\"><\/path><\/svg><\/span>\n\t\t\t\t\t\t\t\t\t\t\t\t\t\t<\/span>\n\t\t\t\t\t\t\t\t\t\t\t\t<a class=\"elementor-accordion-title\" tabindex=\"0\">Peut-on effectuer un voyage \u00e0 bord de nos voiliers ?<\/a>\n\t\t\t\t\t<\/div>\n\t\t\t\t\t<div id=\"elementor-tab-content-1231\" class=\"elementor-tab-content elementor-clearfix\" data-tab=\"1\" role=\"region\" aria-labelledby=\"elementor-tab-title-1231\"><p><a href=\"https:\/\/graindesail.com\/voilier-cargo-grain-de-sail-i\/\">Notre voilier cargo Grain de Sail I<\/a> a \u00e9t\u00e9 con\u00e7u pour accueillir au maximum 4 marins \u00e0 bord. <a href=\"https:\/\/graindesail.com\/voilier-cargo-grain-de-sail-2\/\">Notre voilier cargo Grain de Sail II<\/a> quant \u00e0 lui, peut accueillir 9 membres d&#8217;\u00e9quipage. Ce sont avant tout des navires de transport de marchandises, norm\u00e9s &#8220;Marine Marchande&#8221;. Nous ne sommes donc pas en mesure d\u2019accueillir des passagers suppl\u00e9mentaires pour nos travers\u00e9es.<\/p><\/div>\n\t\t\t\t<\/div>\n\t\t\t\t\t\t\t<div class=\"elementor-accordion-item\">\n\t\t\t\t\t<div id=\"elementor-tab-title-1232\" class=\"elementor-tab-title\" data-tab=\"2\" role=\"button\" aria-controls=\"elementor-tab-content-1232\" aria-expanded=\"false\">\n\t\t\t\t\t\t\t\t\t\t\t\t\t<span class=\"elementor-accordion-icon elementor-accordion-icon-left\" aria-hidden=\"true\">\n\t\t\t\t\t\t\t\t\t\t\t\t\t\t\t<span class=\"elementor-accordion-icon-closed\"><svg class=\"e-font-icon-svg e-fas-plus\" viewBox=\"0 0 448 512\" xmlns=\"http:\/\/www.w3.org\/2000\/svg\"><path d=\"M416 208H272V64c0-17.67-14.33-32-32-32h-32c-17.67 0-32 14.33-32 32v144H32c-17.67 0-32 14.33-32 32v32c0 17.67 14.33 32 32 32h144v144c0 17.67 14.33 32 32 32h32c17.67 0 32-14.33 32-32V304h144c17.67 0 32-14.33 32-32v-32c0-17.67-14.33-32-32-32z\"><\/path><\/svg><\/span>\n\t\t\t\t\t\t\t\t<span class=\"elementor-accordion-icon-opened\"><svg class=\"e-font-icon-svg e-fas-minus\" viewBox=\"0 0 448 512\" xmlns=\"http:\/\/www.w3.org\/2000\/svg\"><path d=\"M416 208H32c-17.67 0-32 14.33-32 32v32c0 17.67 14.33 32 32 32h384c17.67 0 32-14.33 32-32v-32c0-17.67-14.33-32-32-32z\"><\/path><\/svg><\/span>\n\t\t\t\t\t\t\t\t\t\t\t\t\t\t<\/span>\n\t\t\t\t\t\t\t\t\t\t\t\t<a class=\"elementor-accordion-title\" tabindex=\"0\">Pourquoi effectuez-vous la travers\u00e9e en partant du Nord pour revenir par le Sud ?<\/a>\n\t\t\t\t\t<\/div>\n\t\t\t\t\t<div id=\"elementor-tab-content-1232\" class=\"elementor-tab-content elementor-clearfix\" data-tab=\"2\" role=\"region\" aria-labelledby=\"elementor-tab-title-1232\"><p>En p\u00e9riode automnale, il est pr\u00e9f\u00e9rable de faire face \u00e0 une forte d\u00e9pression en Atlantique Nord plut\u00f4t qu\u2019\u00e0 un cyclone dans la zone des Cara\u00efbes et du Golfe du Mexique. Nous pr\u00f4nons la s\u00e9curit\u00e9 pour nos marins !<\/p><p><a href=\"https:\/\/graindesail.com\/nos-voyages-transatlantiques\/\">Tout savoir sur notre travers\u00e9e transatlantique<\/a><\/p><\/div>\n\t\t\t\t<\/div>\n\t\t\t\t\t\t\t<div class=\"elementor-accordion-item\">\n\t\t\t\t\t<div id=\"elementor-tab-title-1233\" class=\"elementor-tab-title\" data-tab=\"3\" role=\"button\" aria-controls=\"elementor-tab-content-1233\" aria-expanded=\"false\">\n\t\t\t\t\t\t\t\t\t\t\t\t\t<span class=\"elementor-accordion-icon elementor-accordion-icon-left\" aria-hidden=\"true\">\n\t\t\t\t\t\t\t\t\t\t\t\t\t\t\t<span class=\"elementor-accordion-icon-closed\"><svg class=\"e-font-icon-svg e-fas-plus\" viewBox=\"0 0 448 512\" xmlns=\"http:\/\/www.w3.org\/2000\/svg\"><path d=\"M416 208H272V64c0-17.67-14.33-32-32-32h-32c-17.67 0-32 14.33-32 32v144H32c-17.67 0-32 14.33-32 32v32c0 17.67 14.33 32 32 32h144v144c0 17.67 14.33 32 32 32h32c17.67 0 32-14.33 32-32V304h144c17.67 0 32-14.33 32-32v-32c0-17.67-14.33-32-32-32z\"><\/path><\/svg><\/span>\n\t\t\t\t\t\t\t\t<span class=\"elementor-accordion-icon-opened\"><svg class=\"e-font-icon-svg e-fas-minus\" viewBox=\"0 0 448 512\" xmlns=\"http:\/\/www.w3.org\/2000\/svg\"><path d=\"M416 208H32c-17.67 0-32 14.33-32 32v32c0 17.67 14.33 32 32 32h384c17.67 0 32-14.33 32-32v-32c0-17.67-14.33-32-32-32z\"><\/path><\/svg><\/span>\n\t\t\t\t\t\t\t\t\t\t\t\t\t\t<\/span>\n\t\t\t\t\t\t\t\t\t\t\t\t<a class=\"elementor-accordion-title\" tabindex=\"0\">vos produits sont-ils transport\u00e9s 100% \u00e0 la voile ?<\/a>\n\t\t\t\t\t<\/div>\n\t\t\t\t\t<div id=\"elementor-tab-content-1233\" class=\"elementor-tab-content elementor-clearfix\" data-tab=\"3\" role=\"region\" aria-labelledby=\"elementor-tab-title-1233\"><p>Quand nous avons fig\u00e9 le design du 1er navire Grain de Sail en 2016, nous \u00e9tions loin d&#8217;imaginer que nous commercialiserions plus de 330 T de chocolat en 2021 &#8230; nous sommes donc oblig\u00e9s d&#8217;importer une partie de nos mati\u00e8res premi\u00e8res en mode classique pour r\u00e9pondre \u00e0 nos besoins d\u2019approvisionnement. C&#8217;est aussi pourquoi nous avons lanc\u00e9 d\u00e8s septembre 2020 le design de Grain de Sail II afin qu&#8217;il soit op\u00e9rationnel en 2023-2024 et puisse significativement augmenter notre capacit\u00e9 d&#8217;importation en cacao et caf\u00e9s verts (50 m de long et 350 T de capacit\u00e9 en cale). En 2021, 2022 et 2023, nous avons toutefois transport\u00e9 \u00e0 la voile plus de 50% de nos besoins en masse de cacao !<\/p><p>Pour la toute premi\u00e8re boucle transatlantique, nous n&#8217;avons pas rapport\u00e9 de caf\u00e9 mais lors de la 2\u00e8me boucle (d\u00e9part 16\/04\/2021 &#8211; arriv\u00e9e 14\/07\/2021) nous avons rapport\u00e9 36 tonnes de masses de cacao et environ 800 kg de caf\u00e9 verts. Pour notre 5\u00e8me boucle transatlantique, nous sommes partis de Dunkerque en novembre 2022.<\/p><p>En 2022, nous avons transport\u00e9 environ 330 tonnes de masses de cacao et 60 T de caf\u00e9.<\/p><p>Nous avons effectu\u00e9 notre 6\u00e8me voyage transatlantique en avril 2023 avec Grain de Sail I.<\/p><p>2024 a sonn\u00e9 le d\u00e9but d&#8217;une nouvelle \u00e8re : la mise en service de notre second Voilier cargo Grain de Sail II. Il a effectu\u00e9 sa premi\u00e8re boucle &#8220;simple&#8221; vers New-York le 15 mars 2024 au 5 mai 2024, les cales pleines de marchandises diverses (sant\u00e9, cosm\u00e9tiques, alimentaire sec, parapharmacie, vins et spiritueux, maroquinerie, moteurs, pi\u00e8ces industrielles&#8230;). La toute premi\u00e8re boucle &#8220;compl\u00e8te&#8221; de Saint-Malo vers les \u00c9tats-Unis puis vers la Guadeloupe pour un retour vers la Bretagne a d\u00e9but\u00e9 le 15 juin 2024 et s&#8217;est termin\u00e9e le 16 ao\u00fbt \u00e0 Saint-Malo.<\/p><p>Suivez les aventures de nos marins sur nos r\u00e9seaux sociaux (<a href=\"https:\/\/www.instagram.com\/graindesail\/\" target=\"_blank\" rel=\"noopener\">Instagram<\/a>, <a href=\"https:\/\/www.facebook.com\/graindesail1\" target=\"_blank\" rel=\"noopener\">Facebook<\/a>, <a href=\"https:\/\/www.youtube.com\/channel\/UCL6K6HftrTpSs_vBi5f2vdQ\" target=\"_blank\" rel=\"noopener\">Youtube<\/a> ou encore <a href=\"https:\/\/fr.linkedin.com\/company\/grain-de-sail\" target=\"_blank\" rel=\"noopener\">Linkedin<\/a> et Twitter et notre TikTok)<\/p><p>Notre voilier cargo a pour obligation de passer par un port figurant sur la liste des points d&#8217;entr\u00e9e d\u00e9sign\u00e9s pour l&#8217;importation des produits biologiques en France. Ensuite, les masses de cacao BIO seront achemin\u00e9es par transport routier conventionnel jusqu&#8217;\u00e0 Morlaix et notre voilier continuera son chemin en mer vers Saint-Malo, son port d&#8217;attache s&#8217;il ne d\u00e9pose pas les marchandises directement \u00e0 Saint-Malo (selon les demandes douani\u00e8res et administratives).<\/p><p>Nous avons pour projet d&#8217;installer une nouvelle chocolaterie sur Dunkerque afin de r\u00e9pondre au mieux aux demandes croissantes de nos clients. Nous r\u00e9duirions ainsi les temps de transports routiers conventionnels au maximum pour approvisionner les divers points de vente \u00e9loign\u00e9s de la Bretagne avec qui nous travaillons.<\/p><p>Ce projet maritime d\u00e9carbon\u00e9 demande du temps et nous tentons, \u00e0 notre \u00e9chelle, d&#8217;apporter des solutions autour du d\u00e9veloppement durable accessible au plus grand nombre. Merci de suivre nos aventures et d&#8217;y contribuer !<\/p><p>Pour en savoir plus sur <a href=\"https:\/\/graindesail.com\/nos-matieres-premieres\/\">nos mati\u00e8res premi\u00e8res<\/a>.<\/p><\/div>\n\t\t\t\t<\/div>\n\t\t\t\t\t\t\t<div class=\"elementor-accordion-item\">\n\t\t\t\t\t<div id=\"elementor-tab-title-1234\" class=\"elementor-tab-title\" data-tab=\"4\" role=\"button\" aria-controls=\"elementor-tab-content-1234\" aria-expanded=\"false\">\n\t\t\t\t\t\t\t\t\t\t\t\t\t<span class=\"elementor-accordion-icon elementor-accordion-icon-left\" aria-hidden=\"true\">\n\t\t\t\t\t\t\t\t\t\t\t\t\t\t\t<span class=\"elementor-accordion-icon-closed\"><svg class=\"e-font-icon-svg e-fas-plus\" viewBox=\"0 0 448 512\" xmlns=\"http:\/\/www.w3.org\/2000\/svg\"><path d=\"M416 208H272V64c0-17.67-14.33-32-32-32h-32c-17.67 0-32 14.33-32 32v144H32c-17.67 0-32 14.33-32 32v32c0 17.67 14.33 32 32 32h144v144c0 17.67 14.33 32 32 32h32c17.67 0 32-14.33 32-32V304h144c17.67 0 32-14.33 32-32v-32c0-17.67-14.33-32-32-32z\"><\/path><\/svg><\/span>\n\t\t\t\t\t\t\t\t<span class=\"elementor-accordion-icon-opened\"><svg class=\"e-font-icon-svg e-fas-minus\" viewBox=\"0 0 448 512\" xmlns=\"http:\/\/www.w3.org\/2000\/svg\"><path d=\"M416 208H32c-17.67 0-32 14.33-32 32v32c0 17.67 14.33 32 32 32h384c17.67 0 32-14.33 32-32v-32c0-17.67-14.33-32-32-32z\"><\/path><\/svg><\/span>\n\t\t\t\t\t\t\t\t\t\t\t\t\t\t<\/span>\n\t\t\t\t\t\t\t\t\t\t\t\t<a class=\"elementor-accordion-title\" tabindex=\"0\">Nos voiliers navigueront-t-ils \u00e0 vide entre New York et les Cara\u00efbes ?<\/a>\n\t\t\t\t\t<\/div>\n\t\t\t\t\t<div id=\"elementor-tab-content-1234\" class=\"elementor-tab-content elementor-clearfix\" data-tab=\"4\" role=\"region\" aria-labelledby=\"elementor-tab-title-1234\"><p>Au contraire\u202f! Entre New-York et les Cara\u00efbes, nous transportons de l\u2019\u00e9quipement humanitaire en partenariat avec des organisations non gouvernementales aux Etats Unis et dans les Cara\u00efbes. Ce partenariat r\u00e9current nous permet d\u2019amener environ 20 palettes d\u2019\u00e9quipement m\u00e9dical et humanitaire \u00e0 chaque boucle transatlantique\u202f(sur Grain de Sail I). <a href=\"https:\/\/graindesail.com\/voilier-cargo-grain-de-sail-2\/\">Grain de Sail II<\/a> sera en mesure d&#8217;augmenter les transports et les quantit\u00e9s de marchandises humanitaires ou autres entre New-York et les Cara\u00efbes.<\/p><\/div>\n\t\t\t\t<\/div>\n\t\t\t\t\t\t\t\t<\/div>\n\t\t\t\t\t\t<\/div>\n\t\t\t\t<\/div>\n\t\t\t\t\t<\/div>\n\t\t<\/div>\n\t\t\t\t\t<\/div>\n\t\t<\/section>\n\t\t\t\t<section class=\"elementor-section elementor-inner-section elementor-element elementor-element-70f0610 elementor-section-full_width elementor-section-height-default elementor-section-height-default\" data-id=\"70f0610\" data-element_type=\"section\" data-e-type=\"section\">\n\t\t\t\t\t\t<div class=\"elementor-container elementor-column-gap-default\">\n\t\t\t\t\t<div class=\"elementor-column elementor-col-100 elementor-inner-column elementor-element elementor-element-7bdbc8a\" data-id=\"7bdbc8a\" data-element_type=\"column\" data-e-type=\"column\">\n\t\t\t<div class=\"elementor-widget-wrap elementor-element-populated\">\n\t\t\t\t\t\t<div class=\"elementor-element elementor-element-6c86c4c elementor-widget elementor-widget-heading\" data-id=\"6c86c4c\" data-element_type=\"widget\" data-e-type=\"widget\" data-widget_type=\"heading.default\">\n\t\t\t\t<div class=\"elementor-widget-container\">\n\t\t\t\t\t<h2 class=\"elementor-heading-title elementor-size-default\">RESSOURCES HUMAINES\n<\/h2>\t\t\t\t<\/div>\n\t\t\t\t<\/div>\n\t\t\t\t<div class=\"elementor-element elementor-element-81ea332 elementor-widget__width-initial elementor-widget elementor-widget-accordion\" data-id=\"81ea332\" data-element_type=\"widget\" data-e-type=\"widget\" data-widget_type=\"accordion.default\">\n\t\t\t\t<div class=\"elementor-widget-container\">\n\t\t\t\t\t\t\t<div class=\"elementor-accordion\">\n\t\t\t\t\t\t\t<div class=\"elementor-accordion-item\">\n\t\t\t\t\t<div id=\"elementor-tab-title-1361\" class=\"elementor-tab-title\" data-tab=\"1\" role=\"button\" aria-controls=\"elementor-tab-content-1361\" aria-expanded=\"false\">\n\t\t\t\t\t\t\t\t\t\t\t\t\t<span class=\"elementor-accordion-icon elementor-accordion-icon-left\" aria-hidden=\"true\">\n\t\t\t\t\t\t\t\t\t\t\t\t\t\t\t<span class=\"elementor-accordion-icon-closed\"><svg class=\"e-font-icon-svg e-fas-plus\" viewBox=\"0 0 448 512\" xmlns=\"http:\/\/www.w3.org\/2000\/svg\"><path d=\"M416 208H272V64c0-17.67-14.33-32-32-32h-32c-17.67 0-32 14.33-32 32v144H32c-17.67 0-32 14.33-32 32v32c0 17.67 14.33 32 32 32h144v144c0 17.67 14.33 32 32 32h32c17.67 0 32-14.33 32-32V304h144c17.67 0 32-14.33 32-32v-32c0-17.67-14.33-32-32-32z\"><\/path><\/svg><\/span>\n\t\t\t\t\t\t\t\t<span class=\"elementor-accordion-icon-opened\"><svg class=\"e-font-icon-svg e-fas-minus\" viewBox=\"0 0 448 512\" xmlns=\"http:\/\/www.w3.org\/2000\/svg\"><path d=\"M416 208H32c-17.67 0-32 14.33-32 32v32c0 17.67 14.33 32 32 32h384c17.67 0 32-14.33 32-32v-32c0-17.67-14.33-32-32-32z\"><\/path><\/svg><\/span>\n\t\t\t\t\t\t\t\t\t\t\t\t\t\t<\/span>\n\t\t\t\t\t\t\t\t\t\t\t\t<a class=\"elementor-accordion-title\" tabindex=\"0\">Je souhaite faire partie de l\u2019\u00e9quipe navigante, comment faire ?<\/a>\n\t\t\t\t\t<\/div>\n\t\t\t\t\t<div id=\"elementor-tab-content-1361\" class=\"elementor-tab-content elementor-clearfix\" data-tab=\"1\" role=\"region\" aria-labelledby=\"elementor-tab-title-1361\"><p>Notre \u00e9quipage est aujourd\u2019hui au complet mais dans quelques ann\u00e9es, nous aurons besoin de passionn\u00e9s de navigation pour prendre la barre de nos futurs voiliers. Un peu de patience\u2026 Attention, dipl\u00f4mes et certificats \u00ab Marine Marchande \u00bb obligatoires !<\/p><\/div>\n\t\t\t\t<\/div>\n\t\t\t\t\t\t\t<div class=\"elementor-accordion-item\">\n\t\t\t\t\t<div id=\"elementor-tab-title-1362\" class=\"elementor-tab-title\" data-tab=\"2\" role=\"button\" aria-controls=\"elementor-tab-content-1362\" aria-expanded=\"false\">\n\t\t\t\t\t\t\t\t\t\t\t\t\t<span class=\"elementor-accordion-icon elementor-accordion-icon-left\" aria-hidden=\"true\">\n\t\t\t\t\t\t\t\t\t\t\t\t\t\t\t<span class=\"elementor-accordion-icon-closed\"><svg class=\"e-font-icon-svg e-fas-plus\" viewBox=\"0 0 448 512\" xmlns=\"http:\/\/www.w3.org\/2000\/svg\"><path d=\"M416 208H272V64c0-17.67-14.33-32-32-32h-32c-17.67 0-32 14.33-32 32v144H32c-17.67 0-32 14.33-32 32v32c0 17.67 14.33 32 32 32h144v144c0 17.67 14.33 32 32 32h32c17.67 0 32-14.33 32-32V304h144c17.67 0 32-14.33 32-32v-32c0-17.67-14.33-32-32-32z\"><\/path><\/svg><\/span>\n\t\t\t\t\t\t\t\t<span class=\"elementor-accordion-icon-opened\"><svg class=\"e-font-icon-svg e-fas-minus\" viewBox=\"0 0 448 512\" xmlns=\"http:\/\/www.w3.org\/2000\/svg\"><path d=\"M416 208H32c-17.67 0-32 14.33-32 32v32c0 17.67 14.33 32 32 32h384c17.67 0 32-14.33 32-32v-32c0-17.67-14.33-32-32-32z\"><\/path><\/svg><\/span>\n\t\t\t\t\t\t\t\t\t\t\t\t\t\t<\/span>\n\t\t\t\t\t\t\t\t\t\t\t\t<a class=\"elementor-accordion-title\" tabindex=\"0\">Peut-on effectuer des stages, de l\u2019alternance ou encore de l\u2019apprentissage dans votre entreprise ?<\/a>\n\t\t\t\t\t<\/div>\n\t\t\t\t\t<div id=\"elementor-tab-content-1362\" class=\"elementor-tab-content elementor-clearfix\" data-tab=\"2\" role=\"region\" aria-labelledby=\"elementor-tab-title-1362\"><p>Notre capacit\u00e9 d\u2019accueil est aujourd\u2019hui limit\u00e9e dans nos locaux. Vous pouvez tout de m\u00eame envoyer votre CV ainsi qu\u2019une lettre de motivation \u00e0 <a href=\"https:\/\/graindesail.com\/nous-contacter\/\">rh@graindesail.com<\/a> en pr\u00e9cisant les dates de votre stage\/alternance\/apprentissage. Nous nous efforcerons de r\u00e9pondre \u00e0 votre sollicitation selon nos besoins. A ce jour, nous n\u2019avons pas de postes \u00e0 pourvoir.<\/p><\/div>\n\t\t\t\t<\/div>\n\t\t\t\t\t\t\t<div class=\"elementor-accordion-item\">\n\t\t\t\t\t<div id=\"elementor-tab-title-1363\" class=\"elementor-tab-title\" data-tab=\"3\" role=\"button\" aria-controls=\"elementor-tab-content-1363\" aria-expanded=\"false\">\n\t\t\t\t\t\t\t\t\t\t\t\t\t<span class=\"elementor-accordion-icon elementor-accordion-icon-left\" aria-hidden=\"true\">\n\t\t\t\t\t\t\t\t\t\t\t\t\t\t\t<span class=\"elementor-accordion-icon-closed\"><svg class=\"e-font-icon-svg e-fas-plus\" viewBox=\"0 0 448 512\" xmlns=\"http:\/\/www.w3.org\/2000\/svg\"><path d=\"M416 208H272V64c0-17.67-14.33-32-32-32h-32c-17.67 0-32 14.33-32 32v144H32c-17.67 0-32 14.33-32 32v32c0 17.67 14.33 32 32 32h144v144c0 17.67 14.33 32 32 32h32c17.67 0 32-14.33 32-32V304h144c17.67 0 32-14.33 32-32v-32c0-17.67-14.33-32-32-32z\"><\/path><\/svg><\/span>\n\t\t\t\t\t\t\t\t<span class=\"elementor-accordion-icon-opened\"><svg class=\"e-font-icon-svg e-fas-minus\" viewBox=\"0 0 448 512\" xmlns=\"http:\/\/www.w3.org\/2000\/svg\"><path d=\"M416 208H32c-17.67 0-32 14.33-32 32v32c0 17.67 14.33 32 32 32h384c17.67 0 32-14.33 32-32v-32c0-17.67-14.33-32-32-32z\"><\/path><\/svg><\/span>\n\t\t\t\t\t\t\t\t\t\t\t\t\t\t<\/span>\n\t\t\t\t\t\t\t\t\t\t\t\t<a class=\"elementor-accordion-title\" tabindex=\"0\">Je souhaite faire partie de votre \u00e9quipe, que dois-je faire ?<\/a>\n\t\t\t\t\t<\/div>\n\t\t\t\t\t<div id=\"elementor-tab-content-1363\" class=\"elementor-tab-content elementor-clearfix\" data-tab=\"3\" role=\"region\" aria-labelledby=\"elementor-tab-title-1363\"><p>Notre service ressources humaines est \u00e0 votre \u00e9coute. Transmettez votre CV et lettre de motivation \u00e0 <a href=\"https:\/\/graindesail.com\/nous-contacter\/\">rh@graindesail.com<\/a>. Nous n\u2019avons, pour le moment, pas besoins de nouveaux talents pour compl\u00e9ter <a href=\"https:\/\/graindesail.com\/nous-contacter\/\">nos \u00e9quipes<\/a>.<\/p><\/div>\n\t\t\t\t<\/div>\n\t\t\t\t\t\t\t\t<\/div>\n\t\t\t\t\t\t<\/div>\n\t\t\t\t<\/div>\n\t\t\t\t\t<\/div>\n\t\t<\/div>\n\t\t\t\t\t<\/div>\n\t\t<\/section>\n\t\t\t\t<section class=\"elementor-section elementor-inner-section elementor-element elementor-element-6845f0b elementor-section-full_width elementor-section-height-default elementor-section-height-default\" data-id=\"6845f0b\" data-element_type=\"section\" data-e-type=\"section\">\n\t\t\t\t\t\t<div class=\"elementor-container elementor-column-gap-default\">\n\t\t\t\t\t<div class=\"elementor-column elementor-col-100 elementor-inner-column elementor-element elementor-element-577184a\" data-id=\"577184a\" data-element_type=\"column\" data-e-type=\"column\">\n\t\t\t<div class=\"elementor-widget-wrap elementor-element-populated\">\n\t\t\t\t\t\t<div class=\"elementor-element elementor-element-91100d5 elementor-widget elementor-widget-heading\" data-id=\"91100d5\" data-element_type=\"widget\" data-e-type=\"widget\" data-widget_type=\"heading.default\">\n\t\t\t\t<div class=\"elementor-widget-container\">\n\t\t\t\t\t<h2 class=\"elementor-heading-title elementor-size-default\">Demandes commerciales\n<\/h2>\t\t\t\t<\/div>\n\t\t\t\t<\/div>\n\t\t\t\t<div class=\"elementor-element elementor-element-579b639 elementor-widget__width-initial elementor-widget elementor-widget-accordion\" data-id=\"579b639\" data-element_type=\"widget\" data-e-type=\"widget\" data-widget_type=\"accordion.default\">\n\t\t\t\t<div class=\"elementor-widget-container\">\n\t\t\t\t\t\t\t<div class=\"elementor-accordion\">\n\t\t\t\t\t\t\t<div class=\"elementor-accordion-item\">\n\t\t\t\t\t<div id=\"elementor-tab-title-9181\" class=\"elementor-tab-title\" data-tab=\"1\" role=\"button\" aria-controls=\"elementor-tab-content-9181\" aria-expanded=\"false\">\n\t\t\t\t\t\t\t\t\t\t\t\t\t<span class=\"elementor-accordion-icon elementor-accordion-icon-left\" aria-hidden=\"true\">\n\t\t\t\t\t\t\t\t\t\t\t\t\t\t\t<span class=\"elementor-accordion-icon-closed\"><svg class=\"e-font-icon-svg e-fas-plus\" viewBox=\"0 0 448 512\" xmlns=\"http:\/\/www.w3.org\/2000\/svg\"><path d=\"M416 208H272V64c0-17.67-14.33-32-32-32h-32c-17.67 0-32 14.33-32 32v144H32c-17.67 0-32 14.33-32 32v32c0 17.67 14.33 32 32 32h144v144c0 17.67 14.33 32 32 32h32c17.67 0 32-14.33 32-32V304h144c17.67 0 32-14.33 32-32v-32c0-17.67-14.33-32-32-32z\"><\/path><\/svg><\/span>\n\t\t\t\t\t\t\t\t<span class=\"elementor-accordion-icon-opened\"><svg class=\"e-font-icon-svg e-fas-minus\" viewBox=\"0 0 448 512\" xmlns=\"http:\/\/www.w3.org\/2000\/svg\"><path d=\"M416 208H32c-17.67 0-32 14.33-32 32v32c0 17.67 14.33 32 32 32h384c17.67 0 32-14.33 32-32v-32c0-17.67-14.33-32-32-32z\"><\/path><\/svg><\/span>\n\t\t\t\t\t\t\t\t\t\t\t\t\t\t<\/span>\n\t\t\t\t\t\t\t\t\t\t\t\t<a class=\"elementor-accordion-title\" tabindex=\"0\">Je souhaite faire un cadeau d\u2019entreprise, que proposez-vous ?<\/a>\n\t\t\t\t\t<\/div>\n\t\t\t\t\t<div id=\"elementor-tab-content-9181\" class=\"elementor-tab-content elementor-clearfix\" data-tab=\"1\" role=\"region\" aria-labelledby=\"elementor-tab-title-9181\"><p>Nous vous proposons d\u2019envoyer un message avec notre service commercial pour d\u00e9tailler vos besoins : Quelle quantit\u00e9 ? Quel produit ? Les d\u00e9lais ?<\/p><p><span class=\"tab_btn\"><a href=\"https:\/\/graindesail.com\/nous-contacter\/\">Nous contacter<\/a><\/span><\/p><\/div>\n\t\t\t\t<\/div>\n\t\t\t\t\t\t\t<div class=\"elementor-accordion-item\">\n\t\t\t\t\t<div id=\"elementor-tab-title-9182\" class=\"elementor-tab-title\" data-tab=\"2\" role=\"button\" aria-controls=\"elementor-tab-content-9182\" aria-expanded=\"false\">\n\t\t\t\t\t\t\t\t\t\t\t\t\t<span class=\"elementor-accordion-icon elementor-accordion-icon-left\" aria-hidden=\"true\">\n\t\t\t\t\t\t\t\t\t\t\t\t\t\t\t<span class=\"elementor-accordion-icon-closed\"><svg class=\"e-font-icon-svg e-fas-plus\" viewBox=\"0 0 448 512\" xmlns=\"http:\/\/www.w3.org\/2000\/svg\"><path d=\"M416 208H272V64c0-17.67-14.33-32-32-32h-32c-17.67 0-32 14.33-32 32v144H32c-17.67 0-32 14.33-32 32v32c0 17.67 14.33 32 32 32h144v144c0 17.67 14.33 32 32 32h32c17.67 0 32-14.33 32-32V304h144c17.67 0 32-14.33 32-32v-32c0-17.67-14.33-32-32-32z\"><\/path><\/svg><\/span>\n\t\t\t\t\t\t\t\t<span class=\"elementor-accordion-icon-opened\"><svg class=\"e-font-icon-svg e-fas-minus\" viewBox=\"0 0 448 512\" xmlns=\"http:\/\/www.w3.org\/2000\/svg\"><path d=\"M416 208H32c-17.67 0-32 14.33-32 32v32c0 17.67 14.33 32 32 32h384c17.67 0 32-14.33 32-32v-32c0-17.67-14.33-32-32-32z\"><\/path><\/svg><\/span>\n\t\t\t\t\t\t\t\t\t\t\t\t\t\t<\/span>\n\t\t\t\t\t\t\t\t\t\t\t\t<a class=\"elementor-accordion-title\" tabindex=\"0\">Je suis un(e) professionnel(le) fortement int\u00e9ress\u00e9(e) par la commercialisation de vos produits, comment faire ?<\/a>\n\t\t\t\t\t<\/div>\n\t\t\t\t\t<div id=\"elementor-tab-content-9182\" class=\"elementor-tab-content elementor-clearfix\" data-tab=\"2\" role=\"region\" aria-labelledby=\"elementor-tab-title-9182\"><p>Nous ne proposons pas notre gamme de couvertures de chocolat \u00e0 la vente aux professionnels de la transformation (p\u00e2tisseries, etc.). Grain de Sail est en perp\u00e9tuel d\u00e9veloppement. Vous pouvez \u00e9changer sur vos projets de vente avec notre service commercial par le biais du formulaire de contact disponible.<\/p><p>\u00a0<\/p><p><span class=\"tab_btn\"><a href=\"https:\/\/graindesail.com\/nous-contacter\/\">Nous contacter<\/a><\/span><\/p><\/div>\n\t\t\t\t<\/div>\n\t\t\t\t\t\t\t<div class=\"elementor-accordion-item\">\n\t\t\t\t\t<div id=\"elementor-tab-title-9183\" class=\"elementor-tab-title\" data-tab=\"3\" role=\"button\" aria-controls=\"elementor-tab-content-9183\" aria-expanded=\"false\">\n\t\t\t\t\t\t\t\t\t\t\t\t\t<span class=\"elementor-accordion-icon elementor-accordion-icon-left\" aria-hidden=\"true\">\n\t\t\t\t\t\t\t\t\t\t\t\t\t\t\t<span class=\"elementor-accordion-icon-closed\"><svg class=\"e-font-icon-svg e-fas-plus\" viewBox=\"0 0 448 512\" xmlns=\"http:\/\/www.w3.org\/2000\/svg\"><path d=\"M416 208H272V64c0-17.67-14.33-32-32-32h-32c-17.67 0-32 14.33-32 32v144H32c-17.67 0-32 14.33-32 32v32c0 17.67 14.33 32 32 32h144v144c0 17.67 14.33 32 32 32h32c17.67 0 32-14.33 32-32V304h144c17.67 0 32-14.33 32-32v-32c0-17.67-14.33-32-32-32z\"><\/path><\/svg><\/span>\n\t\t\t\t\t\t\t\t<span class=\"elementor-accordion-icon-opened\"><svg class=\"e-font-icon-svg e-fas-minus\" viewBox=\"0 0 448 512\" xmlns=\"http:\/\/www.w3.org\/2000\/svg\"><path d=\"M416 208H32c-17.67 0-32 14.33-32 32v32c0 17.67 14.33 32 32 32h384c17.67 0 32-14.33 32-32v-32c0-17.67-14.33-32-32-32z\"><\/path><\/svg><\/span>\n\t\t\t\t\t\t\t\t\t\t\t\t\t\t<\/span>\n\t\t\t\t\t\t\t\t\t\t\t\t<a class=\"elementor-accordion-title\" tabindex=\"0\">Avez-vous une gamme de produits vrac ?<\/a>\n\t\t\t\t\t<\/div>\n\t\t\t\t\t<div id=\"elementor-tab-content-9183\" class=\"elementor-tab-content elementor-clearfix\" data-tab=\"3\" role=\"region\" aria-labelledby=\"elementor-tab-title-9183\"><p>Une fois que notre capacit\u00e9 de production nous le permettra, nous pourrons envisager le d\u00e9veloppement d\u2019une gamme de produit en vrac.<\/p><\/div>\n\t\t\t\t<\/div>\n\t\t\t\t\t\t\t<div class=\"elementor-accordion-item\">\n\t\t\t\t\t<div id=\"elementor-tab-title-9184\" class=\"elementor-tab-title\" data-tab=\"4\" role=\"button\" aria-controls=\"elementor-tab-content-9184\" aria-expanded=\"false\">\n\t\t\t\t\t\t\t\t\t\t\t\t\t<span class=\"elementor-accordion-icon elementor-accordion-icon-left\" aria-hidden=\"true\">\n\t\t\t\t\t\t\t\t\t\t\t\t\t\t\t<span class=\"elementor-accordion-icon-closed\"><svg class=\"e-font-icon-svg e-fas-plus\" viewBox=\"0 0 448 512\" xmlns=\"http:\/\/www.w3.org\/2000\/svg\"><path d=\"M416 208H272V64c0-17.67-14.33-32-32-32h-32c-17.67 0-32 14.33-32 32v144H32c-17.67 0-32 14.33-32 32v32c0 17.67 14.33 32 32 32h144v144c0 17.67 14.33 32 32 32h32c17.67 0 32-14.33 32-32V304h144c17.67 0 32-14.33 32-32v-32c0-17.67-14.33-32-32-32z\"><\/path><\/svg><\/span>\n\t\t\t\t\t\t\t\t<span class=\"elementor-accordion-icon-opened\"><svg class=\"e-font-icon-svg e-fas-minus\" viewBox=\"0 0 448 512\" xmlns=\"http:\/\/www.w3.org\/2000\/svg\"><path d=\"M416 208H32c-17.67 0-32 14.33-32 32v32c0 17.67 14.33 32 32 32h384c17.67 0 32-14.33 32-32v-32c0-17.67-14.33-32-32-32z\"><\/path><\/svg><\/span>\n\t\t\t\t\t\t\t\t\t\t\t\t\t\t<\/span>\n\t\t\t\t\t\t\t\t\t\t\t\t<a class=\"elementor-accordion-title\" tabindex=\"0\">Faites-vous du transport \u00e0 la voile pour d\u2019autres entreprises ?<\/a>\n\t\t\t\t\t<\/div>\n\t\t\t\t\t<div id=\"elementor-tab-content-9184\" class=\"elementor-tab-content elementor-clearfix\" data-tab=\"4\" role=\"region\" aria-labelledby=\"elementor-tab-title-9184\"><p>Depuis 2022, Grain de Sail est <a href=\"https:\/\/certification-oea.ovh\/\">Op\u00e9rateur \u00e9conomique Agr\u00e9\u00e9 (OEA)<\/a> . Cette accr\u00e9ditation, reconnue \u00e0 l\u2019international, permet de solidifier nos op\u00e9rations de transport en voilier cargo et nous sommes en mesure de r\u00e9pondre aux entreprises souhaitant d\u00e9carboner leurs exports sur des routes commerciales transatlantiques et europ\u00e9ennes. Pour en apprendre plus, n\u2019h\u00e9sitez pas \u00e0 consulter notre page d\u00e9taillant nos <a href=\"https:\/\/graindesail-logistics.com\/\">services de transport<\/a> ou nous contacter directement \u00e0 l&#8217;adresse <a href=\"https:\/\/graindesail.com\/nous-contacter\/\">cargo@graindesail.com<\/a>.<\/p><\/div>\n\t\t\t\t<\/div>\n\t\t\t\t\t\t\t\t<\/div>\n\t\t\t\t\t\t<\/div>\n\t\t\t\t<\/div>\n\t\t\t\t\t<\/div>\n\t\t<\/div>\n\t\t\t\t\t<\/div>\n\t\t<\/section>\n\t\t\t\t<section class=\"elementor-section elementor-inner-section elementor-element elementor-element-f6430b2 elementor-section-full_width elementor-section-height-default elementor-section-height-default\" data-id=\"f6430b2\" data-element_type=\"section\" data-e-type=\"section\">\n\t\t\t\t\t\t<div class=\"elementor-container elementor-column-gap-default\">\n\t\t\t\t\t<div class=\"elementor-column elementor-col-100 elementor-inner-column elementor-element elementor-element-d9cb03f\" data-id=\"d9cb03f\" data-element_type=\"column\" data-e-type=\"column\">\n\t\t\t<div class=\"elementor-widget-wrap elementor-element-populated\">\n\t\t\t\t\t\t<div class=\"elementor-element elementor-element-f2ae71b elementor-widget elementor-widget-heading\" data-id=\"f2ae71b\" data-element_type=\"widget\" data-e-type=\"widget\" data-widget_type=\"heading.default\">\n\t\t\t\t<div class=\"elementor-widget-container\">\n\t\t\t\t\t<h2 class=\"elementor-heading-title elementor-size-default\">Service client\n<\/h2>\t\t\t\t<\/div>\n\t\t\t\t<\/div>\n\t\t\t\t<div class=\"elementor-element elementor-element-78b250a elementor-widget__width-initial elementor-widget elementor-widget-accordion\" data-id=\"78b250a\" data-element_type=\"widget\" data-e-type=\"widget\" data-widget_type=\"accordion.default\">\n\t\t\t\t<div class=\"elementor-widget-container\">\n\t\t\t\t\t\t\t<div class=\"elementor-accordion\">\n\t\t\t\t\t\t\t<div class=\"elementor-accordion-item\">\n\t\t\t\t\t<div id=\"elementor-tab-title-1261\" class=\"elementor-tab-title\" data-tab=\"1\" role=\"button\" aria-controls=\"elementor-tab-content-1261\" aria-expanded=\"false\">\n\t\t\t\t\t\t\t\t\t\t\t\t\t<span class=\"elementor-accordion-icon elementor-accordion-icon-left\" aria-hidden=\"true\">\n\t\t\t\t\t\t\t\t\t\t\t\t\t\t\t<span class=\"elementor-accordion-icon-closed\"><svg class=\"e-font-icon-svg e-fas-plus\" viewBox=\"0 0 448 512\" xmlns=\"http:\/\/www.w3.org\/2000\/svg\"><path d=\"M416 208H272V64c0-17.67-14.33-32-32-32h-32c-17.67 0-32 14.33-32 32v144H32c-17.67 0-32 14.33-32 32v32c0 17.67 14.33 32 32 32h144v144c0 17.67 14.33 32 32 32h32c17.67 0 32-14.33 32-32V304h144c17.67 0 32-14.33 32-32v-32c0-17.67-14.33-32-32-32z\"><\/path><\/svg><\/span>\n\t\t\t\t\t\t\t\t<span class=\"elementor-accordion-icon-opened\"><svg class=\"e-font-icon-svg e-fas-minus\" viewBox=\"0 0 448 512\" xmlns=\"http:\/\/www.w3.org\/2000\/svg\"><path d=\"M416 208H32c-17.67 0-32 14.33-32 32v32c0 17.67 14.33 32 32 32h384c17.67 0 32-14.33 32-32v-32c0-17.67-14.33-32-32-32z\"><\/path><\/svg><\/span>\n\t\t\t\t\t\t\t\t\t\t\t\t\t\t<\/span>\n\t\t\t\t\t\t\t\t\t\t\t\t<a class=\"elementor-accordion-title\" tabindex=\"0\">Des taches blanches sur mon chocolat, est-il comestible ?<\/a>\n\t\t\t\t\t<\/div>\n\t\t\t\t\t<div id=\"elementor-tab-content-1261\" class=\"elementor-tab-content elementor-clearfix\" data-tab=\"1\" role=\"region\" aria-labelledby=\"elementor-tab-title-1261\"><p><a href=\"https:\/\/graindesail.com\/le-chocolat-artisanal\/\">Nos chocolats<\/a> ont une date limite de consommation d\u20191 an. Le chocolat est un produit sensible exigeant des conditions de stockages optimales (ni humides, ni \u00e0 de trop hautes temp\u00e9ratures) car cela alt\u00e8re le produit en s\u00e9parant le beurre de cacao des autres ingr\u00e9dients : le Fat Blooming. En se recristallisant (passage de l\u2019\u00e9tat liquide \u00e0 l\u2019\u00e9tat solide), le beurre de cacao laisse des traces blanches.<\/p><p>Le chocolat est cependant parfaitement comestible et ses apports nutritionnels restent inchang\u00e9s. Le go\u00fbt peut cependant s\u2019en trouver quelque peu modifi\u00e9.<\/p><\/div>\n\t\t\t\t<\/div>\n\t\t\t\t\t\t\t<div class=\"elementor-accordion-item\">\n\t\t\t\t\t<div id=\"elementor-tab-title-1262\" class=\"elementor-tab-title\" data-tab=\"2\" role=\"button\" aria-controls=\"elementor-tab-content-1262\" aria-expanded=\"false\">\n\t\t\t\t\t\t\t\t\t\t\t\t\t<span class=\"elementor-accordion-icon elementor-accordion-icon-left\" aria-hidden=\"true\">\n\t\t\t\t\t\t\t\t\t\t\t\t\t\t\t<span class=\"elementor-accordion-icon-closed\"><svg class=\"e-font-icon-svg e-fas-plus\" viewBox=\"0 0 448 512\" xmlns=\"http:\/\/www.w3.org\/2000\/svg\"><path d=\"M416 208H272V64c0-17.67-14.33-32-32-32h-32c-17.67 0-32 14.33-32 32v144H32c-17.67 0-32 14.33-32 32v32c0 17.67 14.33 32 32 32h144v144c0 17.67 14.33 32 32 32h32c17.67 0 32-14.33 32-32V304h144c17.67 0 32-14.33 32-32v-32c0-17.67-14.33-32-32-32z\"><\/path><\/svg><\/span>\n\t\t\t\t\t\t\t\t<span class=\"elementor-accordion-icon-opened\"><svg class=\"e-font-icon-svg e-fas-minus\" viewBox=\"0 0 448 512\" xmlns=\"http:\/\/www.w3.org\/2000\/svg\"><path d=\"M416 208H32c-17.67 0-32 14.33-32 32v32c0 17.67 14.33 32 32 32h384c17.67 0 32-14.33 32-32v-32c0-17.67-14.33-32-32-32z\"><\/path><\/svg><\/span>\n\t\t\t\t\t\t\t\t\t\t\t\t\t\t<\/span>\n\t\t\t\t\t\t\t\t\t\t\t\t<a class=\"elementor-accordion-title\" tabindex=\"0\">J\u2019ai eu un souci avec les produits Grain de Sail, que faire ?<\/a>\n\t\t\t\t\t<\/div>\n\t\t\t\t\t<div id=\"elementor-tab-content-1262\" class=\"elementor-tab-content elementor-clearfix\" data-tab=\"2\" role=\"region\" aria-labelledby=\"elementor-tab-title-1262\"><p>Notre service client est disponible pour r\u00e9pondre au mieux \u00e0 vos questions. Transmettez une photographie du probl\u00e8me, le num\u00e9ro de lot, le lieu et la date d\u2019achat de votre produit \u00e0 l\u2019adresse service.clients@graindesail.com, ou en compl\u00e9tant notre formulaire de contact, nous nous efforcerons de trouver des solutions adapt\u00e9es.<\/p><p><a href=\"mailto:service.client@graindesail.com?subject=Contacter%20service%20client&amp;body=serviceclientgraindesail\">Service client Grain de Sail<\/a><\/p><\/div>\n\t\t\t\t<\/div>\n\t\t\t\t\t\t\t<div class=\"elementor-accordion-item\">\n\t\t\t\t\t<div id=\"elementor-tab-title-1263\" class=\"elementor-tab-title\" data-tab=\"3\" role=\"button\" aria-controls=\"elementor-tab-content-1263\" aria-expanded=\"false\">\n\t\t\t\t\t\t\t\t\t\t\t\t\t<span class=\"elementor-accordion-icon elementor-accordion-icon-left\" aria-hidden=\"true\">\n\t\t\t\t\t\t\t\t\t\t\t\t\t\t\t<span class=\"elementor-accordion-icon-closed\"><svg class=\"e-font-icon-svg e-fas-plus\" viewBox=\"0 0 448 512\" xmlns=\"http:\/\/www.w3.org\/2000\/svg\"><path d=\"M416 208H272V64c0-17.67-14.33-32-32-32h-32c-17.67 0-32 14.33-32 32v144H32c-17.67 0-32 14.33-32 32v32c0 17.67 14.33 32 32 32h144v144c0 17.67 14.33 32 32 32h32c17.67 0 32-14.33 32-32V304h144c17.67 0 32-14.33 32-32v-32c0-17.67-14.33-32-32-32z\"><\/path><\/svg><\/span>\n\t\t\t\t\t\t\t\t<span class=\"elementor-accordion-icon-opened\"><svg class=\"e-font-icon-svg e-fas-minus\" viewBox=\"0 0 448 512\" xmlns=\"http:\/\/www.w3.org\/2000\/svg\"><path d=\"M416 208H32c-17.67 0-32 14.33-32 32v32c0 17.67 14.33 32 32 32h384c17.67 0 32-14.33 32-32v-32c0-17.67-14.33-32-32-32z\"><\/path><\/svg><\/span>\n\t\t\t\t\t\t\t\t\t\t\t\t\t\t<\/span>\n\t\t\t\t\t\t\t\t\t\t\t\t<a class=\"elementor-accordion-title\" tabindex=\"0\">Le cadmium pr\u00e9sent dans le chocolat est-il dangereux pour la sant\u00e9 ?<\/a>\n\t\t\t\t\t<\/div>\n\t\t\t\t\t<div id=\"elementor-tab-content-1263\" class=\"elementor-tab-content elementor-clearfix\" data-tab=\"3\" role=\"region\" aria-labelledby=\"elementor-tab-title-1263\"><p>Le ph\u00e9nom\u00e8ne du cadmium est une r\u00e9alit\u00e9 connue, ma\u00eetris\u00e9e et encadr\u00e9e depuis des ann\u00e9es par le r\u00e8glement europ\u00e9en. Nos produits sont soumis \u00e0 des contr\u00f4les rigoureux et permanents d\u00e8s l\u2019achat des mati\u00e8res premi\u00e8res, conform\u00e9ment aux r\u00e9glementations europ\u00e9ennes en vigueur (R. UE 2023\/915 et R. 488\/2014), qui sont parmi les plus strictes au monde concernant le cadmium. Chaque lot de masse de cacao et chaque chocolat fini est analys\u00e9 en profondeur afin de garantir des teneurs tr\u00e8s largement inf\u00e9rieures aux seuils l\u00e9gaux.&nbsp;<\/p><p>Comme pour beaucoup de substances pr\u00e9sentes dans notre alimentation, c\u2019est la quantit\u00e9 qui fait la diff\u00e9rence. Le cadmium n\u2019est pas nocif en soi et pr\u00e9sente un risque pour la sant\u00e9 qu\u2019en cas de consommation excessive. Il est en revanche impossible de&nbsp;donner&nbsp;une consommation journali\u00e8re moyenne \u00e0 ne pas d\u00e9passer car cela d\u00e9pend de plusieurs facteurs :&nbsp;la masse corporelle de la personne, les habitudes alimentaires et le pourcentage de cacao pr\u00e9sent dans la tablette consomm\u00e9e.<\/p><\/div>\n\t\t\t\t<\/div>\n\t\t\t\t\t\t\t<div class=\"elementor-accordion-item\">\n\t\t\t\t\t<div id=\"elementor-tab-title-1264\" class=\"elementor-tab-title\" data-tab=\"4\" role=\"button\" aria-controls=\"elementor-tab-content-1264\" aria-expanded=\"false\">\n\t\t\t\t\t\t\t\t\t\t\t\t\t<span class=\"elementor-accordion-icon elementor-accordion-icon-left\" aria-hidden=\"true\">\n\t\t\t\t\t\t\t\t\t\t\t\t\t\t\t<span class=\"elementor-accordion-icon-closed\"><svg class=\"e-font-icon-svg e-fas-plus\" viewBox=\"0 0 448 512\" xmlns=\"http:\/\/www.w3.org\/2000\/svg\"><path d=\"M416 208H272V64c0-17.67-14.33-32-32-32h-32c-17.67 0-32 14.33-32 32v144H32c-17.67 0-32 14.33-32 32v32c0 17.67 14.33 32 32 32h144v144c0 17.67 14.33 32 32 32h32c17.67 0 32-14.33 32-32V304h144c17.67 0 32-14.33 32-32v-32c0-17.67-14.33-32-32-32z\"><\/path><\/svg><\/span>\n\t\t\t\t\t\t\t\t<span class=\"elementor-accordion-icon-opened\"><svg class=\"e-font-icon-svg e-fas-minus\" viewBox=\"0 0 448 512\" xmlns=\"http:\/\/www.w3.org\/2000\/svg\"><path d=\"M416 208H32c-17.67 0-32 14.33-32 32v32c0 17.67 14.33 32 32 32h384c17.67 0 32-14.33 32-32v-32c0-17.67-14.33-32-32-32z\"><\/path><\/svg><\/span>\n\t\t\t\t\t\t\t\t\t\t\t\t\t\t<\/span>\n\t\t\t\t\t\t\t\t\t\t\t\t<a class=\"elementor-accordion-title\" tabindex=\"0\">J\u2019utilise une application d\u00e9di\u00e9e \u00e0 l\u2019information consommateur sur la composition des produits, comment expliquez-vous votre notation ?<\/a>\n\t\t\t\t\t<\/div>\n\t\t\t\t\t<div id=\"elementor-tab-content-1264\" class=\"elementor-tab-content elementor-clearfix\" data-tab=\"4\" role=\"region\" aria-labelledby=\"elementor-tab-title-1264\"><p>Les applications destin\u00e9es \u00e0 l\u2019information consommateur se basent sur les valeurs nutritionnelles des produits afin de leur attribuer une note (mauvais, m\u00e9diocre, bon, excellent). Le chocolat est, par nature, un produit riche en graisses et en sucres, ses deux ingr\u00e9dients principaux. Dans nos <a href=\"https:\/\/graindesail.com\/le-chocolat-artisanal\/\">fabrications de chocolat<\/a> (les couvertures), nous nous effor\u00e7ons de trouver le bon \u00e9quilibre cacao\/sucre, afin de ne pas d\u00e9naturer la mati\u00e8re premi\u00e8re, s\u00e9lectionn\u00e9e uniquement en production biologique et la plus \u00e9thique possible. Reste que le chocolat, consomm\u00e9 de mani\u00e8re raisonnable, est avant tout un produit \u00ab plaisir \u00bb.<\/p><\/div>\n\t\t\t\t<\/div>\n\t\t\t\t\t\t\t<div class=\"elementor-accordion-item\">\n\t\t\t\t\t<div id=\"elementor-tab-title-1265\" class=\"elementor-tab-title\" data-tab=\"5\" role=\"button\" aria-controls=\"elementor-tab-content-1265\" aria-expanded=\"false\">\n\t\t\t\t\t\t\t\t\t\t\t\t\t<span class=\"elementor-accordion-icon elementor-accordion-icon-left\" aria-hidden=\"true\">\n\t\t\t\t\t\t\t\t\t\t\t\t\t\t\t<span class=\"elementor-accordion-icon-closed\"><svg class=\"e-font-icon-svg e-fas-plus\" viewBox=\"0 0 448 512\" xmlns=\"http:\/\/www.w3.org\/2000\/svg\"><path d=\"M416 208H272V64c0-17.67-14.33-32-32-32h-32c-17.67 0-32 14.33-32 32v144H32c-17.67 0-32 14.33-32 32v32c0 17.67 14.33 32 32 32h144v144c0 17.67 14.33 32 32 32h32c17.67 0 32-14.33 32-32V304h144c17.67 0 32-14.33 32-32v-32c0-17.67-14.33-32-32-32z\"><\/path><\/svg><\/span>\n\t\t\t\t\t\t\t\t<span class=\"elementor-accordion-icon-opened\"><svg class=\"e-font-icon-svg e-fas-minus\" viewBox=\"0 0 448 512\" xmlns=\"http:\/\/www.w3.org\/2000\/svg\"><path d=\"M416 208H32c-17.67 0-32 14.33-32 32v32c0 17.67 14.33 32 32 32h384c17.67 0 32-14.33 32-32v-32c0-17.67-14.33-32-32-32z\"><\/path><\/svg><\/span>\n\t\t\t\t\t\t\t\t\t\t\t\t\t\t<\/span>\n\t\t\t\t\t\t\t\t\t\t\t\t<a class=\"elementor-accordion-title\" tabindex=\"0\">Peut-on d\u00e9guster du chocolat et du caf\u00e9 transport\u00e9 100% \u00e0 la voile ?<\/a>\n\t\t\t\t\t<\/div>\n\t\t\t\t\t<div id=\"elementor-tab-content-1265\" class=\"elementor-tab-content elementor-clearfix\" data-tab=\"5\" role=\"region\" aria-labelledby=\"elementor-tab-title-1265\"><p>Aujourd&#8217;hui, nous ne sommes pas encore autonomes sur l&#8217;approvisionnement de nos <a href=\"https:\/\/graindesail.com\/nos-matieres-premieres\/\">mati\u00e8res premi\u00e8res<\/a>. Nous esp\u00e9rons le devenir au plus vite, mais cela demande du temps et des finances pour d\u00e9velopper notre armement maritime d\u00e9carbon\u00e9.<\/p><p>Nous devons donc passer par des transports dits conventionnels et nos <a href=\"https:\/\/graindesail.com\/nos-matieres-premieres\/\">mati\u00e8res premi\u00e8res<\/a> transport\u00e9es \u00e0 la voile sont m\u00e9lang\u00e9es avec d&#8217;autres <a href=\"https:\/\/graindesail.com\/nos-matieres-premieres\/\">mati\u00e8res premi\u00e8res<\/a> transport\u00e9es de mani\u00e8re classique, pour le moment.<\/p><p>Nos consommateurs contribuent chaque jour, \u00e0 chacun de leurs achats chez Grain de Sail, \u00e0 rendre ce projet de transport \u00e0 la voile possible. Nous comptons sur vous pour faire avancer nos projets !<\/p><\/div>\n\t\t\t\t<\/div>\n\t\t\t\t\t\t\t<div class=\"elementor-accordion-item\">\n\t\t\t\t\t<div id=\"elementor-tab-title-1266\" class=\"elementor-tab-title\" data-tab=\"6\" role=\"button\" aria-controls=\"elementor-tab-content-1266\" aria-expanded=\"false\">\n\t\t\t\t\t\t\t\t\t\t\t\t\t<span class=\"elementor-accordion-icon elementor-accordion-icon-left\" aria-hidden=\"true\">\n\t\t\t\t\t\t\t\t\t\t\t\t\t\t\t<span class=\"elementor-accordion-icon-closed\"><svg class=\"e-font-icon-svg e-fas-plus\" viewBox=\"0 0 448 512\" xmlns=\"http:\/\/www.w3.org\/2000\/svg\"><path d=\"M416 208H272V64c0-17.67-14.33-32-32-32h-32c-17.67 0-32 14.33-32 32v144H32c-17.67 0-32 14.33-32 32v32c0 17.67 14.33 32 32 32h144v144c0 17.67 14.33 32 32 32h32c17.67 0 32-14.33 32-32V304h144c17.67 0 32-14.33 32-32v-32c0-17.67-14.33-32-32-32z\"><\/path><\/svg><\/span>\n\t\t\t\t\t\t\t\t<span class=\"elementor-accordion-icon-opened\"><svg class=\"e-font-icon-svg e-fas-minus\" viewBox=\"0 0 448 512\" xmlns=\"http:\/\/www.w3.org\/2000\/svg\"><path d=\"M416 208H32c-17.67 0-32 14.33-32 32v32c0 17.67 14.33 32 32 32h384c17.67 0 32-14.33 32-32v-32c0-17.67-14.33-32-32-32z\"><\/path><\/svg><\/span>\n\t\t\t\t\t\t\t\t\t\t\t\t\t\t<\/span>\n\t\t\t\t\t\t\t\t\t\t\t\t<a class=\"elementor-accordion-title\" tabindex=\"0\">comment est r\u00e9compens\u00e9e ma fid\u00e9lit\u00e9 chez Grain de Sail ?<\/a>\n\t\t\t\t\t<\/div>\n\t\t\t\t\t<div id=\"elementor-tab-content-1266\" class=\"elementor-tab-content elementor-clearfix\" data-tab=\"6\" role=\"region\" aria-labelledby=\"elementor-tab-title-1266\"><p>Nous offrons, \u00e0 ce jour, une remise de 5% pour des paniers de 100 \u20ac \u00e0 200 \u20ac. Pour les paniers au dessus de 201 \u20ac vous b\u00e9n\u00e9ficiez de 10%.<\/p><\/div>\n\t\t\t\t<\/div>\n\t\t\t\t\t\t\t\t<\/div>\n\t\t\t\t\t\t<\/div>\n\t\t\t\t<\/div>\n\t\t\t\t\t<\/div>\n\t\t<\/div>\n\t\t\t\t\t<\/div>\n\t\t<\/section>\n\t\t\t\t<section class=\"elementor-section elementor-inner-section elementor-element elementor-element-4b7e7f3 elementor-section-full_width elementor-section-height-default elementor-section-height-default\" data-id=\"4b7e7f3\" data-element_type=\"section\" data-e-type=\"section\">\n\t\t\t\t\t\t<div class=\"elementor-container elementor-column-gap-default\">\n\t\t\t\t\t<div class=\"elementor-column elementor-col-100 elementor-inner-column elementor-element elementor-element-5c8a1f6\" data-id=\"5c8a1f6\" data-element_type=\"column\" data-e-type=\"column\">\n\t\t\t<div class=\"elementor-widget-wrap elementor-element-populated\">\n\t\t\t\t\t\t<div class=\"elementor-element elementor-element-e9a5c7f elementor-widget elementor-widget-heading\" data-id=\"e9a5c7f\" data-element_type=\"widget\" data-e-type=\"widget\" data-widget_type=\"heading.default\">\n\t\t\t\t<div class=\"elementor-widget-container\">\n\t\t\t\t\t<h2 class=\"elementor-heading-title elementor-size-default\">D\u00e9marche \u00e9co-responsable\n<\/h2>\t\t\t\t<\/div>\n\t\t\t\t<\/div>\n\t\t\t\t<div class=\"elementor-element elementor-element-325ae30 elementor-widget__width-initial elementor-widget elementor-widget-accordion\" data-id=\"325ae30\" data-element_type=\"widget\" data-e-type=\"widget\" data-widget_type=\"accordion.default\">\n\t\t\t\t<div class=\"elementor-widget-container\">\n\t\t\t\t\t\t\t<div class=\"elementor-accordion\">\n\t\t\t\t\t\t\t<div class=\"elementor-accordion-item\">\n\t\t\t\t\t<div id=\"elementor-tab-title-5281\" class=\"elementor-tab-title\" data-tab=\"1\" role=\"button\" aria-controls=\"elementor-tab-content-5281\" aria-expanded=\"false\">\n\t\t\t\t\t\t\t\t\t\t\t\t\t<span class=\"elementor-accordion-icon elementor-accordion-icon-left\" aria-hidden=\"true\">\n\t\t\t\t\t\t\t\t\t\t\t\t\t\t\t<span class=\"elementor-accordion-icon-closed\"><svg class=\"e-font-icon-svg e-fas-plus\" viewBox=\"0 0 448 512\" xmlns=\"http:\/\/www.w3.org\/2000\/svg\"><path d=\"M416 208H272V64c0-17.67-14.33-32-32-32h-32c-17.67 0-32 14.33-32 32v144H32c-17.67 0-32 14.33-32 32v32c0 17.67 14.33 32 32 32h144v144c0 17.67 14.33 32 32 32h32c17.67 0 32-14.33 32-32V304h144c17.67 0 32-14.33 32-32v-32c0-17.67-14.33-32-32-32z\"><\/path><\/svg><\/span>\n\t\t\t\t\t\t\t\t<span class=\"elementor-accordion-icon-opened\"><svg class=\"e-font-icon-svg e-fas-minus\" viewBox=\"0 0 448 512\" xmlns=\"http:\/\/www.w3.org\/2000\/svg\"><path d=\"M416 208H32c-17.67 0-32 14.33-32 32v32c0 17.67 14.33 32 32 32h384c17.67 0 32-14.33 32-32v-32c0-17.67-14.33-32-32-32z\"><\/path><\/svg><\/span>\n\t\t\t\t\t\t\t\t\t\t\t\t\t\t<\/span>\n\t\t\t\t\t\t\t\t\t\t\t\t<a class=\"elementor-accordion-title\" tabindex=\"0\">Pourquoi \u00eates-vous pr\u00e9sents dans les grandes et moyennes surfaces et pas uniquement en coop\u00e9ratives bio ?<\/a>\n\t\t\t\t\t<\/div>\n\t\t\t\t\t<div id=\"elementor-tab-content-5281\" class=\"elementor-tab-content elementor-clearfix\" data-tab=\"1\" role=\"region\" aria-labelledby=\"elementor-tab-title-5281\"><p>Faire du bon, du bio \u00e0 des prix abordables pour le plus grand nombre, voil\u00e0 <a href=\"https:\/\/graindesail.com\/nos-valeurs\/\">notre ambition<\/a>. Nous y parvenons gr\u00e2ce aux \u00e9quipes Grain de Sail qui produisent des <a href=\"\/categorie-produit\/chocolat\/\">chocolats<\/a> et <a href=\"https:\/\/graindesail.store\/fr\/categorie-produit\/cafe\/\">caf\u00e9s<\/a> de qualit\u00e9. Mais aussi de par notre <a href=\"https:\/\/graindesail.com\/notre-philosophie-durable\/\">d\u00e9marche \u00e9cologique et durable<\/a> de transport maritime d\u00e9carbon\u00e9 qui nous permet d\u2019importer des mati\u00e8res premi\u00e8res biologiques. Enfin, le choix de commercialiser nos produits \u00e9galement en grande distribution r\u00e9pond \u00e0 une volont\u00e9 de d\u00e9mocratiser au maximum l\u2019acc\u00e8s \u00e0 nos caf\u00e9s et chocolats. Le d\u00e9veloppement durable, au c\u0153ur de la strat\u00e9gie de l\u2019entreprise, implique que nos produits restent socialement accessibles.<\/p><\/div>\n\t\t\t\t<\/div>\n\t\t\t\t\t\t\t<div class=\"elementor-accordion-item\">\n\t\t\t\t\t<div id=\"elementor-tab-title-5282\" class=\"elementor-tab-title\" data-tab=\"2\" role=\"button\" aria-controls=\"elementor-tab-content-5282\" aria-expanded=\"false\">\n\t\t\t\t\t\t\t\t\t\t\t\t\t<span class=\"elementor-accordion-icon elementor-accordion-icon-left\" aria-hidden=\"true\">\n\t\t\t\t\t\t\t\t\t\t\t\t\t\t\t<span class=\"elementor-accordion-icon-closed\"><svg class=\"e-font-icon-svg e-fas-plus\" viewBox=\"0 0 448 512\" xmlns=\"http:\/\/www.w3.org\/2000\/svg\"><path d=\"M416 208H272V64c0-17.67-14.33-32-32-32h-32c-17.67 0-32 14.33-32 32v144H32c-17.67 0-32 14.33-32 32v32c0 17.67 14.33 32 32 32h144v144c0 17.67 14.33 32 32 32h32c17.67 0 32-14.33 32-32V304h144c17.67 0 32-14.33 32-32v-32c0-17.67-14.33-32-32-32z\"><\/path><\/svg><\/span>\n\t\t\t\t\t\t\t\t<span class=\"elementor-accordion-icon-opened\"><svg class=\"e-font-icon-svg e-fas-minus\" viewBox=\"0 0 448 512\" xmlns=\"http:\/\/www.w3.org\/2000\/svg\"><path d=\"M416 208H32c-17.67 0-32 14.33-32 32v32c0 17.67 14.33 32 32 32h384c17.67 0 32-14.33 32-32v-32c0-17.67-14.33-32-32-32z\"><\/path><\/svg><\/span>\n\t\t\t\t\t\t\t\t\t\t\t\t\t\t<\/span>\n\t\t\t\t\t\t\t\t\t\t\t\t<a class=\"elementor-accordion-title\" tabindex=\"0\">Vos emballages sont-ils recyclables ? <\/a>\n\t\t\t\t\t<\/div>\n\t\t\t\t\t<div id=\"elementor-tab-content-5282\" class=\"elementor-tab-content elementor-clearfix\" data-tab=\"2\" role=\"region\" aria-labelledby=\"elementor-tab-title-5282\"><p>Engag\u00e9s dans une politique de r\u00e9duction des d\u00e9chets, nous tentons de r\u00e9pondre au mieux aux probl\u00e9matiques d&#8217;\u00e9cologie, de <a href=\"https:\/\/graindesail.com\/notre-philosophie-durable\/\">d\u00e9veloppement durable<\/a> et surtout de pr\u00e9servation des saveurs dans nos actions quotidiennes. Les emballages sont un v\u00e9ritable enjeu pour Grain de Sail car ils doivent \u00eatre aussi vertueux que possible tout en respectant les normes alimentaires et en prot\u00e9geant le produit sans pour autant en alt\u00e9rer le go\u00fbt. Nous mettons un point d&#8217;honneur \u00e0 les am\u00e9liorer d&#8217;ann\u00e9e en ann\u00e9e. Nous sommes conscients que nos packagings peuvent \u00eatre optimis\u00e9s et d&#8217;ailleurs des alternatives sont \u00e0 l&#8217;\u00e9tude pour une \u00e9volution prochaine. N&#8217;h\u00e9sitez pas \u00e0 consulter notre page d\u00e9di\u00e9e aux <a href=\"https:\/\/graindesail.com\/nos-emballages\/\">emballages<\/a>.<\/p><p><strong>NOS TABLETTES DE CHOCOLAT<\/strong><\/p><p>Concernant nos <a href=\"\/categorie-produit\/chocolat\/\">tablettes de chocolat<\/a>, nous n&#8217;utilisons pas d&#8217;aluminium. Le chocolat n&#8217;est cependant pas en contact direct avec l&#8217;emballage carton, un film alimentaire les s\u00e9pare permettant de conserver la douceur et l&#8217;odeur du chocolat. L&#8217;enveloppe cartonn\u00e9e que nous utilisons est recyclable. L\u2019\u00e9tiquette permettant de fermer notre tablette est compos\u00e9e de polypropyl\u00e8ne. Elle doit \u00eatre s\u00e9par\u00e9e de l\u2019enveloppe carton avant d\u2019effectuer votre tri s\u00e9lectif.<\/p><p><strong>NOS SACHETS DE CAFE GRANDE DISTRIBUTION<\/strong><\/p><p>Nos anciens sachets de caf\u00e9 \u00e9taient compos\u00e9s de papier kraft et l&#8217;int\u00e9rieur recouvert d&#8217;un film plastique m\u00e9tallis\u00e9 pour conserver tous les ar\u00f4mes. Les \u00e9tiquettes informatives sur la gamme de produit et sa composition \u00e9taient en polypropyl\u00e8ne.<\/p><p>DEPUIS 2023: nous gagnons en recyclabilit\u00e9 ! Nous avons men\u00e9 une \u00e9tude sur une \u00e9volution de sachet. Nos emballages sont d\u00e9sormais monomat\u00e9riaux poly\u00e9thyl\u00e8ne, donc poss\u00e9dant une fili\u00e8re de tri d\u00e9di\u00e9e et atteignant un score de recyclabilit\u00e9 entre 95 et 100 % selon l&#8217;\u00e9tude <a href=\"https:\/\/tree.citeo.com\/fr\/\" target=\"_blank\" rel=\"noopener\">TREE<\/a> de <a href=\"https:\/\/www.citeo.com\/\" target=\"_blank\" rel=\"noopener\">CITEO<\/a>. Ces sachets utilisent moins de mati\u00e8re, sont plus souples et r\u00e9pondent aux normes de tris <a href=\"https:\/\/www.citeo.com\/\" target=\"_blank\" rel=\"noopener\">CITEO<\/a>.<\/p><p><strong>NOS SACHETS DE CAFE E-BOUTIQUE ET BOUTIQUE <\/strong><\/p><p>La subtilit\u00e9 avec le caf\u00e9 \u00e9tant que le produit s&#8217;\u00e9vente et perd ses qualit\u00e9s gustatives, nous utilisons alors un sachet dot\u00e9 d&#8217;une valve de d\u00e9gazage est refermable \u00e0 l&#8217;aide d&#8217;une fermeture plastique. Concernant nos caf\u00e9s disponibles \u00e0 la boutique\/torr\u00e9faction Grain de Sail de Morlaix et via notre site e-commerce, ils sont compos\u00e9s d&#8217;un papier et d&#8217;une fermeture plastique avec \u00e9galement un int\u00e9rieur en aluminium. Les \u00e9tiquettes d\u2019information sur la gamme de produit sont en fibres de chiffons de lin.<\/p><p>Consultez notre page sur <a href=\"https:\/\/graindesail.com\/nos-emballages\/\">nos emballages<\/a>.<\/p><p>Grain de Sail vous invite \u00e0 trier vos emballages pour pr\u00e9server la plan\u00e8te. Pour aller plus loin, n\u2019h\u00e9sitez pas \u00e0 consulter le site internet de\u00a0<a style=\"background-color: #ffffff; color: #b92515;\" href=\"https:\/\/www.citeo.com\/\">CITEO<\/a>, ou encore de t\u00e9l\u00e9charger l\u2019application Guide de Tri de Citeo. Chaque geste compte !\u00a0<\/p><\/div>\n\t\t\t\t<\/div>\n\t\t\t\t\t\t\t\t<\/div>\n\t\t\t\t\t\t<\/div>\n\t\t\t\t<\/div>\n\t\t\t\t\t<\/div>\n\t\t<\/div>\n\t\t\t\t\t<\/div>\n\t\t<\/section>\n\t\t\t\t\t<\/div>\n\t\t<\/div>\n\t\t\t\t\t<\/div>\n\t\t<\/section>\n\t\t\t\t<\/div>\n\t\t","protected":false},"excerpt":{"rendered":"<p>Visites Peut-on visiter votre chocolaterie ? Venez visiter notre toute nouvelle chocolaterie \u00e0 Morlaix, 7 rue du Cosquer, rond-point de la Vierge Noire. Une galerie est ouverte au public (gratuit pour les enfants de -8 ans et 3\u20ac pour les adultes). Vous y d\u00e9couvrirez l&#8217;histoire du chocolat, des t\u00e9moignages de nos \u00e9quipes et nos producteurs [&hellip;]<\/p>\n","protected":false},"author":2,"featured_media":0,"parent":0,"menu_order":0,"comment_status":"closed","ping_status":"closed","template":"","meta":{"_acf_changed":false,"footnotes":""},"class_list":["post-159","page","type-page","status-publish","hentry"],"acf":[],"yoast_head":"<!-- This site is optimized with the Yoast SEO plugin v25.5 - https:\/\/yoast.com\/wordpress\/plugins\/seo\/ -->\n<title>Foire Aux Questions - GDS<\/title>\n<meta name=\"robots\" content=\"index, follow, max-snippet:-1, max-image-preview:large, max-video-preview:-1\" \/>\n<link rel=\"canonical\" href=\"https:\/\/graindesail.com\/fr\/foire-aux-questions\/\" \/>\n<meta property=\"og:locale\" content=\"fr_FR\" \/>\n<meta property=\"og:type\" content=\"article\" \/>\n<meta property=\"og:title\" content=\"Foire Aux Questions - GDS\" \/>\n<meta property=\"og:description\" content=\"Visites Peut-on visiter votre chocolaterie ? Venez visiter notre toute nouvelle chocolaterie \u00e0 Morlaix, 7 rue du Cosquer, rond-point de la Vierge Noire. Une galerie est ouverte au public (gratuit pour les enfants de -8 ans et 3\u20ac pour les adultes). Vous y d\u00e9couvrirez l&#8217;histoire du chocolat, des t\u00e9moignages de nos \u00e9quipes et nos producteurs [&hellip;]\" \/>\n<meta property=\"og:url\" content=\"https:\/\/graindesail.com\/fr\/foire-aux-questions\/\" \/>\n<meta property=\"og:site_name\" content=\"GDS\" \/>\n<meta property=\"article:modified_time\" content=\"2026-02-03T10:47:28+00:00\" \/>\n<meta name=\"twitter:card\" content=\"summary_large_image\" \/>\n<meta name=\"twitter:label1\" content=\"Dur\u00e9e de lecture estim\u00e9e\" \/>\n\t<meta name=\"twitter:data1\" content=\"13 minutes\" \/>\n<script type=\"application\/ld+json\" class=\"yoast-schema-graph\">{\"@context\":\"https:\/\/schema.org\",\"@graph\":[{\"@type\":\"WebPage\",\"@id\":\"https:\/\/graindesail.com\/fr\/foire-aux-questions\/\",\"url\":\"https:\/\/graindesail.com\/fr\/foire-aux-questions\/\",\"name\":\"Foire Aux Questions - GDS\",\"isPartOf\":{\"@id\":\"https:\/\/graindesail.com\/fr\/#website\"},\"datePublished\":\"2024-12-02T22:29:57+00:00\",\"dateModified\":\"2026-02-03T10:47:28+00:00\",\"breadcrumb\":{\"@id\":\"https:\/\/graindesail.com\/fr\/foire-aux-questions\/#breadcrumb\"},\"inLanguage\":\"fr-FR\",\"potentialAction\":[{\"@type\":\"ReadAction\",\"target\":[\"https:\/\/graindesail.com\/fr\/foire-aux-questions\/\"]}]},{\"@type\":\"BreadcrumbList\",\"@id\":\"https:\/\/graindesail.com\/fr\/foire-aux-questions\/#breadcrumb\",\"itemListElement\":[{\"@type\":\"ListItem\",\"position\":1,\"name\":\"Home\",\"item\":\"https:\/\/graindesail.com\/fr\/\"},{\"@type\":\"ListItem\",\"position\":2,\"name\":\"Foire Aux Questions\"}]},{\"@type\":\"WebSite\",\"@id\":\"https:\/\/graindesail.com\/fr\/#website\",\"url\":\"https:\/\/graindesail.com\/fr\/\",\"name\":\"GDS\",\"description\":\"\",\"publisher\":{\"@id\":\"https:\/\/graindesail.com\/fr\/#organization\"},\"potentialAction\":[{\"@type\":\"SearchAction\",\"target\":{\"@type\":\"EntryPoint\",\"urlTemplate\":\"https:\/\/graindesail.com\/fr\/?s={search_term_string}\"},\"query-input\":{\"@type\":\"PropertyValueSpecification\",\"valueRequired\":true,\"valueName\":\"search_term_string\"}}],\"inLanguage\":\"fr-FR\"},{\"@type\":\"Organization\",\"@id\":\"https:\/\/graindesail.com\/fr\/#organization\",\"name\":\"GDS\",\"url\":\"https:\/\/graindesail.com\/fr\/\",\"logo\":{\"@type\":\"ImageObject\",\"inLanguage\":\"fr-FR\",\"@id\":\"https:\/\/graindesail.com\/fr\/#\/schema\/logo\/image\/\",\"url\":\"https:\/\/graindesail.com\/wp-content\/uploads\/2024\/12\/logo.svg\",\"contentUrl\":\"https:\/\/graindesail.com\/wp-content\/uploads\/2024\/12\/logo.svg\",\"width\":82,\"height\":130,\"caption\":\"GDS\"},\"image\":{\"@id\":\"https:\/\/graindesail.com\/fr\/#\/schema\/logo\/image\/\"}}]}<\/script>\n<!-- \/ Yoast SEO plugin. -->","yoast_head_json":{"title":"Foire Aux Questions - GDS","robots":{"index":"index","follow":"follow","max-snippet":"max-snippet:-1","max-image-preview":"max-image-preview:large","max-video-preview":"max-video-preview:-1"},"canonical":"https:\/\/graindesail.com\/fr\/foire-aux-questions\/","og_locale":"fr_FR","og_type":"article","og_title":"Foire Aux Questions - GDS","og_description":"Visites Peut-on visiter votre chocolaterie ? Venez visiter notre toute nouvelle chocolaterie \u00e0 Morlaix, 7 rue du Cosquer, rond-point de la Vierge Noire. Une galerie est ouverte au public (gratuit pour les enfants de -8 ans et 3\u20ac pour les adultes). Vous y d\u00e9couvrirez l&#8217;histoire du chocolat, des t\u00e9moignages de nos \u00e9quipes et nos producteurs [&hellip;]","og_url":"https:\/\/graindesail.com\/fr\/foire-aux-questions\/","og_site_name":"GDS","article_modified_time":"2026-02-03T10:47:28+00:00","twitter_card":"summary_large_image","twitter_misc":{"Dur\u00e9e de lecture estim\u00e9e":"13 minutes"},"schema":{"@context":"https:\/\/schema.org","@graph":[{"@type":"WebPage","@id":"https:\/\/graindesail.com\/fr\/foire-aux-questions\/","url":"https:\/\/graindesail.com\/fr\/foire-aux-questions\/","name":"Foire Aux Questions - GDS","isPartOf":{"@id":"https:\/\/graindesail.com\/fr\/#website"},"datePublished":"2024-12-02T22:29:57+00:00","dateModified":"2026-02-03T10:47:28+00:00","breadcrumb":{"@id":"https:\/\/graindesail.com\/fr\/foire-aux-questions\/#breadcrumb"},"inLanguage":"fr-FR","potentialAction":[{"@type":"ReadAction","target":["https:\/\/graindesail.com\/fr\/foire-aux-questions\/"]}]},{"@type":"BreadcrumbList","@id":"https:\/\/graindesail.com\/fr\/foire-aux-questions\/#breadcrumb","itemListElement":[{"@type":"ListItem","position":1,"name":"Home","item":"https:\/\/graindesail.com\/fr\/"},{"@type":"ListItem","position":2,"name":"Foire Aux Questions"}]},{"@type":"WebSite","@id":"https:\/\/graindesail.com\/fr\/#website","url":"https:\/\/graindesail.com\/fr\/","name":"GDS","description":"","publisher":{"@id":"https:\/\/graindesail.com\/fr\/#organization"},"potentialAction":[{"@type":"SearchAction","target":{"@type":"EntryPoint","urlTemplate":"https:\/\/graindesail.com\/fr\/?s={search_term_string}"},"query-input":{"@type":"PropertyValueSpecification","valueRequired":true,"valueName":"search_term_string"}}],"inLanguage":"fr-FR"},{"@type":"Organization","@id":"https:\/\/graindesail.com\/fr\/#organization","name":"GDS","url":"https:\/\/graindesail.com\/fr\/","logo":{"@type":"ImageObject","inLanguage":"fr-FR","@id":"https:\/\/graindesail.com\/fr\/#\/schema\/logo\/image\/","url":"https:\/\/graindesail.com\/wp-content\/uploads\/2024\/12\/logo.svg","contentUrl":"https:\/\/graindesail.com\/wp-content\/uploads\/2024\/12\/logo.svg","width":82,"height":130,"caption":"GDS"},"image":{"@id":"https:\/\/graindesail.com\/fr\/#\/schema\/logo\/image\/"}}]}},"_links":{"self":[{"href":"https:\/\/graindesail.com\/fr\/wp-json\/wp\/v2\/pages\/159","targetHints":{"allow":["GET"]}}],"collection":[{"href":"https:\/\/graindesail.com\/fr\/wp-json\/wp\/v2\/pages"}],"about":[{"href":"https:\/\/graindesail.com\/fr\/wp-json\/wp\/v2\/types\/page"}],"author":[{"embeddable":true,"href":"https:\/\/graindesail.com\/fr\/wp-json\/wp\/v2\/users\/2"}],"replies":[{"embeddable":true,"href":"https:\/\/graindesail.com\/fr\/wp-json\/wp\/v2\/comments?post=159"}],"version-history":[{"count":0,"href":"https:\/\/graindesail.com\/fr\/wp-json\/wp\/v2\/pages\/159\/revisions"}],"wp:attachment":[{"href":"https:\/\/graindesail.com\/fr\/wp-json\/wp\/v2\/media?parent=159"}],"curies":[{"name":"wp","href":"https:\/\/api.w.org\/{rel}","templated":true}]}}