{"id":157,"date":"2024-12-02T22:29:44","date_gmt":"2024-12-02T22:29:44","guid":{"rendered":"https:\/\/test.graindesail.com\/?page_id=157"},"modified":"2025-12-19T08:44:31","modified_gmt":"2025-12-19T08:44:31","slug":"conditions-generales-de-vente","status":"publish","type":"page","link":"https:\/\/graindesail.com\/fr\/conditions-generales-de-vente\/","title":{"rendered":"Conditions g\u00e9n\u00e9rales de vente"},"content":{"rendered":"\t\t<div data-elementor-type=\"wp-page\" data-elementor-id=\"157\" class=\"elementor elementor-157\" data-elementor-post-type=\"page\">\n\t\t\t\t\t\t<section class=\"elementor-section elementor-top-section elementor-element elementor-element-7119441 elementor-section-boxed elementor-section-height-default elementor-section-height-default\" data-id=\"7119441\" data-element_type=\"section\" data-e-type=\"section\" data-settings=\"{&quot;background_background&quot;:&quot;classic&quot;}\">\n\t\t\t\t\t\t<div class=\"elementor-container elementor-column-gap-default\">\n\t\t\t\t\t<div class=\"elementor-column elementor-col-100 elementor-top-column elementor-element elementor-element-0d5a37d\" data-id=\"0d5a37d\" data-element_type=\"column\" data-e-type=\"column\" data-settings=\"{&quot;background_background&quot;:&quot;classic&quot;}\">\n\t\t\t<div class=\"elementor-widget-wrap elementor-element-populated\">\n\t\t\t\t\t\t<div class=\"elementor-section elementor-inner-section elementor-element elementor-element-3af4f88 elementor-section-full_width elementor-section-height-default elementor-section-height-default\" data-id=\"3af4f88\" data-element_type=\"section\" data-e-type=\"section\">\n\t\t\t\t\t\t<div class=\"elementor-container elementor-column-gap-default\">\n\t\t\t\t\t<div class=\"elementor-column elementor-col-100 elementor-inner-column elementor-element elementor-element-c4b5afe\" data-id=\"c4b5afe\" data-element_type=\"column\" data-e-type=\"column\">\n\t\t\t<div class=\"elementor-widget-wrap elementor-element-populated\">\n\t\t\t\t\t\t<div class=\"elementor-element elementor-element-b696b63 elementor-widget elementor-widget-woocommerce-breadcrumb\" data-id=\"b696b63\" data-element_type=\"widget\" data-e-type=\"widget\" data-widget_type=\"woocommerce-breadcrumb.default\">\n\t\t\t\t<div class=\"elementor-widget-container\">\n\t\t\t\t\t<nav class=\"woocommerce-breadcrumb\" aria-label=\"Breadcrumb\">Accueil<\/nav>\t\t\t\t<\/div>\n\t\t\t\t<\/div>\n\t\t\t\t\t<\/div>\n\t\t<\/div>\n\t\t\t\t\t<\/div>\n\t\t<\/div>\n\t\t\t\t<section class=\"elementor-section elementor-inner-section elementor-element elementor-element-fe3be48 elementor-section-full_width elementor-section-height-default elementor-section-height-default\" data-id=\"fe3be48\" data-element_type=\"section\" data-e-type=\"section\">\n\t\t\t\t\t\t<div class=\"elementor-container elementor-column-gap-default\">\n\t\t\t\t\t<div class=\"elementor-column elementor-col-100 elementor-inner-column elementor-element elementor-element-82fbcb4\" data-id=\"82fbcb4\" data-element_type=\"column\" data-e-type=\"column\">\n\t\t\t<div class=\"elementor-widget-wrap elementor-element-populated\">\n\t\t\t\t\t\t<div class=\"elementor-element elementor-element-2334ec2 elementor-widget elementor-widget-text-editor\" data-id=\"2334ec2\" data-element_type=\"widget\" data-e-type=\"widget\" data-widget_type=\"text-editor.default\">\n\t\t\t\t<div class=\"elementor-widget-container\">\n\t\t\t\t\t\t\t\t\tCes conditions g\u00e9n\u00e9rales de vente ont \u00e9t\u00e9 r\u00e9dig\u00e9es afin de formaliser ntore respect du client et de la transaction commerciale. Nous nous engageons envers vous afin de vous fournir la meilleure exp\u00e9rience d&#8217;achat possible. \n\n\n\t\t\t\t\t\t\t\t<\/div>\n\t\t\t\t<\/div>\n\t\t\t\t<div class=\"elementor-element elementor-element-15a100d elementor-widget elementor-widget-heading\" data-id=\"15a100d\" data-element_type=\"widget\" data-e-type=\"widget\" data-widget_type=\"heading.default\">\n\t\t\t\t<div class=\"elementor-widget-container\">\n\t\t\t\t\t<h2 class=\"elementor-heading-title elementor-size-default\">Article 1 : Application des Conditions G\u00e9n\u00e9rales de Vente (CGV)\n<\/h2>\t\t\t\t<\/div>\n\t\t\t\t<\/div>\n\t\t\t\t<div class=\"elementor-element elementor-element-49682bb elementor-widget elementor-widget-text-editor\" data-id=\"49682bb\" data-element_type=\"widget\" data-e-type=\"widget\" data-widget_type=\"text-editor.default\">\n\t\t\t\t<div class=\"elementor-widget-container\">\n\t\t\t\t\t\t\t\t\tLa marque &#8220;Grain de Sail\u00ae&#8221; et son site marchand d\u00e9fini ci-apr\u00e8s sont la propri\u00e9t\u00e9 de la soci\u00e9t\u00e9 Grain de Sail SAS, ci-apr\u00e8s d\u00e9nomm\u00e9e &#8220;la soci\u00e9t\u00e9&#8221; dont le si\u00e8ge est situ\u00e9 au 4, route du bas de la rivi\u00e8re, 29600 MORLAIX (SIREN : 538 866 740).\n\n \t\t\t\t\t\t\t\t<\/div>\n\t\t\t\t<\/div>\n\t\t\t\t<div class=\"elementor-element elementor-element-0c04fca elementor-widget elementor-widget-text-editor\" data-id=\"0c04fca\" data-element_type=\"widget\" data-e-type=\"widget\" data-widget_type=\"text-editor.default\">\n\t\t\t\t<div class=\"elementor-widget-container\">\n\t\t\t\t\t\t\t\t\tLes pr\u00e9sentes conditions g\u00e9n\u00e9rales r\u00e9gissent les relations entre le site <a href=\"https:\/\/graindesail.com\/\">http:\/\/www.graindesail.com<\/a> ci-apr\u00e8s d\u00e9nomm\u00e9 &#8220;le site&#8221; et le client internaute r\u00e9alisant un achat sur le site. \t\t\t\t\t\t\t\t<\/div>\n\t\t\t\t<\/div>\n\t\t\t\t<div class=\"elementor-element elementor-element-075d3e6 elementor-widget elementor-widget-text-editor\" data-id=\"075d3e6\" data-element_type=\"widget\" data-e-type=\"widget\" data-widget_type=\"text-editor.default\">\n\t\t\t\t<div class=\"elementor-widget-container\">\n\t\t\t\t\t\t\t\t\tIl suffit pour le client de cliquer sur &#8220;Conditions G\u00e9n\u00e9rales de Vente&#8221; (ci-apr\u00e8s d\u00e9sign\u00e9es C.G.V.) pour conna\u00eetre les conditions de sa commande, avant m\u00eame qu&#8217;il ait entam\u00e9 le processus de commande. \n\n\t\t\t\t\t\t\t\t<\/div>\n\t\t\t\t<\/div>\n\t\t\t\t<div class=\"elementor-element elementor-element-3029e10 elementor-widget elementor-widget-text-editor\" data-id=\"3029e10\" data-element_type=\"widget\" data-e-type=\"widget\" data-widget_type=\"text-editor.default\">\n\t\t\t\t<div class=\"elementor-widget-container\">\n\t\t\t\t\t\t\t\t\tEn cons\u00e9quence, le fait de passer commande implique l&#8217;adh\u00e9sion enti\u00e8re et sans r\u00e9serve de l&#8217;acheteur \u00e0 ces C.G.V., \u00e0 l&#8217;exclusion de tous autres documents tels que prospectus, catalogues \u00e9mis par le vendeur et qui n&#8217;ont qu&#8217;une valeur indicative. \n\n\t\t\t\t\t\t\t\t<\/div>\n\t\t\t\t<\/div>\n\t\t\t\t<div class=\"elementor-element elementor-element-5bfca2f elementor-widget elementor-widget-text-editor\" data-id=\"5bfca2f\" data-element_type=\"widget\" data-e-type=\"widget\" data-widget_type=\"text-editor.default\">\n\t\t\t\t<div class=\"elementor-widget-container\">\n\t\t\t\t\t\t\t\t\tLes C.G.V. peuvent \u00eatre modifi\u00e9es \u00e0 tout moment sous r\u00e9serve de faire appara\u00eetre ces modifications sur le site. \n\n\t\t\t\t\t\t\t\t<\/div>\n\t\t\t\t<\/div>\n\t\t\t\t\t<\/div>\n\t\t<\/div>\n\t\t\t\t\t<\/div>\n\t\t<\/section>\n\t\t\t\t<section class=\"elementor-section elementor-inner-section elementor-element elementor-element-5739d22 elementor-section-full_width elementor-section-height-default elementor-section-height-default\" data-id=\"5739d22\" data-element_type=\"section\" data-e-type=\"section\">\n\t\t\t\t\t\t<div class=\"elementor-container elementor-column-gap-default\">\n\t\t\t\t\t<div class=\"elementor-column elementor-col-100 elementor-inner-column elementor-element elementor-element-2b64e4e\" data-id=\"2b64e4e\" data-element_type=\"column\" data-e-type=\"column\">\n\t\t\t<div class=\"elementor-widget-wrap elementor-element-populated\">\n\t\t\t\t\t\t<div class=\"elementor-element elementor-element-7b9c2c0 elementor-widget elementor-widget-heading\" data-id=\"7b9c2c0\" data-element_type=\"widget\" data-e-type=\"widget\" data-widget_type=\"heading.default\">\n\t\t\t\t<div class=\"elementor-widget-container\">\n\t\t\t\t\t<h2 class=\"elementor-heading-title elementor-size-default\">Article 2 : La commande \n<\/h2>\t\t\t\t<\/div>\n\t\t\t\t<\/div>\n\t\t\t\t<div class=\"elementor-element elementor-element-e28f456 elementor-widget elementor-widget-text-editor\" data-id=\"e28f456\" data-element_type=\"widget\" data-e-type=\"widget\" data-widget_type=\"text-editor.default\">\n\t\t\t\t<div class=\"elementor-widget-container\">\n\t\t\t\t\t\t\t\t\tVotre commande est valid\u00e9e apr\u00e8s avoir compl\u00e8tement rempli le formulaire d\u00e9di\u00e9 puis r\u00e9gl\u00e9 le montant de la commande par l\u2019un des moyens de paiement pr\u00e9vu \u00e0 cet effet. Assurez-vous d\u2019avoir correctement renseign\u00e9 votre nom, pr\u00e9nom, adresse et num\u00e9ro de t\u00e9l\u00e9phone. La vente est d\u00e9finitive apr\u00e8s la validation du paiement. Un mail de confirmation vous est alors adress\u00e9 et votre commande est enregistr\u00e9e. Vous pouvez avoir acc\u00e8s \u00e0 votre commande \u00e0 tout moment en vous identifiant sur le site. \n\n\t\t\t\t\t\t\t\t<\/div>\n\t\t\t\t<\/div>\n\t\t\t\t<div class=\"elementor-element elementor-element-eab3bae elementor-widget elementor-widget-text-editor\" data-id=\"eab3bae\" data-element_type=\"widget\" data-e-type=\"widget\" data-widget_type=\"text-editor.default\">\n\t\t\t\t<div class=\"elementor-widget-container\">\n\t\t\t\t\t\t\t\t\tLa validation de votre commande vaut signature et acceptation expresse de toutes les op\u00e9rations effectu\u00e9es sur le site. Vos informations personnelles renseign\u00e9es lors de la commande vous engagent. En cas d\u2019erreur, nous ne pourrons \u00eatre tenus pour responsables de l\u2019impossibilit\u00e9 de livrer la commande. \n\n\t\t\t\t\t\t\t\t<\/div>\n\t\t\t\t<\/div>\n\t\t\t\t<div class=\"elementor-element elementor-element-7652669 elementor-widget elementor-widget-text-editor\" data-id=\"7652669\" data-element_type=\"widget\" data-e-type=\"widget\" data-widget_type=\"text-editor.default\">\n\t\t\t\t<div class=\"elementor-widget-container\">\n\t\t\t\t\t\t\t\t\tLors de la commande, nous vous informons de la disponibilit\u00e9 des produits. Si, en d\u00e9pit de nos pr\u00e9cautions, ces produits s\u2019av\u00e9raient temporairement indisponibles apr\u00e8s votre commande (rupture de stock), vous en serez rapidement inform\u00e9 par email. \n\n\t\t\t\t\t\t\t\t<\/div>\n\t\t\t\t<\/div>\n\t\t\t\t<div class=\"elementor-element elementor-element-98d1022 elementor-widget elementor-widget-text-editor\" data-id=\"98d1022\" data-element_type=\"widget\" data-e-type=\"widget\" data-widget_type=\"text-editor.default\">\n\t\t\t\t<div class=\"elementor-widget-container\">\n\t\t\t\t\t\t\t\t\tNotre soci\u00e9t\u00e9 se r\u00e9serve le droit d&#8217;annuler ou de refuser toute commande d&#8217;un acheteur avec lequel il existerait un litige relatif au paiement d&#8217;une commande ant\u00e9rieure.\n\n \t\t\t\t\t\t\t\t<\/div>\n\t\t\t\t<\/div>\n\t\t\t\t<div class=\"elementor-element elementor-element-e37c60f elementor-widget elementor-widget-text-editor\" data-id=\"e37c60f\" data-element_type=\"widget\" data-e-type=\"widget\" data-widget_type=\"text-editor.default\">\n\t\t\t\t<div class=\"elementor-widget-container\">\n\t\t\t\t\t\t\t\t\tPar ailleurs, afin de maitriser au maximum les conditions de transport de nos chocolats, nous nous r\u00e9servons le droit de d\u00e9caler les livraisons si les temp\u00e9ratures du moment sont jug\u00e9es incompatibles avec la bonne conservation de nos produits. \n\n\t\t\t\t\t\t\t\t<\/div>\n\t\t\t\t<\/div>\n\t\t\t\t<div class=\"elementor-element elementor-element-786e38f elementor-widget elementor-widget-text-editor\" data-id=\"786e38f\" data-element_type=\"widget\" data-e-type=\"widget\" data-widget_type=\"text-editor.default\">\n\t\t\t\t<div class=\"elementor-widget-container\">\n\t\t\t\t\t\t\t\t\tLes photographies pr\u00e9sentant les produits \u00e0 titre indicatif n\u2019entrent pas dans le champ contractuel. \n\n\t\t\t\t\t\t\t\t<\/div>\n\t\t\t\t<\/div>\n\t\t\t\t<div class=\"elementor-element elementor-element-16ccdaa elementor-widget elementor-widget-text-editor\" data-id=\"16ccdaa\" data-element_type=\"widget\" data-e-type=\"widget\" data-widget_type=\"text-editor.default\">\n\t\t\t\t<div class=\"elementor-widget-container\">\n\t\t\t\t\t\t\t\t\tLes offres pr\u00e9sent\u00e9es par la soci\u00e9t\u00e9 Grain de Sail ne sont valables que dans la limite des stocks disponibles. \n\n\t\t\t\t\t\t\t\t<\/div>\n\t\t\t\t<\/div>\n\t\t\t\t\t<\/div>\n\t\t<\/div>\n\t\t\t\t\t<\/div>\n\t\t<\/section>\n\t\t\t\t<section class=\"elementor-section elementor-inner-section elementor-element elementor-element-f0341ff elementor-section-full_width elementor-section-height-default elementor-section-height-default\" data-id=\"f0341ff\" data-element_type=\"section\" data-e-type=\"section\">\n\t\t\t\t\t\t<div class=\"elementor-container elementor-column-gap-default\">\n\t\t\t\t\t<div class=\"elementor-column elementor-col-100 elementor-inner-column elementor-element elementor-element-75c30ad\" data-id=\"75c30ad\" data-element_type=\"column\" data-e-type=\"column\">\n\t\t\t<div class=\"elementor-widget-wrap elementor-element-populated\">\n\t\t\t\t\t\t<div class=\"elementor-element elementor-element-b4fc426 elementor-widget elementor-widget-heading\" data-id=\"b4fc426\" data-element_type=\"widget\" data-e-type=\"widget\" data-widget_type=\"heading.default\">\n\t\t\t\t<div class=\"elementor-widget-container\">\n\t\t\t\t\t<h2 class=\"elementor-heading-title elementor-size-default\">Article 3 : Prix\n<\/h2>\t\t\t\t<\/div>\n\t\t\t\t<\/div>\n\t\t\t\t<div class=\"elementor-element elementor-element-a8a1d4d elementor-widget elementor-widget-text-editor\" data-id=\"a8a1d4d\" data-element_type=\"widget\" data-e-type=\"widget\" data-widget_type=\"text-editor.default\">\n\t\t\t\t<div class=\"elementor-widget-container\">\n\t\t\t\t\t\t\t\t\tLes prix des produits sont indiqu\u00e9s en euros (\u20ac) et comprennent les frais de manutention, d&#8217;emballage et de conservation des produits. Ils tiennent compte de la TVA et des droits fran\u00e7ais en vigueur \u00e0 la date de la commande, pour toute commande livr\u00e9e en France m\u00e9tropolitaine. \n\n\t\t\t\t\t\t\t\t<\/div>\n\t\t\t\t<\/div>\n\t\t\t\t<div class=\"elementor-element elementor-element-ee07997 elementor-widget elementor-widget-text-editor\" data-id=\"ee07997\" data-element_type=\"widget\" data-e-type=\"widget\" data-widget_type=\"text-editor.default\">\n\t\t\t\t<div class=\"elementor-widget-container\">\n\t\t\t\t\t\t\t\t\tLes montants visibles sur le site correspondent donc \u00e0 un montant TTC, hors frais de port. \n\n\t\t\t\t\t\t\t\t<\/div>\n\t\t\t\t<\/div>\n\t\t\t\t<div class=\"elementor-element elementor-element-2208382 elementor-widget elementor-widget-text-editor\" data-id=\"2208382\" data-element_type=\"widget\" data-e-type=\"widget\" data-widget_type=\"text-editor.default\">\n\t\t\t\t<div class=\"elementor-widget-container\">\n\t\t\t\t\t\t\t\t\tLes montants visibles sur le site correspondent donc \u00e0 un montant TTC, hors frais de port. \n\n\t\t\t\t\t\t\t\t<\/div>\n\t\t\t\t<\/div>\n\t\t\t\t\t<\/div>\n\t\t<\/div>\n\t\t\t\t\t<\/div>\n\t\t<\/section>\n\t\t\t\t<section class=\"elementor-section elementor-inner-section elementor-element elementor-element-09d8262 elementor-section-full_width elementor-section-height-default elementor-section-height-default\" data-id=\"09d8262\" data-element_type=\"section\" data-e-type=\"section\">\n\t\t\t\t\t\t<div class=\"elementor-container elementor-column-gap-default\">\n\t\t\t\t\t<div class=\"elementor-column elementor-col-100 elementor-inner-column elementor-element elementor-element-f90f919\" data-id=\"f90f919\" data-element_type=\"column\" data-e-type=\"column\">\n\t\t\t<div class=\"elementor-widget-wrap elementor-element-populated\">\n\t\t\t\t\t\t<div class=\"elementor-element elementor-element-7d3c9c0 elementor-widget elementor-widget-heading\" data-id=\"7d3c9c0\" data-element_type=\"widget\" data-e-type=\"widget\" data-widget_type=\"heading.default\">\n\t\t\t\t<div class=\"elementor-widget-container\">\n\t\t\t\t\t<h2 class=\"elementor-heading-title elementor-size-default\">Article 4 : Facturation\n<\/h2>\t\t\t\t<\/div>\n\t\t\t\t<\/div>\n\t\t\t\t<div class=\"elementor-element elementor-element-6bc7edd elementor-widget elementor-widget-text-editor\" data-id=\"6bc7edd\" data-element_type=\"widget\" data-e-type=\"widget\" data-widget_type=\"text-editor.default\">\n\t\t\t\t<div class=\"elementor-widget-container\">\n\t\t\t\t\t\t\t\t\tUne facture d\u00e9taill\u00e9e accompagnera la livraison de votre colis. Les factures sont \u00e9mises en euros (\u20ac), avec s&#8217;il y a lieu, indication de la contre-valeur en monnaie locale du client.\n\n \t\t\t\t\t\t\t\t<\/div>\n\t\t\t\t<\/div>\n\t\t\t\t<div class=\"elementor-element elementor-element-25be0a6 elementor-widget elementor-widget-text-editor\" data-id=\"25be0a6\" data-element_type=\"widget\" data-e-type=\"widget\" data-widget_type=\"text-editor.default\">\n\t\t\t\t<div class=\"elementor-widget-container\">\n\t\t\t\t\t\t\t\t\tTous les r\u00e8glements bancaires sont effectu\u00e9s en euros (\u20ac). \n\n\t\t\t\t\t\t\t\t<\/div>\n\t\t\t\t<\/div>\n\t\t\t\t<div class=\"elementor-element elementor-element-3f3b28d elementor-widget elementor-widget-text-editor\" data-id=\"3f3b28d\" data-element_type=\"widget\" data-e-type=\"widget\" data-widget_type=\"text-editor.default\">\n\t\t\t\t<div class=\"elementor-widget-container\">\n\t\t\t\t\t\t\t\t\tLe paiement de la totalit\u00e9 du prix doit \u00eatre r\u00e9alis\u00e9 lors de la commande. A aucun moment, les sommes vers\u00e9es ne pourront \u00eatre consid\u00e9r\u00e9es comme des arrhes ou des acomptes. \n\n\t\t\t\t\t\t\t\t<\/div>\n\t\t\t\t<\/div>\n\t\t\t\t\t<\/div>\n\t\t<\/div>\n\t\t\t\t\t<\/div>\n\t\t<\/section>\n\t\t\t\t<section class=\"elementor-section elementor-inner-section elementor-element elementor-element-79eef06 elementor-section-full_width elementor-section-height-default elementor-section-height-default\" data-id=\"79eef06\" data-element_type=\"section\" data-e-type=\"section\">\n\t\t\t\t\t\t<div class=\"elementor-container elementor-column-gap-default\">\n\t\t\t\t\t<div class=\"elementor-column elementor-col-100 elementor-inner-column elementor-element elementor-element-a83305e\" data-id=\"a83305e\" data-element_type=\"column\" data-e-type=\"column\">\n\t\t\t<div class=\"elementor-widget-wrap elementor-element-populated\">\n\t\t\t\t\t\t<div class=\"elementor-element elementor-element-d1e80c0 elementor-widget elementor-widget-heading\" data-id=\"d1e80c0\" data-element_type=\"widget\" data-e-type=\"widget\" data-widget_type=\"heading.default\">\n\t\t\t\t<div class=\"elementor-widget-container\">\n\t\t\t\t\t<h2 class=\"elementor-heading-title elementor-size-default\">Article 5 : Frais d'exp\u00e9dition\n<\/h2>\t\t\t\t<\/div>\n\t\t\t\t<\/div>\n\t\t\t\t<div class=\"elementor-element elementor-element-42e1f87 elementor-widget elementor-widget-text-editor\" data-id=\"42e1f87\" data-element_type=\"widget\" data-e-type=\"widget\" data-widget_type=\"text-editor.default\">\n\t\t\t\t<div class=\"elementor-widget-container\">\n\t\t\t\t\t\t\t\t\t<p>Les frais d\u2019exp\u00e9dition varient en fonction du poids et du lieu de livraison. Ils int\u00e8grent les frais de port ainsi que les frais d\u2019emballage des paquets (notamment la protection thermique pour les chocolats). Sauf convention expresse et contraire, la soci\u00e9t\u00e9 propose un ou plusieurs transporteurs \u00e0 choisir lors de la commande au sein du site. Le transport est gratuit \u00e0 partir de 59 \u20ac TTC de commande, uniquement par le biais des points relais.<\/p>\t\t\t\t\t\t\t\t<\/div>\n\t\t\t\t<\/div>\n\t\t\t\t<div class=\"elementor-element elementor-element-a868a67 elementor-widget elementor-widget-text-editor\" data-id=\"a868a67\" data-element_type=\"widget\" data-e-type=\"widget\" data-widget_type=\"text-editor.default\">\n\t\t\t\t<div class=\"elementor-widget-container\">\n\t\t\t\t\t\t\t\t\t<p>Dans le cas des livraisons en points relais dont les colis n&#8217;auraient pas \u00e9t\u00e9 retir\u00e9 \u00e0 temps, la r\u00e9exp\u00e9dition de la marchandise sera factur\u00e9e au client (par ch\u00e8que ou virement bancaire).<\/p>\t\t\t\t\t\t\t\t<\/div>\n\t\t\t\t<\/div>\n\t\t\t\t\t<\/div>\n\t\t<\/div>\n\t\t\t\t\t<\/div>\n\t\t<\/section>\n\t\t\t\t<section class=\"elementor-section elementor-inner-section elementor-element elementor-element-943eb2f elementor-section-full_width elementor-section-height-default elementor-section-height-default\" data-id=\"943eb2f\" data-element_type=\"section\" data-e-type=\"section\">\n\t\t\t\t\t\t<div class=\"elementor-container elementor-column-gap-default\">\n\t\t\t\t\t<div class=\"elementor-column elementor-col-100 elementor-inner-column elementor-element elementor-element-e658ffb\" data-id=\"e658ffb\" data-element_type=\"column\" data-e-type=\"column\">\n\t\t\t<div class=\"elementor-widget-wrap elementor-element-populated\">\n\t\t\t\t\t\t<div class=\"elementor-element elementor-element-826697e elementor-widget elementor-widget-heading\" data-id=\"826697e\" data-element_type=\"widget\" data-e-type=\"widget\" data-widget_type=\"heading.default\">\n\t\t\t\t<div class=\"elementor-widget-container\">\n\t\t\t\t\t<h2 class=\"elementor-heading-title elementor-size-default\">Article 6 : Paiement\n<\/h2>\t\t\t\t<\/div>\n\t\t\t\t<\/div>\n\t\t\t\t<div class=\"elementor-element elementor-element-13cf04e elementor-widget elementor-widget-text-editor\" data-id=\"13cf04e\" data-element_type=\"widget\" data-e-type=\"widget\" data-widget_type=\"text-editor.default\">\n\t\t\t\t<div class=\"elementor-widget-container\">\n\t\t\t\t\t\t\t\t\tLe prix des articles command\u00e9s est payable en totalit\u00e9 \u00e0 la soci\u00e9t\u00e9 par paiement \u00e9lectronique s\u00e9curis\u00e9 au moyen d\u2019une carte de paiement ou par virement bancaire. Si vous faites le choix du virement bancaire, vous avez 72h pour valider votre virement, au-del\u00e0 de ce d\u00e9lai, nous annulerons votre commande. \n\n\t\t\t\t\t\t\t\t<\/div>\n\t\t\t\t<\/div>\n\t\t\t\t<div class=\"elementor-element elementor-element-5cc9719 elementor-widget elementor-widget-text-editor\" data-id=\"5cc9719\" data-element_type=\"widget\" data-e-type=\"widget\" data-widget_type=\"text-editor.default\">\n\t\t\t\t<div class=\"elementor-widget-container\">\n\t\t\t\t\t\t\t\t\tLes cartes de paiement accept\u00e9es \u00e0 ce jour sont : CB, VISA et MASTERCARD. \n\n\t\t\t\t\t\t\t\t<\/div>\n\t\t\t\t<\/div>\n\t\t\t\t<div class=\"elementor-element elementor-element-6195b05 elementor-widget elementor-widget-text-editor\" data-id=\"6195b05\" data-element_type=\"widget\" data-e-type=\"widget\" data-widget_type=\"text-editor.default\">\n\t\t\t\t<div class=\"elementor-widget-container\">\n\t\t\t\t\t\t\t\t\tPour chaque commande, une demande de d\u00e9bit de votre compte bancaire sera envoy\u00e9e dans un d\u00e9lai de 24h \u00e0 votre banque. \n\n\t\t\t\t\t\t\t\t<\/div>\n\t\t\t\t<\/div>\n\t\t\t\t<div class=\"elementor-element elementor-element-4e11e7a elementor-widget elementor-widget-text-editor\" data-id=\"4e11e7a\" data-element_type=\"widget\" data-e-type=\"widget\" data-widget_type=\"text-editor.default\">\n\t\t\t\t<div class=\"elementor-widget-container\">\n\t\t\t\t\t\t\t\t\tIl vous appartient d\u2019enregistrer et d\u2019imprimer votre certificat de paiement si vous souhaitez conserver les d\u00e9tails bancaires relatifs \u00e0 la transaction. \n\n\t\t\t\t\t\t\t\t<\/div>\n\t\t\t\t<\/div>\n\t\t\t\t<div class=\"elementor-element elementor-element-1b3c3a9 elementor-widget elementor-widget-text-editor\" data-id=\"1b3c3a9\" data-element_type=\"widget\" data-e-type=\"widget\" data-widget_type=\"text-editor.default\">\n\t\t\t\t<div class=\"elementor-widget-container\">\n\t\t\t\t\t\t\t\t\tVous garantissez \u00eatre pleinement habilit\u00e9 \u00e0 utiliser la carte de paiement pour le paiement de votre commande et que vos moyens de paiement donnent acc\u00e8s \u00e0 des fonds suffisants pour couvrir tous les co\u00fbts r\u00e9sultants de l\u2019utilisation des services de la soci\u00e9t\u00e9 Grain de Sail. \n\n\t\t\t\t\t\t\t\t<\/div>\n\t\t\t\t<\/div>\n\t\t\t\t\t<\/div>\n\t\t<\/div>\n\t\t\t\t\t<\/div>\n\t\t<\/section>\n\t\t\t\t<section class=\"elementor-section elementor-inner-section elementor-element elementor-element-c161bdf elementor-section-full_width elementor-section-height-default elementor-section-height-default\" data-id=\"c161bdf\" data-element_type=\"section\" data-e-type=\"section\">\n\t\t\t\t\t\t<div class=\"elementor-container elementor-column-gap-default\">\n\t\t\t\t\t<div class=\"elementor-column elementor-col-100 elementor-inner-column elementor-element elementor-element-7751d1a\" data-id=\"7751d1a\" data-element_type=\"column\" data-e-type=\"column\">\n\t\t\t<div class=\"elementor-widget-wrap elementor-element-populated\">\n\t\t\t\t\t\t<div class=\"elementor-element elementor-element-3e80b71 elementor-widget elementor-widget-heading\" data-id=\"3e80b71\" data-element_type=\"widget\" data-e-type=\"widget\" data-widget_type=\"heading.default\">\n\t\t\t\t<div class=\"elementor-widget-container\">\n\t\t\t\t\t<h2 class=\"elementor-heading-title elementor-size-default\">Article 7 : Transaction de remboursement\n<\/h2>\t\t\t\t<\/div>\n\t\t\t\t<\/div>\n\t\t\t\t<div class=\"elementor-element elementor-element-30ce0ef elementor-widget elementor-widget-text-editor\" data-id=\"30ce0ef\" data-element_type=\"widget\" data-e-type=\"widget\" data-widget_type=\"text-editor.default\">\n\t\t\t\t<div class=\"elementor-widget-container\">\n\t\t\t\t\t\t\t\t\tDans le cas d&#8217;une livraison non conforme \u00e0 la commande transmise ou pour des raisons commerciales, nous pouvons d\u00e9cider de rembourser totalement ou partiellement votre commande. Le remboursement est effectu\u00e9 par ch\u00e8que ou par remboursement d\u00e9mat\u00e9rialis\u00e9. \n\n\t\t\t\t\t\t\t\t<\/div>\n\t\t\t\t<\/div>\n\t\t\t\t\t<\/div>\n\t\t<\/div>\n\t\t\t\t\t<\/div>\n\t\t<\/section>\n\t\t\t\t<section class=\"elementor-section elementor-inner-section elementor-element elementor-element-6c02dc9 elementor-section-full_width elementor-section-height-default elementor-section-height-default\" data-id=\"6c02dc9\" data-element_type=\"section\" data-e-type=\"section\">\n\t\t\t\t\t\t<div class=\"elementor-container elementor-column-gap-default\">\n\t\t\t\t\t<div class=\"elementor-column elementor-col-100 elementor-inner-column elementor-element elementor-element-ac0ed82\" data-id=\"ac0ed82\" data-element_type=\"column\" data-e-type=\"column\">\n\t\t\t<div class=\"elementor-widget-wrap elementor-element-populated\">\n\t\t\t\t\t\t<div class=\"elementor-element elementor-element-55680d2 elementor-widget elementor-widget-heading\" data-id=\"55680d2\" data-element_type=\"widget\" data-e-type=\"widget\" data-widget_type=\"heading.default\">\n\t\t\t\t<div class=\"elementor-widget-container\">\n\t\t\t\t\t<h2 class=\"elementor-heading-title elementor-size-default\">Article 8 : Livraison\n<\/h2>\t\t\t\t<\/div>\n\t\t\t\t<\/div>\n\t\t\t\t<div class=\"elementor-element elementor-element-ff3f5a0 elementor-widget elementor-widget-text-editor\" data-id=\"ff3f5a0\" data-element_type=\"widget\" data-e-type=\"widget\" data-widget_type=\"text-editor.default\">\n\t\t\t\t<div class=\"elementor-widget-container\">\n\t\t\t\t\t\t\t\t\tLes colis sont g\u00e9n\u00e9ralement exp\u00e9di\u00e9s dans un d\u00e9lai de 2 jours apr\u00e8s r\u00e9ception du paiement. Ils sont exp\u00e9di\u00e9s avec un num\u00e9ro de suivi et remis sans signature. \n\n\t\t\t\t\t\t\t\t<\/div>\n\t\t\t\t<\/div>\n\t\t\t\t<div class=\"elementor-element elementor-element-44adff6 elementor-widget elementor-widget-text-editor\" data-id=\"44adff6\" data-element_type=\"widget\" data-e-type=\"widget\" data-widget_type=\"text-editor.default\">\n\t\t\t\t<div class=\"elementor-widget-container\">\n\t\t\t\t\t\t\t\t\tEn cas d\u2019indisponibilit\u00e9 du produit command\u00e9, notamment du fait de nos fournisseurs, le consommateur en sera inform\u00e9 au plus t\u00f4t et aura la possibilit\u00e9 d\u2019annuler sa commande. Le consommateur aura alors le choix de demander soit le remboursement des sommes vers\u00e9es dans les 14 jours au plus tard de leur versement, soit l\u2019\u00e9change du produit command\u00e9. \n\n\t\t\t\t\t\t\t\t<\/div>\n\t\t\t\t<\/div>\n\t\t\t\t<div class=\"elementor-element elementor-element-20e8004 elementor-widget elementor-widget-text-editor\" data-id=\"20e8004\" data-element_type=\"widget\" data-e-type=\"widget\" data-widget_type=\"text-editor.default\">\n\t\t\t\t<div class=\"elementor-widget-container\">\n\t\t\t\t\t\t\t\t\tConform\u00e9ment \u00e0 l\u2019article L216-2 du code de la consommation, en cas de manquement \u00e0 son obligation de livraison \u00e0 l\u2019expiration du d\u00e9lai de livraison indiqu\u00e9 ou, \u00e0 d\u00e9faut, au plus tard trente jours apr\u00e8s la commande, le client peut r\u00e9soudre sa commande, par lettre recommand\u00e9e avec demande d\u2019avis de r\u00e9ception ou par un \u00e9crit sur un autre support durable, si, apr\u00e8s avoir enjoint, selon les m\u00eames modalit\u00e9s, le vendeur d\u2019effectuer la livraison dans un d\u00e9lai suppl\u00e9mentaire raisonnable, ce dernier ne s\u2019est pas ex\u00e9cut\u00e9 dans ce d\u00e9lai. Le client est tenu de v\u00e9rifier l\u2019\u00e9tat des produits livr\u00e9s et faire toute remarque concernant les \u00e9ventuels vices apparents. \n\n\t\t\t\t\t\t\t\t<\/div>\n\t\t\t\t<\/div>\n\t\t\t\t<div class=\"elementor-element elementor-element-edcfbdd elementor-widget elementor-widget-text-editor\" data-id=\"edcfbdd\" data-element_type=\"widget\" data-e-type=\"widget\" data-widget_type=\"text-editor.default\">\n\t\t\t\t<div class=\"elementor-widget-container\">\n\t\t\t\t\t\t\t\t\tEn cas de r\u00e9solution de la commande, le vendeur remboursera le client des sommes vers\u00e9es, au plus tard dans les quatorze jours qui suivent la date de d\u00e9nonciation de la commande, \u00e0 l\u2019exclusion de toute indemnisation suppl\u00e9mentaire. \n\n\t\t\t\t\t\t\t\t<\/div>\n\t\t\t\t<\/div>\n\t\t\t\t<div class=\"elementor-element elementor-element-a246c46 elementor-widget elementor-widget-text-editor\" data-id=\"a246c46\" data-element_type=\"widget\" data-e-type=\"widget\" data-widget_type=\"text-editor.default\">\n\t\t\t\t<div class=\"elementor-widget-container\">\n\t\t\t\t\t\t\t\t\tLes frais d&#8217;exp\u00e9dition incluent les frais de pr\u00e9paration et d&#8217;emballage ainsi que les frais de port. Les frais de pr\u00e9paration sont fixes, tandis que les frais de transport varient selon le poids total du colis. Nous vous recommandons de regrouper tous vos articles dans une seule commande. Nous ne pouvons regrouper deux commandes plac\u00e9es s\u00e9par\u00e9ment et des frais d&#8217;exp\u00e9dition s&#8217;appliquent \u00e0 chacune d&#8217;entre elles. \n\n\t\t\t\t\t\t\t\t<\/div>\n\t\t\t\t<\/div>\n\t\t\t\t<div class=\"elementor-element elementor-element-dfa559f elementor-widget elementor-widget-text-editor\" data-id=\"dfa559f\" data-element_type=\"widget\" data-e-type=\"widget\" data-widget_type=\"text-editor.default\">\n\t\t\t\t<div class=\"elementor-widget-container\">\n\t\t\t\t\t\t\t\t\tNous nous engageons \u00e0 ce que votre colis vous soit remis sans risque de perte ou d\u2019endommagement ainsi qu\u2019\u00e0 porter une attention particuli\u00e8re aux objets fragiles. Cependant, si vous souhaitez confier la livraison de votre colis \u00e0 un transporteur autre que celui que nous vous proposons, la soci\u00e9t\u00e9 Grain de Sail ne pourra en aucun cas \u00eatre tenue pour responsable de la perte ou de l\u2019endommagement de votre colis d\u00e8s lors que nous l\u2019aurons remis au transporteur que vous aurez choisi. \n\n\t\t\t\t\t\t\t\t<\/div>\n\t\t\t\t<\/div>\n\t\t\t\t<div class=\"elementor-element elementor-element-44f2f5d elementor-widget elementor-widget-text-editor\" data-id=\"44f2f5d\" data-element_type=\"widget\" data-e-type=\"widget\" data-widget_type=\"text-editor.default\">\n\t\t\t\t<div class=\"elementor-widget-container\">\n\t\t\t\t\t\t\t\t\tLes dimensions des bo\u00eetes sont appropri\u00e9es et vos articles sont correctement prot\u00e9g\u00e9s. \n\n\t\t\t\t\t\t\t\t<\/div>\n\t\t\t\t<\/div>\n\t\t\t\t<div class=\"elementor-element elementor-element-33cdf9e elementor-widget elementor-widget-text-editor\" data-id=\"33cdf9e\" data-element_type=\"widget\" data-e-type=\"widget\" data-widget_type=\"text-editor.default\">\n\t\t\t\t<div class=\"elementor-widget-container\">\n\t\t\t\t\t\t\t\t\tSelon les transporteurs propos\u00e9s au sein du site, l\u2019exp\u00e9dition des produits se fera en point relais ou bien \u00e0 l\u2019adresse de livraison indiqu\u00e9e sur le bon de commande. En cas de livraison \u00e0 une autre adresse, il vous suffit de cocher la case \u00ab adresse de livraison diff\u00e9rente \u00bb et saisir l\u2019adresse du destinataire. \n\n\t\t\t\t\t\t\t\t<\/div>\n\t\t\t\t<\/div>\n\t\t\t\t\t<\/div>\n\t\t<\/div>\n\t\t\t\t\t<\/div>\n\t\t<\/section>\n\t\t\t\t<section class=\"elementor-section elementor-inner-section elementor-element elementor-element-9263ccd elementor-section-full_width elementor-section-height-default elementor-section-height-default\" data-id=\"9263ccd\" data-element_type=\"section\" data-e-type=\"section\">\n\t\t\t\t\t\t<div class=\"elementor-container elementor-column-gap-default\">\n\t\t\t\t\t<div class=\"elementor-column elementor-col-100 elementor-inner-column elementor-element elementor-element-38997ba\" data-id=\"38997ba\" data-element_type=\"column\" data-e-type=\"column\">\n\t\t\t<div class=\"elementor-widget-wrap elementor-element-populated\">\n\t\t\t\t\t\t<div class=\"elementor-element elementor-element-4a3cedc elementor-widget elementor-widget-heading\" data-id=\"4a3cedc\" data-element_type=\"widget\" data-e-type=\"widget\" data-widget_type=\"heading.default\">\n\t\t\t\t<div class=\"elementor-widget-container\">\n\t\t\t\t\t<h2 class=\"elementor-heading-title elementor-size-default\">Article 9 : Suivi des commandes\n<\/h2>\t\t\t\t<\/div>\n\t\t\t\t<\/div>\n\t\t\t\t<div class=\"elementor-element elementor-element-a09261a elementor-widget elementor-widget-text-editor\" data-id=\"a09261a\" data-element_type=\"widget\" data-e-type=\"widget\" data-widget_type=\"text-editor.default\">\n\t\t\t\t<div class=\"elementor-widget-container\">\n\t\t\t\t\t\t\t\t\tSi vous souhaitez conna\u00eetre l&#8217;\u00e9tat de votre commande vous pouvez nous contacter aux coordonn\u00e9es suivantes :<br>\n\nGrain de Sail<br>\nService clients<br>\n4 route du Bas de la Rivi\u00e8re<br>\n29600 MORLAIX\n<br>\nDu lundi au vendredi : de 9h \u00e0 18h<br>\n\nTel. : +33 2 98 62 40 91<br>\nMail: <a href=\"mailto:service.clients@graindesail.com\">service.clients@graindesail.com <\/a> \t\t\t\t\t\t\t\t<\/div>\n\t\t\t\t<\/div>\n\t\t\t\t\t<\/div>\n\t\t<\/div>\n\t\t\t\t\t<\/div>\n\t\t<\/section>\n\t\t\t\t<section class=\"elementor-section elementor-inner-section elementor-element elementor-element-984cbda elementor-section-full_width elementor-section-height-default elementor-section-height-default\" data-id=\"984cbda\" data-element_type=\"section\" data-e-type=\"section\">\n\t\t\t\t\t\t<div class=\"elementor-container elementor-column-gap-default\">\n\t\t\t\t\t<div class=\"elementor-column elementor-col-100 elementor-inner-column elementor-element elementor-element-d50b5c4\" data-id=\"d50b5c4\" data-element_type=\"column\" data-e-type=\"column\">\n\t\t\t<div class=\"elementor-widget-wrap elementor-element-populated\">\n\t\t\t\t\t\t<div class=\"elementor-element elementor-element-264e92d elementor-widget elementor-widget-heading\" data-id=\"264e92d\" data-element_type=\"widget\" data-e-type=\"widget\" data-widget_type=\"heading.default\">\n\t\t\t\t<div class=\"elementor-widget-container\">\n\t\t\t\t\t<h2 class=\"elementor-heading-title elementor-size-default\">Article 10 : D\u00e9lai de r\u00e9tractation\n<\/h2>\t\t\t\t<\/div>\n\t\t\t\t<\/div>\n\t\t\t\t<div class=\"elementor-element elementor-element-989e06d elementor-widget elementor-widget-text-editor\" data-id=\"989e06d\" data-element_type=\"widget\" data-e-type=\"widget\" data-widget_type=\"text-editor.default\">\n\t\t\t\t<div class=\"elementor-widget-container\">\n\t\t\t\t\t\t\t\t\tVous avez le droit de vous r\u00e9tracter du pr\u00e9sent contrat sans donner de motif dans un d\u00e9lai de quatorze (14) jours francs, conform\u00e9ment aux dispositions de l\u2019article L221-18 du code de la consommation. \n\n\t\t\t\t\t\t\t\t<\/div>\n\t\t\t\t<\/div>\n\t\t\t\t<div class=\"elementor-element elementor-element-24a7afb elementor-widget elementor-widget-text-editor\" data-id=\"24a7afb\" data-element_type=\"widget\" data-e-type=\"widget\" data-widget_type=\"text-editor.default\">\n\t\t\t\t<div class=\"elementor-widget-container\">\n\t\t\t\t\t\t\t\t\tLe d\u00e9lai de r\u00e9tractation expire quatorze (14) jours apr\u00e8s le jour o\u00f9 vous-m\u00eame, ou un tiers autre que le transporteur et d\u00e9sign\u00e9 par vous, prend physiquement possession du bien. \n\n\t\t\t\t\t\t\t\t<\/div>\n\t\t\t\t<\/div>\n\t\t\t\t<div class=\"elementor-element elementor-element-826c51f elementor-widget elementor-widget-text-editor\" data-id=\"826c51f\" data-element_type=\"widget\" data-e-type=\"widget\" data-widget_type=\"text-editor.default\">\n\t\t\t\t<div class=\"elementor-widget-container\">\n\t\t\t\t\t\t\t\t\tPour exercer le droit de r\u00e9tractation, vous devez nous notifier votre d\u00e9cision de r\u00e9tractation du pr\u00e9sent contrat au moyen du formulaire de r\u00e9tractation ou d&#8217;une d\u00e9claration d\u00e9nu\u00e9e d&#8217;ambigu\u00eft\u00e9 soit : \t\t\t\t\t\t\t\t<\/div>\n\t\t\t\t<\/div>\n\t\t\t\t<div class=\"elementor-element elementor-element-83644a8 elementor-widget elementor-widget-text-editor\" data-id=\"83644a8\" data-element_type=\"widget\" data-e-type=\"widget\" data-widget_type=\"text-editor.default\">\n\t\t\t\t<div class=\"elementor-widget-container\">\n\t\t\t\t\t\t\t\t\tEn t\u00e9l\u00e9phonant au num\u00e9ro suivant : 02 98 62 40 91 du lundi au vendredi de 9h \u00e0 18h \n\n\t\t\t\t\t\t\t\t<\/div>\n\t\t\t\t<\/div>\n\t\t\t\t<div class=\"elementor-element elementor-element-0346ed5 elementor-widget elementor-widget-text-editor\" data-id=\"0346ed5\" data-element_type=\"widget\" data-e-type=\"widget\" data-widget_type=\"text-editor.default\">\n\t\t\t\t<div class=\"elementor-widget-container\">\n\t\t\t\t\t\t\t\t\tEn nous renvoyant le formulaire de r\u00e9traction \u00e0 l\u2019adresse suivante : \n\n\t\t\t\t\t\t\t\t<\/div>\n\t\t\t\t<\/div>\n\t\t\t\t<div class=\"elementor-element elementor-element-05ee1b9 elementor-widget elementor-widget-text-editor\" data-id=\"05ee1b9\" data-element_type=\"widget\" data-e-type=\"widget\" data-widget_type=\"text-editor.default\">\n\t\t\t\t<div class=\"elementor-widget-container\">\n\t\t\t\t\t\t\t\t\tGrain de Sail<br>\nService clients<br>\n4 route du Bas de la Rivi\u00e8re<br>\n29600 MORLAIX\n\n \t\t\t\t\t\t\t\t<\/div>\n\t\t\t\t<\/div>\n\t\t\t\t<div class=\"elementor-element elementor-element-ba63a05 elementor-widget elementor-widget-text-editor\" data-id=\"ba63a05\" data-element_type=\"widget\" data-e-type=\"widget\" data-widget_type=\"text-editor.default\">\n\t\t\t\t<div class=\"elementor-widget-container\">\n\t\t\t\t\t\t\t\t\tSur notre adresse \u00e9lectronique : <a href=\"mailto:service.clients@graindesail.com\">service.clients@graindesail.com<\/a>. Si vous utilisez cette option, nous vous enverrons sans d\u00e9lai un accus\u00e9 de r\u00e9ception de la r\u00e9tractation sur un support durable (par exemple, par courriel). \n\n \t\t\t\t\t\t\t\t<\/div>\n\t\t\t\t<\/div>\n\t\t\t\t<div class=\"elementor-element elementor-element-6d0f4cf elementor-widget elementor-widget-text-editor\" data-id=\"6d0f4cf\" data-element_type=\"widget\" data-e-type=\"widget\" data-widget_type=\"text-editor.default\">\n\t\t\t\t<div class=\"elementor-widget-container\">\n\t\t\t\t\t\t\t\t\tConform\u00e9ment aux dispositions de l\u2019article L221-23 du code de la consommation vous devrez renvoyer ou rendre le bien sans retard excessif et, en tout \u00e9tat de cause, au plus tard quatorze (14) jours apr\u00e8s que vous nous aurez communiqu\u00e9 votre d\u00e9cision de r\u00e9tractation du pr\u00e9sent contrat. Ce d\u00e9lai est r\u00e9put\u00e9 respect\u00e9 si vous renvoyez le bien avant l&#8217;expiration du d\u00e9lai de quatorze jours. \n\n\t\t\t\t\t\t\t\t<\/div>\n\t\t\t\t<\/div>\n\t\t\t\t<div class=\"elementor-element elementor-element-b0e46db elementor-widget elementor-widget-text-editor\" data-id=\"b0e46db\" data-element_type=\"widget\" data-e-type=\"widget\" data-widget_type=\"text-editor.default\">\n\t\t\t\t<div class=\"elementor-widget-container\">\n\t\t\t\t\t\t\t\t\tLes frais de retours des produits sont \u00e0 votre charge. Le transport des produits ainsi retourn\u00e9s est de votre responsabilit\u00e9. \n\n\t\t\t\t\t\t\t\t<\/div>\n\t\t\t\t<\/div>\n\t\t\t\t<div class=\"elementor-element elementor-element-8585e13 elementor-widget elementor-widget-text-editor\" data-id=\"8585e13\" data-element_type=\"widget\" data-e-type=\"widget\" data-widget_type=\"text-editor.default\">\n\t\t\t\t<div class=\"elementor-widget-container\">\n\t\t\t\t\t\t\t\t\tDans l\u2019hypoth\u00e8se o\u00f9 le produit, en raison de sa nature (volumineux et\/ou lourds ou de haute valeur), ne peut pas \u00eatre pris en charge par la Poste, vous pourrez faire appel au service d\u2019un transporteur de votre choix. \n\n\t\t\t\t\t\t\t\t<\/div>\n\t\t\t\t<\/div>\n\t\t\t\t<div class=\"elementor-element elementor-element-a929a05 elementor-widget elementor-widget-text-editor\" data-id=\"a929a05\" data-element_type=\"widget\" data-e-type=\"widget\" data-widget_type=\"text-editor.default\">\n\t\t\t\t<div class=\"elementor-widget-container\">\n\t\t\t\t\t\t\t\t\tLe co\u00fbt estimatif du retour du produit indiqu\u00e9 dans le tableau ci-dessous est pr\u00e9sent\u00e9 \u00e0 titre indicatif et n\u2019engage pas la soci\u00e9t\u00e9 Grain de Sail. Celui-ci reste \u00e0 votre charge. \n\n\t\t\t\t\t\t\t\t<\/div>\n\t\t\t\t<\/div>\n\t\t\t\t<div class=\"elementor-element elementor-element-5059df7 elementor-widget elementor-widget-text-editor\" data-id=\"5059df7\" data-element_type=\"widget\" data-e-type=\"widget\" data-widget_type=\"text-editor.default\">\n\t\t\t\t<div class=\"elementor-widget-container\">\n\t\t\t\t\t\t\t\t\tLes frais de retour \u00e0 payer pour le renvoi du produit seront \u00e9tablis en fonction du transporteur que vous choisirez selon les crit\u00e8res suivants : \n\n\t\t\t\t\t\t\t\t<\/div>\n\t\t\t\t<\/div>\n\t\t\t\t<div class=\"elementor-element elementor-element-1fa7c98 elementor-widget elementor-widget-text-editor\" data-id=\"1fa7c98\" data-element_type=\"widget\" data-e-type=\"widget\" data-widget_type=\"text-editor.default\">\n\t\t\t\t<div class=\"elementor-widget-container\">\n\t\t\t\t\t\t\t\t\t\u2022 la nature du produit \n\n\t\t\t\t\t\t\t\t<\/div>\n\t\t\t\t<\/div>\n\t\t\t\t<div class=\"elementor-element elementor-element-4714055 elementor-widget elementor-widget-text-editor\" data-id=\"4714055\" data-element_type=\"widget\" data-e-type=\"widget\" data-widget_type=\"text-editor.default\">\n\t\t\t\t<div class=\"elementor-widget-container\">\n\t\t\t\t\t\t\t\t\t\u2022 Son poids et ses dimensions \n\n\t\t\t\t\t\t\t\t<\/div>\n\t\t\t\t<\/div>\n\t\t\t\t<div class=\"elementor-element elementor-element-b90936c elementor-widget elementor-widget-text-editor\" data-id=\"b90936c\" data-element_type=\"widget\" data-e-type=\"widget\" data-widget_type=\"text-editor.default\">\n\t\t\t\t<div class=\"elementor-widget-container\">\n\t\t\t\t\t\t\t\t\t\u2022 La distance \u00e0 parcourir \n\n\t\t\t\t\t\t\t\t<\/div>\n\t\t\t\t<\/div>\n\t\t\t\t<div class=\"elementor-element elementor-element-2485021 elementor-widget elementor-widget-text-editor\" data-id=\"2485021\" data-element_type=\"widget\" data-e-type=\"widget\" data-widget_type=\"text-editor.default\">\n\t\t\t\t<div class=\"elementor-widget-container\">\n\t\t\t\t\t\t\t\t\t\u2022 L\u2019urgence de la livraison \n\n\t\t\t\t\t\t\t\t<\/div>\n\t\t\t\t<\/div>\n\t\t\t\t<div class=\"elementor-element elementor-element-94b71b9 elementor-widget elementor-widget-text-editor\" data-id=\"94b71b9\" data-element_type=\"widget\" data-e-type=\"widget\" data-widget_type=\"text-editor.default\">\n\t\t\t\t<div class=\"elementor-widget-container\">\n\t\t\t\t\t\t\t\t\tLes tarifications ci-dessous sont donc donn\u00e9es \u00e0 titre indicatif et d\u2019exemple : \n\n\t\t\t\t\t\t\t\t<\/div>\n\t\t\t\t<\/div>\n\t\t\t\t<div class=\"elementor-element elementor-element-ee816c1 elementor-widget elementor-widget-text-editor\" data-id=\"ee816c1\" data-element_type=\"widget\" data-e-type=\"widget\" data-widget_type=\"text-editor.default\">\n\t\t\t\t<div class=\"elementor-widget-container\">\n\t\t\t\t\t\t\t\t\tFourchette de poids &#8211;> Exemple de tarification : \n\n\t\t\t\t\t\t\t\t<\/div>\n\t\t\t\t<\/div>\n\t\t\t\t<div class=\"elementor-element elementor-element-365c7a8 elementor-widget elementor-widget-text-editor\" data-id=\"365c7a8\" data-element_type=\"widget\" data-e-type=\"widget\" data-widget_type=\"text-editor.default\">\n\t\t\t\t<div class=\"elementor-widget-container\">\n\t\t\t\t\t\t\t\t\t\u2022 Entre 0KG et 2 KG &#8211;> de 6\u20ac \u00e0 10\u20ac\n\n \t\t\t\t\t\t\t\t<\/div>\n\t\t\t\t<\/div>\n\t\t\t\t<div class=\"elementor-element elementor-element-4311e94 elementor-widget elementor-widget-text-editor\" data-id=\"4311e94\" data-element_type=\"widget\" data-e-type=\"widget\" data-widget_type=\"text-editor.default\">\n\t\t\t\t<div class=\"elementor-widget-container\">\n\t\t\t\t\t\t\t\t\t\u2022 Entre 2KG et 4 KG &#8211;> de 8\u20ac \u00e0 12\u20ac\n\n \t\t\t\t\t\t\t\t<\/div>\n\t\t\t\t<\/div>\n\t\t\t\t<div class=\"elementor-element elementor-element-dcb62b0 elementor-widget elementor-widget-text-editor\" data-id=\"dcb62b0\" data-element_type=\"widget\" data-e-type=\"widget\" data-widget_type=\"text-editor.default\">\n\t\t\t\t<div class=\"elementor-widget-container\">\n\t\t\t\t\t\t\t\t\t\u2022 Entre 4KG et 10 KG &#8211;> de 10\u20ac \u00e0 15\u20ac \n\n\t\t\t\t\t\t\t\t<\/div>\n\t\t\t\t<\/div>\n\t\t\t\t<div class=\"elementor-element elementor-element-c08b556 elementor-widget elementor-widget-text-editor\" data-id=\"c08b556\" data-element_type=\"widget\" data-e-type=\"widget\" data-widget_type=\"text-editor.default\">\n\t\t\t\t<div class=\"elementor-widget-container\">\n\t\t\t\t\t\t\t\t\t\u2022 Entre 10KG et 20 KG &#8211;> de 15\u20ac \u00e0 20\u20ac \n\n\t\t\t\t\t\t\t\t<\/div>\n\t\t\t\t<\/div>\n\t\t\t\t<div class=\"elementor-element elementor-element-e95143d elementor-widget elementor-widget-text-editor\" data-id=\"e95143d\" data-element_type=\"widget\" data-e-type=\"widget\" data-widget_type=\"text-editor.default\">\n\t\t\t\t<div class=\"elementor-widget-container\">\n\t\t\t\t\t\t\t\t\tLes produits concern\u00e9s par ce retour pourront faire l\u2019objet d\u2019un \u00e9change ou d\u2019un remboursement. Le produit devra obligatoirement \u00eatre retourn\u00e9 en parfait \u00e9tat, dans son emballage d&#8217;origine intact et complet . Il devra \u00eatre accompagn\u00e9 de tous ses accessoires (documentation, \u00e9chantillons et autres offres commerciales) initialement ins\u00e9r\u00e9s dans le colis d\u2019origine accompagn\u00e9s de la facture d\u2019achat.\n\n \t\t\t\t\t\t\t\t<\/div>\n\t\t\t\t<\/div>\n\t\t\t\t<div class=\"elementor-element elementor-element-010131c elementor-widget elementor-widget-text-editor\" data-id=\"010131c\" data-element_type=\"widget\" data-e-type=\"widget\" data-widget_type=\"text-editor.default\">\n\t\t\t\t<div class=\"elementor-widget-container\">\n\t\t\t\t\t\t\t\t\tLes produits endommag\u00e9s, dont l\u2019emballage est descell\u00e9 ou qui ont \u00e9t\u00e9 partiellement consomm\u00e9s ne sont pas repris. Seul le prix du produit achet\u00e9 et les frais d\u2019envoi seront rembours\u00e9s, les frais de retour restant \u00e0 la charge du client. \n\n\t\t\t\t\t\t\t\t<\/div>\n\t\t\t\t<\/div>\n\t\t\t\t<div class=\"elementor-element elementor-element-3cc42de elementor-widget elementor-widget-text-editor\" data-id=\"3cc42de\" data-element_type=\"widget\" data-e-type=\"widget\" data-widget_type=\"text-editor.default\">\n\t\t\t\t<div class=\"elementor-widget-container\">\n\t\t\t\t\t\t\t\t\tSi vous souhaitez \u00eatre rembours\u00e9, nous vous adresserons un ch\u00e8que correspondant au prix des produits dans un d\u00e9lai inf\u00e9rieur ou \u00e9gal \u00e0 30 jours suivant l&#8217;envoi du courrier \u00e9lectronique ou de la lettre recommand\u00e9e avec avis de r\u00e9ception ou des produits retourn\u00e9s. \n\n\t\t\t\t\t\t\t\t<\/div>\n\t\t\t\t<\/div>\n\t\t\t\t<div class=\"elementor-element elementor-element-ccc84e7 elementor-widget elementor-widget-text-editor\" data-id=\"ccc84e7\" data-element_type=\"widget\" data-e-type=\"widget\" data-widget_type=\"text-editor.default\">\n\t\t\t\t<div class=\"elementor-widget-container\">\n\t\t\t\t\t\t\t\t\tEn cas d&#8217;annulation partielle d&#8217;une commande, la soci\u00e9t\u00e9 conservera le b\u00e9n\u00e9fice des frais de port correspondant au(x) produit(s) livr\u00e9(s). \n\n\t\t\t\t\t\t\t\t<\/div>\n\t\t\t\t<\/div>\n\t\t\t\t<div class=\"elementor-element elementor-element-77e2e16 elementor-widget elementor-widget-text-editor\" data-id=\"77e2e16\" data-element_type=\"widget\" data-e-type=\"widget\" data-widget_type=\"text-editor.default\">\n\t\t\t\t<div class=\"elementor-widget-container\">\n\t\t\t\t\t\t\t\t\tMOD\u00c8LE DE FORMULAIRE DE R\u00c9TRACTATION \n\n\t\t\t\t\t\t\t\t<\/div>\n\t\t\t\t<\/div>\n\t\t\t\t<div class=\"elementor-element elementor-element-955c6b0 elementor-widget elementor-widget-text-editor\" data-id=\"955c6b0\" data-element_type=\"widget\" data-e-type=\"widget\" data-widget_type=\"text-editor.default\">\n\t\t\t\t<div class=\"elementor-widget-container\">\n\t\t\t\t\t\t\t\t\t(Veuillez recopier et renvoyer le formulaire ci-apr\u00e8s uniquement si vous souhaitez vous r\u00e9tracter du contrat.) \n\n\t\t\t\t\t\t\t\t<\/div>\n\t\t\t\t<\/div>\n\t\t\t\t<div class=\"elementor-element elementor-element-c3b9ced elementor-widget elementor-widget-text-editor\" data-id=\"c3b9ced\" data-element_type=\"widget\" data-e-type=\"widget\" data-widget_type=\"text-editor.default\">\n\t\t\t\t<div class=\"elementor-widget-container\">\n\t\t\t\t\t\t\t\t\tA l&#8217;attention de : \n\n\t\t\t\t\t\t\t\t<\/div>\n\t\t\t\t<\/div>\n\t\t\t\t<div class=\"elementor-element elementor-element-83410c2 elementor-widget elementor-widget-text-editor\" data-id=\"83410c2\" data-element_type=\"widget\" data-e-type=\"widget\" data-widget_type=\"text-editor.default\">\n\t\t\t\t<div class=\"elementor-widget-container\">\n\t\t\t\t\t\t\t\t\tGrain de Sail \n\n\t\t\t\t\t\t\t\t<\/div>\n\t\t\t\t<\/div>\n\t\t\t\t<div class=\"elementor-element elementor-element-2eaa8b0 elementor-widget elementor-widget-text-editor\" data-id=\"2eaa8b0\" data-element_type=\"widget\" data-e-type=\"widget\" data-widget_type=\"text-editor.default\">\n\t\t\t\t<div class=\"elementor-widget-container\">\n\t\t\t\t\t\t\t\t\tService clients \n\n\t\t\t\t\t\t\t\t<\/div>\n\t\t\t\t<\/div>\n\t\t\t\t<div class=\"elementor-element elementor-element-97e0244 elementor-widget elementor-widget-text-editor\" data-id=\"97e0244\" data-element_type=\"widget\" data-e-type=\"widget\" data-widget_type=\"text-editor.default\">\n\t\t\t\t<div class=\"elementor-widget-container\">\n\t\t\t\t\t\t\t\t\t4 route du Bas de la Rivi\u00e8re\n\n \t\t\t\t\t\t\t\t<\/div>\n\t\t\t\t<\/div>\n\t\t\t\t<div class=\"elementor-element elementor-element-38ae328 elementor-widget elementor-widget-text-editor\" data-id=\"38ae328\" data-element_type=\"widget\" data-e-type=\"widget\" data-widget_type=\"text-editor.default\">\n\t\t\t\t<div class=\"elementor-widget-container\">\n\t\t\t\t\t\t\t\t\t29600 MORLAIX \n\n\t\t\t\t\t\t\t\t<\/div>\n\t\t\t\t<\/div>\n\t\t\t\t<div class=\"elementor-element elementor-element-1b3020b elementor-widget elementor-widget-text-editor\" data-id=\"1b3020b\" data-element_type=\"widget\" data-e-type=\"widget\" data-widget_type=\"text-editor.default\">\n\t\t\t\t<div class=\"elementor-widget-container\">\n\t\t\t\t\t\t\t\t\tJe\/nous (*) vous notifie\/notifions (*) par la pr\u00e9sente ma\/notre (*) r\u00e9tractation du contrat portant sur la vente du bien (*)\/pour la prestation de services (*) ci-dessous :\n\n \t\t\t\t\t\t\t\t<\/div>\n\t\t\t\t<\/div>\n\t\t\t\t<div class=\"elementor-element elementor-element-670fb18 elementor-widget elementor-widget-text-editor\" data-id=\"670fb18\" data-element_type=\"widget\" data-e-type=\"widget\" data-widget_type=\"text-editor.default\">\n\t\t\t\t<div class=\"elementor-widget-container\">\n\t\t\t\t\t\t\t\t\tCommand\u00e9 le (*)\/re\u00e7u le (*) :\n\n \t\t\t\t\t\t\t\t<\/div>\n\t\t\t\t<\/div>\n\t\t\t\t<div class=\"elementor-element elementor-element-b667a52 elementor-widget elementor-widget-text-editor\" data-id=\"b667a52\" data-element_type=\"widget\" data-e-type=\"widget\" data-widget_type=\"text-editor.default\">\n\t\t\t\t<div class=\"elementor-widget-container\">\n\t\t\t\t\t\t\t\t\tNom du (des) consommateur(s) : \n\n\t\t\t\t\t\t\t\t<\/div>\n\t\t\t\t<\/div>\n\t\t\t\t<div class=\"elementor-element elementor-element-891ffba elementor-widget elementor-widget-text-editor\" data-id=\"891ffba\" data-element_type=\"widget\" data-e-type=\"widget\" data-widget_type=\"text-editor.default\">\n\t\t\t\t<div class=\"elementor-widget-container\">\n\t\t\t\t\t\t\t\t\tAdresse du (des) consommateur(s) : \n\n\t\t\t\t\t\t\t\t<\/div>\n\t\t\t\t<\/div>\n\t\t\t\t<div class=\"elementor-element elementor-element-5af763e elementor-widget elementor-widget-text-editor\" data-id=\"5af763e\" data-element_type=\"widget\" data-e-type=\"widget\" data-widget_type=\"text-editor.default\">\n\t\t\t\t<div class=\"elementor-widget-container\">\n\t\t\t\t\t\t\t\t\tSignature du (des) consommateur(s) (uniquement en cas de notification du pr\u00e9sent formulaire sur papier) :\n\n \t\t\t\t\t\t\t\t<\/div>\n\t\t\t\t<\/div>\n\t\t\t\t<div class=\"elementor-element elementor-element-7661624 elementor-widget elementor-widget-text-editor\" data-id=\"7661624\" data-element_type=\"widget\" data-e-type=\"widget\" data-widget_type=\"text-editor.default\">\n\t\t\t\t<div class=\"elementor-widget-container\">\n\t\t\t\t\t\t\t\t\tDate : \n\n\t\t\t\t\t\t\t\t<\/div>\n\t\t\t\t<\/div>\n\t\t\t\t<div class=\"elementor-element elementor-element-de8704b elementor-widget elementor-widget-text-editor\" data-id=\"de8704b\" data-element_type=\"widget\" data-e-type=\"widget\" data-widget_type=\"text-editor.default\">\n\t\t\t\t<div class=\"elementor-widget-container\">\n\t\t\t\t\t\t\t\t\t(*) Rayez la mention inutile.\n\n \t\t\t\t\t\t\t\t<\/div>\n\t\t\t\t<\/div>\n\t\t\t\t<div class=\"elementor-element elementor-element-3c8cdd8 elementor-widget elementor-widget-text-editor\" data-id=\"3c8cdd8\" data-element_type=\"widget\" data-e-type=\"widget\" data-widget_type=\"text-editor.default\">\n\t\t\t\t<div class=\"elementor-widget-container\">\n\t\t\t\t\t\t\t\t\tPour que le d\u00e9lai de r\u00e9tractation soit respect\u00e9, il suffit que vous transmettiez votre communication relative \u00e0 l&#8217;exercice du droit de r\u00e9tractation avant l&#8217;expiration du d\u00e9lai de r\u00e9tractation. \n\n\t\t\t\t\t\t\t\t<\/div>\n\t\t\t\t<\/div>\n\t\t\t\t\t<\/div>\n\t\t<\/div>\n\t\t\t\t\t<\/div>\n\t\t<\/section>\n\t\t\t\t<section class=\"elementor-section elementor-inner-section elementor-element elementor-element-3349538 elementor-section-full_width elementor-section-height-default elementor-section-height-default\" data-id=\"3349538\" data-element_type=\"section\" data-e-type=\"section\">\n\t\t\t\t\t\t<div class=\"elementor-container elementor-column-gap-default\">\n\t\t\t\t\t<div class=\"elementor-column elementor-col-100 elementor-inner-column elementor-element elementor-element-273bf34\" data-id=\"273bf34\" data-element_type=\"column\" data-e-type=\"column\">\n\t\t\t<div class=\"elementor-widget-wrap elementor-element-populated\">\n\t\t\t\t\t\t<div class=\"elementor-element elementor-element-d843839 elementor-widget elementor-widget-heading\" data-id=\"d843839\" data-element_type=\"widget\" data-e-type=\"widget\" data-widget_type=\"heading.default\">\n\t\t\t\t<div class=\"elementor-widget-container\">\n\t\t\t\t\t<h2 class=\"elementor-heading-title elementor-size-default\">Article 11 : Force majeure\n<\/h2>\t\t\t\t<\/div>\n\t\t\t\t<\/div>\n\t\t\t\t<div class=\"elementor-element elementor-element-808ac89 elementor-widget elementor-widget-text-editor\" data-id=\"808ac89\" data-element_type=\"widget\" data-e-type=\"widget\" data-widget_type=\"text-editor.default\">\n\t\t\t\t<div class=\"elementor-widget-container\">\n\t\t\t\t\t\t\t\t\tLes Parties ne pourront \u00eatre tenues pour responsables si la non-ex\u00e9cution ou le retard dans l\u2019ex\u00e9cution de l\u2019une quelconque de leurs obligations d\u00e9coule d\u2019un cas de force majeure ou cas fortuit. Seront consid\u00e9r\u00e9s comme tels les \u00e9v\u00e8nements d\u00e9finis \u00e0 l\u2019article 1218 du code civil et les cas habituellement reconnus comme tels par la jurisprudence fran\u00e7aise, incluant tous faits ou circonstances irr\u00e9sistibles, ext\u00e9rieurs aux parties, impr\u00e9visibles, in\u00e9vitables, ind\u00e9pendants de la volont\u00e9 des parties et qui ne pourra \u00eatre emp\u00each\u00e9 par ces derni\u00e8res, malgr\u00e9 tous les efforts raisonnablement possibles. (Exemple : perturbation, de gr\u00e8ve totale ou partielle, notamment des services postaux, des moyens de transport et\/ou de communication, inondation, incendie.  \n\n\t\t\t\t\t\t\t\t<\/div>\n\t\t\t\t<\/div>\n\t\t\t\t<div class=\"elementor-element elementor-element-74f7961 elementor-widget elementor-widget-text-editor\" data-id=\"74f7961\" data-element_type=\"widget\" data-e-type=\"widget\" data-widget_type=\"text-editor.default\">\n\t\t\t\t<div class=\"elementor-widget-container\">\n\t\t\t\t\t\t\t\t\tLa responsabilit\u00e9 du Vendeur ne saurait \u00eatre engag\u00e9e en cas de force majeure. \n\n\t\t\t\t\t\t\t\t<\/div>\n\t\t\t\t<\/div>\n\t\t\t\t\t<\/div>\n\t\t<\/div>\n\t\t\t\t\t<\/div>\n\t\t<\/section>\n\t\t\t\t<section class=\"elementor-section elementor-inner-section elementor-element elementor-element-dd5d123 elementor-section-full_width elementor-section-height-default elementor-section-height-default\" data-id=\"dd5d123\" data-element_type=\"section\" data-e-type=\"section\">\n\t\t\t\t\t\t<div class=\"elementor-container elementor-column-gap-default\">\n\t\t\t\t\t<div class=\"elementor-column elementor-col-100 elementor-inner-column elementor-element elementor-element-4e15247\" data-id=\"4e15247\" data-element_type=\"column\" data-e-type=\"column\">\n\t\t\t<div class=\"elementor-widget-wrap elementor-element-populated\">\n\t\t\t\t\t\t<div class=\"elementor-element elementor-element-294ebb7 elementor-widget elementor-widget-heading\" data-id=\"294ebb7\" data-element_type=\"widget\" data-e-type=\"widget\" data-widget_type=\"heading.default\">\n\t\t\t\t<div class=\"elementor-widget-container\">\n\t\t\t\t\t<h2 class=\"elementor-heading-title elementor-size-default\">Article 12 : Informations nominatives\n<\/h2>\t\t\t\t<\/div>\n\t\t\t\t<\/div>\n\t\t\t\t<div class=\"elementor-element elementor-element-bccab5b elementor-widget elementor-widget-text-editor\" data-id=\"bccab5b\" data-element_type=\"widget\" data-e-type=\"widget\" data-widget_type=\"text-editor.default\">\n\t\t\t\t<div class=\"elementor-widget-container\">\n\t\t\t\t\t\t\t\t\tAfin de r\u00e9pondre \u00e0 vos besoins et d&#8217;assurer un service \u00e0 distance optimal, nous sommes amen\u00e9s \u00e0 enregistrer certains \u00e9l\u00e9ments vous concernant (nom, pr\u00e9nom, adresse, mail). \n\n\t\t\t\t\t\t\t\t<\/div>\n\t\t\t\t<\/div>\n\t\t\t\t<div class=\"elementor-element elementor-element-d68e048 elementor-widget elementor-widget-text-editor\" data-id=\"d68e048\" data-element_type=\"widget\" data-e-type=\"widget\" data-widget_type=\"text-editor.default\">\n\t\t\t\t<div class=\"elementor-widget-container\">\n\t\t\t\t\t\t\t\t\tNous nous engageons \u00e0 ne pas divulguer les informations qui nous sont communiqu\u00e9es. Elles ne seront utilis\u00e9es que pour traiter les commandes et pour personnaliser la communication aupr\u00e8s de nos clients. \n\n\t\t\t\t\t\t\t\t<\/div>\n\t\t\t\t<\/div>\n\t\t\t\t<div class=\"elementor-element elementor-element-b97344f elementor-widget elementor-widget-text-editor\" data-id=\"b97344f\" data-element_type=\"widget\" data-e-type=\"widget\" data-widget_type=\"text-editor.default\">\n\t\t\t\t<div class=\"elementor-widget-container\">\n\t\t\t\t\t\t\t\t\t&#8211; R\u00e8gles sp\u00e9cifiques au d\u00e9marchage t\u00e9l\u00e9phonique :  \n\n\t\t\t\t\t\t\t\t<\/div>\n\t\t\t\t<\/div>\n\t\t\t\t<div class=\"elementor-element elementor-element-efde2ab elementor-widget elementor-widget-text-editor\" data-id=\"efde2ab\" data-element_type=\"widget\" data-e-type=\"widget\" data-widget_type=\"text-editor.default\">\n\t\t\t\t<div class=\"elementor-widget-container\">\n\t\t\t\t\t\t\t\t\tVous disposez du droit de vous inscrire gratuitement sur une liste d&#8217;opposition au d\u00e9marchage t\u00e9l\u00e9phonique sur le site internet https:\/\/www.bloctel.gouv.fr\/ si vous ne souhaitez pas faire l&#8217;objet de prospection commerciale par t\u00e9l\u00e9phone de la part d&#8217;entreprises avec lesquelles vous n&#8217;avez pas de relation contractuelle. L&#8217;inscription peut aussi se faire par courrier en transmettant \u00e0 : &#8220;Worldline &#8211; Service Bloctel CS 61311 &#8211; 41013 Blois Cedex &#8221; : nom. pr\u00e9nom.\n\n\n \t\t\t\t\t\t\t\t<\/div>\n\t\t\t\t<\/div>\n\t\t\t\t<div class=\"elementor-element elementor-element-ed15f62 elementor-widget elementor-widget-text-editor\" data-id=\"ed15f62\" data-element_type=\"widget\" data-e-type=\"widget\" data-widget_type=\"text-editor.default\">\n\t\t\t\t<div class=\"elementor-widget-container\">\n\t\t\t\t\t\t\t\t\t<strong>L\u2019entreprise ne r\u00e9alise pas de d\u00e9marchage t\u00e9l\u00e9phonique.  <\/strong> \n\n\t\t\t\t\t\t\t\t<\/div>\n\t\t\t\t<\/div>\n\t\t\t\t<div class=\"elementor-element elementor-element-ef0a786 elementor-widget elementor-widget-text-editor\" data-id=\"ef0a786\" data-element_type=\"widget\" data-e-type=\"widget\" data-widget_type=\"text-editor.default\">\n\t\t\t\t<div class=\"elementor-widget-container\">\n\t\t\t\t\t\t\t\t\tEn application du R\u00e8glement G\u00e9n\u00e9ral sur la Protection des Donn\u00e9es n\u00b02016\/679 et de la loi n\u00b078-17 du 6 janvier 1978 modifi\u00e9e (loi Informatique et Libert\u00e9s), le Client dispose d\u2019un droit d\u2019acc\u00e8s, de rectification, d\u2019effacement, d\u2019opposition, de limitation du traitement et de portabilit\u00e9 des donn\u00e9es le concernant.  \n\n \t\t\t\t\t\t\t\t<\/div>\n\t\t\t\t<\/div>\n\t\t\t\t<div class=\"elementor-element elementor-element-4a2ca9b elementor-widget elementor-widget-text-editor\" data-id=\"4a2ca9b\" data-element_type=\"widget\" data-e-type=\"widget\" data-widget_type=\"text-editor.default\">\n\t\t\t\t<div class=\"elementor-widget-container\">\n\t\t\t\t\t\t\t\t\tLe Client dispose d\u2019un droit d\u2019introduire une r\u00e9clamation aupr\u00e8s d\u2019une autorit\u00e9 de contr\u00f4le, en particulier aupr\u00e8s de la Commission Nationale de l\u2019Informatique et des Libert\u00e9s (CNIL), s&#8217;il consid\u00e8re que le traitement de donn\u00e9es \u00e0 caract\u00e8re personnel le concernant constitue une violation du R\u00e8glement G\u00e9n\u00e9ral sur la Protection des Donn\u00e9es et de la loi Informatique et Libert\u00e9s. \n\n\t\t\t\t\t\t\t\t<\/div>\n\t\t\t\t<\/div>\n\t\t\t\t<div class=\"elementor-element elementor-element-9749e11 elementor-widget elementor-widget-text-editor\" data-id=\"9749e11\" data-element_type=\"widget\" data-e-type=\"widget\" data-widget_type=\"text-editor.default\">\n\t\t\t\t<div class=\"elementor-widget-container\">\n\t\t\t\t\t\t\t\t\tRetrouvez les infos de la CNIL ici :   <a href=\"https:\/\/www.cnil.fr\/fr\/mes-demarches\/les-droits-pour-maitriser-vos-donnees-personnelles\" target=\"_blank\">Les droits pour ma\u00eetriser vos donn\u00e9es personnelles | CNIL <\/a> \n\n\t\t\t\t\t\t\t\t<\/div>\n\t\t\t\t<\/div>\n\t\t\t\t<div class=\"elementor-element elementor-element-5b61b8b elementor-widget elementor-widget-text-editor\" data-id=\"5b61b8b\" data-element_type=\"widget\" data-e-type=\"widget\" data-widget_type=\"text-editor.default\">\n\t\t\t\t<div class=\"elementor-widget-container\">\n\t\t\t\t\t\t\t\t\tOu il vous suffit d\u2019adresser votre demande par courrier : \n\n\t\t\t\t\t\t\t\t<\/div>\n\t\t\t\t<\/div>\n\t\t\t\t<div class=\"elementor-element elementor-element-3129838 elementor-widget elementor-widget-text-editor\" data-id=\"3129838\" data-element_type=\"widget\" data-e-type=\"widget\" data-widget_type=\"text-editor.default\">\n\t\t\t\t<div class=\"elementor-widget-container\">\n\t\t\t\t\t\t\t\t\t<strong>Grain de Sail <\/strong> \n\n\t\t\t\t\t\t\t\t<\/div>\n\t\t\t\t<\/div>\n\t\t\t\t<div class=\"elementor-element elementor-element-5b6e703 elementor-widget elementor-widget-text-editor\" data-id=\"5b6e703\" data-element_type=\"widget\" data-e-type=\"widget\" data-widget_type=\"text-editor.default\">\n\t\t\t\t<div class=\"elementor-widget-container\">\n\t\t\t\t\t\t\t\t\t4 route du Bas de la Rivi\u00e8re<br>\n29600 Morlaix \t\t\t\t\t\t\t\t<\/div>\n\t\t\t\t<\/div>\n\t\t\t\t<div class=\"elementor-element elementor-element-75d6fb4 elementor-widget elementor-widget-text-editor\" data-id=\"75d6fb4\" data-element_type=\"widget\" data-e-type=\"widget\" data-widget_type=\"text-editor.default\">\n\t\t\t\t<div class=\"elementor-widget-container\">\n\t\t\t\t\t\t\t\t\t&#8211; M\u00e9diation de la consommation :\n \n\t\t\t\t\t\t\t\t<\/div>\n\t\t\t\t<\/div>\n\t\t\t\t<div class=\"elementor-element elementor-element-dfd54ee elementor-widget elementor-widget-text-editor\" data-id=\"dfd54ee\" data-element_type=\"widget\" data-e-type=\"widget\" data-widget_type=\"text-editor.default\">\n\t\t\t\t<div class=\"elementor-widget-container\">\n\t\t\t\t\t\t\t\t\tConform\u00e9ment aux dispositions des articles L 611-1 et R 612-1 et suivants du Code de la Consommation concernant le r\u00e8glement amiable des litiges : Lorsque le consommateur a adress\u00e9 une r\u00e9clamation \u00e9crite au professionnel et qu\u2019il n\u2019a pas obtenu satisfaction ou de r\u00e9ponse dans un d\u00e9lai de deux mois, il peut soumettre gratuitement sa r\u00e9clamation au m\u00e9diateur de la consommation. Le m\u00e9diateur doit \u00eatre saisi dans le d\u00e9lai maximal d\u2019un an \u00e0 compter de la r\u00e9clamation initiale.\n\n \t\t\t\t\t\t\t\t<\/div>\n\t\t\t\t<\/div>\n\t\t\t\t<div class=\"elementor-element elementor-element-cb7738f elementor-widget elementor-widget-text-editor\" data-id=\"cb7738f\" data-element_type=\"widget\" data-e-type=\"widget\" data-widget_type=\"text-editor.default\">\n\t\t\t\t<div class=\"elementor-widget-container\">\n\t\t\t\t\t\t\t\t\tLe recours au m\u00e9diateur n\u2019est possible que dans un d\u00e9lai de 12 mois suivant l\u2019envoi d\u2019une <strong>r\u00e9clamation \u00e9crite<\/strong> aupr\u00e8s du commer\u00e7ant puis du service client, selon les modalit\u00e9s pr\u00e9vues par l\u2019enseigne, et uniquement si votre litige n\u2019a pas \u00e9t\u00e9 pr\u00e9c\u00e9demment ou n\u2019est pas actuellement examin\u00e9 par un m\u00e9diateur, une autre instance ou par un tribunal.  \n\n\t\t\t\t\t\t\t\t<\/div>\n\t\t\t\t<\/div>\n\t\t\t\t<div class=\"elementor-element elementor-element-ad0e2f5 elementor-widget elementor-widget-text-editor\" data-id=\"ad0e2f5\" data-element_type=\"widget\" data-e-type=\"widget\" data-widget_type=\"text-editor.default\">\n\t\t\t\t<div class=\"elementor-widget-container\">\n\t\t\t\t\t\t\t\t\tVous pouvez nous soumettre votre demande par courrier, ou directement en ligne sur notre site internet et en ajoutant les \u00e9l\u00e9ments relatifs \u00e0 votre demande. (Parmi ces documents doivent \u00eatre fournis : La ou les preuve(s) d\u2019achat, des \u00e9changes avec le commer\u00e7ant et\/ou son service clients) \n\n\t\t\t\t\t\t\t\t<\/div>\n\t\t\t\t<\/div>\n\t\t\t\t<div class=\"elementor-element elementor-element-f6e9e36 elementor-widget elementor-widget-text-editor\" data-id=\"f6e9e36\" data-element_type=\"widget\" data-e-type=\"widget\" data-widget_type=\"text-editor.default\">\n\t\t\t\t<div class=\"elementor-widget-container\">\n\t\t\t\t\t\t\t\t\tAUCUNE SAISINE DU M\u00c9DIATEUR NE PEUT \u00caTRE FAITE PAR T\u00c9L\u00c9PHONE \n\n\t\t\t\t\t\t\t\t<\/div>\n\t\t\t\t<\/div>\n\t\t\t\t<div class=\"elementor-element elementor-element-6545522 elementor-widget elementor-widget-text-editor\" data-id=\"6545522\" data-element_type=\"widget\" data-e-type=\"widget\" data-widget_type=\"text-editor.default\">\n\t\t\t\t<div class=\"elementor-widget-container\">\n\t\t\t\t\t\t\t\t\tLe m\u00e9diateur MCP MEDIATION peut \u00eatre saisi directement en ligne \u00e0 l&#8217;adresse suivante : <a href=\"http:\/\/www.mcpmediation.org\" target=\"_blank\">www.mcpmediation.org<\/a> \n \t\t\t\t\t\t\t\t<\/div>\n\t\t\t\t<\/div>\n\t\t\t\t<div class=\"elementor-element elementor-element-caf8471 elementor-widget elementor-widget-text-editor\" data-id=\"caf8471\" data-element_type=\"widget\" data-e-type=\"widget\" data-widget_type=\"text-editor.default\">\n\t\t\t\t<div class=\"elementor-widget-container\">\n\t\t\t\t\t\t\t\t\tou par courrier M\u00c9DIATION DE LA CONSOMMATION &#038; PATRIMOINE &#8211; 12 Square Desnouettes &#8211; 75015 PARIS \n\n\t\t\t\t\t\t\t\t<\/div>\n\t\t\t\t<\/div>\n\t\t\t\t\t<\/div>\n\t\t<\/div>\n\t\t\t\t\t<\/div>\n\t\t<\/section>\n\t\t\t\t<section class=\"elementor-section elementor-inner-section elementor-element elementor-element-c8cc234 elementor-section-full_width elementor-section-height-default elementor-section-height-default\" data-id=\"c8cc234\" data-element_type=\"section\" data-e-type=\"section\">\n\t\t\t\t\t\t<div class=\"elementor-container elementor-column-gap-default\">\n\t\t\t\t\t<div class=\"elementor-column elementor-col-100 elementor-inner-column elementor-element elementor-element-8225577\" data-id=\"8225577\" data-element_type=\"column\" data-e-type=\"column\">\n\t\t\t<div class=\"elementor-widget-wrap elementor-element-populated\">\n\t\t\t\t\t\t<div class=\"elementor-element elementor-element-8dec549 elementor-widget elementor-widget-heading\" data-id=\"8dec549\" data-element_type=\"widget\" data-e-type=\"widget\" data-widget_type=\"heading.default\">\n\t\t\t\t<div class=\"elementor-widget-container\">\n\t\t\t\t\t<h2 class=\"elementor-heading-title elementor-size-default\">Article 13 : Propri\u00e9t\u00e9 intellectuelle\n<\/h2>\t\t\t\t<\/div>\n\t\t\t\t<\/div>\n\t\t\t\t<div class=\"elementor-element elementor-element-171dd05 elementor-widget elementor-widget-text-editor\" data-id=\"171dd05\" data-element_type=\"widget\" data-e-type=\"widget\" data-widget_type=\"text-editor.default\">\n\t\t\t\t<div class=\"elementor-widget-container\">\n\t\t\t\t\t\t\t\t\tLa soci\u00e9t\u00e9 est propri\u00e9taire du site <a href=\"https:\/\/graindesail.com\/\">www.graindesail.com<\/a> et titulaire de l&#8217;ensemble des droits y aff\u00e9rent. Les textes, commentaires, images de produits sont r\u00e9serv\u00e9s au titre du droit d&#8217;auteur ainsi qu&#8217;au titre de la propri\u00e9t\u00e9 intellectuelle. Sauf notre autorisation pr\u00e9alable, il est interdit de copier ou de t\u00e9l\u00e9charger tout ou partie du contenu du site. \n\n \t\t\t\t\t\t\t\t<\/div>\n\t\t\t\t<\/div>\n\t\t\t\t\t<\/div>\n\t\t<\/div>\n\t\t\t\t\t<\/div>\n\t\t<\/section>\n\t\t\t\t<section class=\"elementor-section elementor-inner-section elementor-element elementor-element-ba34c57 elementor-section-full_width elementor-section-height-default elementor-section-height-default\" data-id=\"ba34c57\" data-element_type=\"section\" data-e-type=\"section\">\n\t\t\t\t\t\t<div class=\"elementor-container elementor-column-gap-default\">\n\t\t\t\t\t<div class=\"elementor-column elementor-col-100 elementor-inner-column elementor-element elementor-element-65e3c37\" data-id=\"65e3c37\" data-element_type=\"column\" data-e-type=\"column\">\n\t\t\t<div class=\"elementor-widget-wrap elementor-element-populated\">\n\t\t\t\t\t\t<div class=\"elementor-element elementor-element-b1da82d elementor-widget elementor-widget-heading\" data-id=\"b1da82d\" data-element_type=\"widget\" data-e-type=\"widget\" data-widget_type=\"heading.default\">\n\t\t\t\t<div class=\"elementor-widget-container\">\n\t\t\t\t\t<h2 class=\"elementor-heading-title elementor-size-default\">Article 14 : L\u00e9gislation applicable et juridiction comp\u00e9tente\n<\/h2>\t\t\t\t<\/div>\n\t\t\t\t<\/div>\n\t\t\t\t<div class=\"elementor-element elementor-element-19d9459 elementor-widget elementor-widget-text-editor\" data-id=\"19d9459\" data-element_type=\"widget\" data-e-type=\"widget\" data-widget_type=\"text-editor.default\">\n\t\t\t\t<div class=\"elementor-widget-container\">\n\t\t\t\t\t\t\t\t\tEn cas de difficult\u00e9s dans l&#8217;application des pr\u00e9sentes conditions g\u00e9n\u00e9rales de vente, nous vous invitons \u00e0 rechercher une solution amiable en prenant contact avec notre service clients. \n\n\t\t\t\t\t\t\t\t<\/div>\n\t\t\t\t<\/div>\n\t\t\t\t<div class=\"elementor-element elementor-element-3092e1a elementor-widget elementor-widget-text-editor\" data-id=\"3092e1a\" data-element_type=\"widget\" data-e-type=\"widget\" data-widget_type=\"text-editor.default\">\n\t\t\t\t<div class=\"elementor-widget-container\">\n\t\t\t\t\t\t\t\t\t<strong>Service clients<\/strong> \n\n \t\t\t\t\t\t\t\t<\/div>\n\t\t\t\t<\/div>\n\t\t\t\t<div class=\"elementor-element elementor-element-3b68c13 elementor-widget elementor-widget-text-editor\" data-id=\"3b68c13\" data-element_type=\"widget\" data-e-type=\"widget\" data-widget_type=\"text-editor.default\">\n\t\t\t\t<div class=\"elementor-widget-container\">\n\t\t\t\t\t\t\t\t\t4 route du Bas de la Rivi\u00e8re<br>\n29600 MORLAIX\n\n\t\t\t\t\t\t\t\t<\/div>\n\t\t\t\t<\/div>\n\t\t\t\t<div class=\"elementor-element elementor-element-340947c elementor-widget elementor-widget-text-editor\" data-id=\"340947c\" data-element_type=\"widget\" data-e-type=\"widget\" data-widget_type=\"text-editor.default\">\n\t\t\t\t<div class=\"elementor-widget-container\">\n\t\t\t\t\t\t\t\t\tDu lundi au vendredi : de 9h \u00e0 18h\n\n \t\t\t\t\t\t\t\t<\/div>\n\t\t\t\t<\/div>\n\t\t\t\t<div class=\"elementor-element elementor-element-8320c40 elementor-widget elementor-widget-text-editor\" data-id=\"8320c40\" data-element_type=\"widget\" data-e-type=\"widget\" data-widget_type=\"text-editor.default\">\n\t\t\t\t<div class=\"elementor-widget-container\">\n\t\t\t\t\t\t\t\t\tTel. : 02 98 62 40 91<br>\nMail : service.clients@graindesail.com \t\t\t\t\t\t\t\t<\/div>\n\t\t\t\t<\/div>\n\t\t\t\t<div class=\"elementor-element elementor-element-15b3a77 elementor-widget elementor-widget-text-editor\" data-id=\"15b3a77\" data-element_type=\"widget\" data-e-type=\"widget\" data-widget_type=\"text-editor.default\">\n\t\t\t\t<div class=\"elementor-widget-container\">\n\t\t\t\t\t\t\t\t\tEn cas d&#8217;\u00e9chec des n\u00e9gociations, les dispositions suivantes trouveront \u00e0 s&#8217;appliquer :\n\n \t\t\t\t\t\t\t\t<\/div>\n\t\t\t\t<\/div>\n\t\t\t\t<div class=\"elementor-element elementor-element-921f5ec elementor-widget elementor-widget-text-editor\" data-id=\"921f5ec\" data-element_type=\"widget\" data-e-type=\"widget\" data-widget_type=\"text-editor.default\">\n\t\t\t\t<div class=\"elementor-widget-container\">\n\t\t\t\t\t\t\t\t\t\u2022 Contrat conclu par un consommateur fran\u00e7ais \u00e0 partir de la France : Le pr\u00e9sent contrat est soumis \u00e0 la l\u00e9gislation fran\u00e7aise. Tout litige survenu dans le cadre de l&#8217;ex\u00e9cution ou de l&#8217;interpr\u00e9tation du pr\u00e9sent contrat sera port\u00e9 devant la juridiction du domicile du d\u00e9fendeur.\n\n \t\t\t\t\t\t\t\t<\/div>\n\t\t\t\t<\/div>\n\t\t\t\t<div class=\"elementor-element elementor-element-c5e6ef9 elementor-widget elementor-widget-text-editor\" data-id=\"c5e6ef9\" data-element_type=\"widget\" data-e-type=\"widget\" data-widget_type=\"text-editor.default\">\n\t\t\t\t<div class=\"elementor-widget-container\">\n\t\t\t\t\t\t\t\t\t\u2022 Contrat conclu par un consommateur passant commande depuis un autre pays de l&#8217;Union Europ\u00e9enne : Le pr\u00e9sent contrat est soumis \u00e0 la l\u00e9gislation fran\u00e7aise. Tout litige survenu dans le cadre de l&#8217;ex\u00e9cution ou de l&#8217;interpr\u00e9tation du pr\u00e9sent contrat sera port\u00e9 devant les juridictions comp\u00e9tentes en vertu des directives et r\u00e8glements de l&#8217;Union Europ\u00e9enne (notamment Convention de Bruxelles, 27 septembre 1968).\n\n \t\t\t\t\t\t\t\t<\/div>\n\t\t\t\t<\/div>\n\t\t\t\t\t<\/div>\n\t\t<\/div>\n\t\t\t\t\t<\/div>\n\t\t<\/section>\n\t\t\t\t<section class=\"elementor-section elementor-inner-section elementor-element elementor-element-b9b73cf elementor-section-full_width elementor-section-height-default elementor-section-height-default\" data-id=\"b9b73cf\" data-element_type=\"section\" data-e-type=\"section\">\n\t\t\t\t\t\t<div class=\"elementor-container elementor-column-gap-default\">\n\t\t\t\t\t<div class=\"elementor-column elementor-col-100 elementor-inner-column elementor-element elementor-element-04a8a27\" data-id=\"04a8a27\" data-element_type=\"column\" data-e-type=\"column\">\n\t\t\t<div class=\"elementor-widget-wrap elementor-element-populated\">\n\t\t\t\t\t\t<div class=\"elementor-element elementor-element-67a4bbb elementor-widget elementor-widget-heading\" data-id=\"67a4bbb\" data-element_type=\"widget\" data-e-type=\"widget\" data-widget_type=\"heading.default\">\n\t\t\t\t<div class=\"elementor-widget-container\">\n\t\t\t\t\t<h2 class=\"elementor-heading-title elementor-size-default\">Article 15 : Non validation partielle\n<\/h2>\t\t\t\t<\/div>\n\t\t\t\t<\/div>\n\t\t\t\t<div class=\"elementor-element elementor-element-0173b8c elementor-widget elementor-widget-text-editor\" data-id=\"0173b8c\" data-element_type=\"widget\" data-e-type=\"widget\" data-widget_type=\"text-editor.default\">\n\t\t\t\t<div class=\"elementor-widget-container\">\n\t\t\t\t\t\t\t\t\tSi une ou plusieurs stipulations des pr\u00e9sentes conditions g\u00e9n\u00e9rales sont tenues pour non valides ou d\u00e9clar\u00e9es telles en application d\u2019une loi, d\u2019un r\u00e8glement ou \u00e0 la suite d\u2019une d\u00e9cision d\u00e9finitive d\u2019une juridiction comp\u00e9tente, les autres stipulations garderont toute leur force et leur port\u00e9e.\n\n \t\t\t\t\t\t\t\t<\/div>\n\t\t\t\t<\/div>\n\t\t\t\t\t<\/div>\n\t\t<\/div>\n\t\t\t\t\t<\/div>\n\t\t<\/section>\n\t\t\t\t<section class=\"elementor-section elementor-inner-section elementor-element elementor-element-45d8eed elementor-section-full_width elementor-section-height-default elementor-section-height-default\" data-id=\"45d8eed\" data-element_type=\"section\" data-e-type=\"section\">\n\t\t\t\t\t\t<div class=\"elementor-container elementor-column-gap-default\">\n\t\t\t\t\t<div class=\"elementor-column elementor-col-100 elementor-inner-column elementor-element elementor-element-8fb003e\" data-id=\"8fb003e\" data-element_type=\"column\" data-e-type=\"column\">\n\t\t\t<div class=\"elementor-widget-wrap elementor-element-populated\">\n\t\t\t\t\t\t<div class=\"elementor-element elementor-element-01a402d elementor-widget elementor-widget-heading\" data-id=\"01a402d\" data-element_type=\"widget\" data-e-type=\"widget\" data-widget_type=\"heading.default\">\n\t\t\t\t<div class=\"elementor-widget-container\">\n\t\t\t\t\t<h2 class=\"elementor-heading-title elementor-size-default\">Article 16 : r\u00e9clamations clients\n<\/h2>\t\t\t\t<\/div>\n\t\t\t\t<\/div>\n\t\t\t\t<div class=\"elementor-element elementor-element-a0676a1 elementor-widget elementor-widget-text-editor\" data-id=\"a0676a1\" data-element_type=\"widget\" data-e-type=\"widget\" data-widget_type=\"text-editor.default\">\n\t\t\t\t<div class=\"elementor-widget-container\">\n\t\t\t\t\t\t\t\t\t<p><strong>16.1 \u2013 R\u00e9clamations relatives au Produit<\/strong><\/p>\t\t\t\t\t\t\t\t<\/div>\n\t\t\t\t<\/div>\n\t\t\t\t<div class=\"elementor-element elementor-element-634c441 elementor-widget elementor-widget-text-editor\" data-id=\"634c441\" data-element_type=\"widget\" data-e-type=\"widget\" data-widget_type=\"text-editor.default\">\n\t\t\t\t<div class=\"elementor-widget-container\">\n\t\t\t\t\t\t\t\t\t\u00c0 tout moment, le client a la possibilit\u00e9 de contacter GRAIN DE SAIL, d\u2019adresser toute demande relative aux Produits command\u00e9s en utilisant l\u2019outil de messagerie mis \u00e0 disposition dans le cadre du Service, notamment pour faire valoir ses garanties quand elles sont en cours.\n\n \t\t\t\t\t\t\t\t<\/div>\n\t\t\t\t<\/div>\n\t\t\t\t<div class=\"elementor-element elementor-element-deaf56c elementor-widget elementor-widget-text-editor\" data-id=\"deaf56c\" data-element_type=\"widget\" data-e-type=\"widget\" data-widget_type=\"text-editor.default\">\n\t\t\t\t<div class=\"elementor-widget-container\">\n\t\t\t\t\t\t\t\t\tLe client peut d\u00e9poser une r\u00e9clamation concernant les Produits command\u00e9s dans un d\u00e9lai de quatorze jours \u00e0 partir de la date de livraison effective du colis.\n\n \t\t\t\t\t\t\t\t<\/div>\n\t\t\t\t<\/div>\n\t\t\t\t<div class=\"elementor-element elementor-element-e99bb2b elementor-widget elementor-widget-text-editor\" data-id=\"e99bb2b\" data-element_type=\"widget\" data-e-type=\"widget\" data-widget_type=\"text-editor.default\">\n\t\t\t\t<div class=\"elementor-widget-container\">\n\t\t\t\t\t\t\t\t\tLe client devra joindre \u00e0 la r\u00e9clamation tous les \u00e9l\u00e9ments n\u00e9cessaires \u00e0 la prise en compte du probl\u00e8me : photos de l\u2019emballage, du produit, r\u00e9f\u00e9rence du produit, num\u00e9ro de lot, lieu d\u2019achats\n\n \t\t\t\t\t\t\t\t<\/div>\n\t\t\t\t<\/div>\n\t\t\t\t<div class=\"elementor-element elementor-element-c64e219 elementor-widget elementor-widget-text-editor\" data-id=\"c64e219\" data-element_type=\"widget\" data-e-type=\"widget\" data-widget_type=\"text-editor.default\">\n\t\t\t\t<div class=\"elementor-widget-container\">\n\t\t\t\t\t\t\t\t\tSi la r\u00e9clamation s\u2019av\u00e8re fond\u00e9e, GRAIN DE SAIL peut proc\u00e9der soit au renvoi du (ou des) Produit(s), soit au remboursement du (ou des) Produit(s) ou d\u2019une remise sur le site internet.\n\n \t\t\t\t\t\t\t\t<\/div>\n\t\t\t\t<\/div>\n\t\t\t\t<div class=\"elementor-element elementor-element-316ad5d elementor-widget elementor-widget-text-editor\" data-id=\"316ad5d\" data-element_type=\"widget\" data-e-type=\"widget\" data-widget_type=\"text-editor.default\">\n\t\t\t\t<div class=\"elementor-widget-container\">\n\t\t\t\t\t\t\t\t\t<strong>16.2 \u2013 R\u00e9clamations relatives \u00e0 la livraison<\/strong> \n\n \t\t\t\t\t\t\t\t<\/div>\n\t\t\t\t<\/div>\n\t\t\t\t<div class=\"elementor-element elementor-element-372995e elementor-widget elementor-widget-text-editor\" data-id=\"372995e\" data-element_type=\"widget\" data-e-type=\"widget\" data-widget_type=\"text-editor.default\">\n\t\t\t\t<div class=\"elementor-widget-container\">\n\t\t\t\t\t\t\t\t\tLa satisfaction des clients est tr\u00e8s importante pour GRAIN DE SAIL.\n\n \t\t\t\t\t\t\t\t<\/div>\n\t\t\t\t<\/div>\n\t\t\t\t<div class=\"elementor-element elementor-element-7d4f612 elementor-widget elementor-widget-text-editor\" data-id=\"7d4f612\" data-element_type=\"widget\" data-e-type=\"widget\" data-widget_type=\"text-editor.default\">\n\t\t\t\t<div class=\"elementor-widget-container\">\n\t\t\t\t\t\t\t\t\tNotre Service Client s\u2019engage, dans la mesure du possible, a\u0300 prendre l\u2019ensemble des dispositions et actions n\u00e9cessaires afin de procurer la satisfaction la plus compl\u00e8te aux Utilisateurs.\n\n \t\t\t\t\t\t\t\t<\/div>\n\t\t\t\t<\/div>\n\t\t\t\t<div class=\"elementor-element elementor-element-37ee0de elementor-widget elementor-widget-text-editor\" data-id=\"37ee0de\" data-element_type=\"widget\" data-e-type=\"widget\" data-widget_type=\"text-editor.default\">\n\t\t\t\t<div class=\"elementor-widget-container\">\n\t\t\t\t\t\t\t\t\t<p>Toute r\u00e9clamation d\u2019un client ayant uniquement pour objet la Livraison (\u00e0 savoir exclusivement le transport de Commandes et en aucun cas son contenu), devra \u00eatre justifi\u00e9 par des \u00e9l\u00e9ments de tra\u00e7abilit\u00e9.<\/p>\t\t\t\t\t\t\t\t<\/div>\n\t\t\t\t<\/div>\n\t\t\t\t<div class=\"elementor-element elementor-element-e989298 elementor-widget elementor-widget-text-editor\" data-id=\"e989298\" data-element_type=\"widget\" data-e-type=\"widget\" data-widget_type=\"text-editor.default\">\n\t\t\t\t<div class=\"elementor-widget-container\">\n\t\t\t\t\t\t\t\t\tToute question ou demande de pr\u00e9cision concernant un retard ou d\u00e9faut de livraison devront \u00eatre transmises au Service Client de GRAIN DE SAIL via par le moyen suivant :\n\n \t\t\t\t\t\t\t\t<\/div>\n\t\t\t\t<\/div>\n\t\t\t\t<div class=\"elementor-element elementor-element-c727ed3 elementor-widget elementor-widget-text-editor\" data-id=\"c727ed3\" data-element_type=\"widget\" data-e-type=\"widget\" data-widget_type=\"text-editor.default\">\n\t\t\t\t<div class=\"elementor-widget-container\">\n\t\t\t\t\t\t\t\t\tOutil de la messagerie mis \u00e0 disposition accessible dans l\u2019onglet \u00ab CONTACT\u00bb\n\n \t\t\t\t\t\t\t\t<\/div>\n\t\t\t\t<\/div>\n\t\t\t\t\t<\/div>\n\t\t<\/div>\n\t\t\t\t\t<\/div>\n\t\t<\/section>\n\t\t\t\t<section class=\"elementor-section elementor-inner-section elementor-element elementor-element-a450792 elementor-section-boxed elementor-section-height-default elementor-section-height-default\" data-id=\"a450792\" data-element_type=\"section\" data-e-type=\"section\">\n\t\t\t\t\t\t<div class=\"elementor-container elementor-column-gap-default\">\n\t\t\t\t\t<div class=\"elementor-column elementor-col-100 elementor-inner-column elementor-element elementor-element-0006d8e\" data-id=\"0006d8e\" data-element_type=\"column\" data-e-type=\"column\">\n\t\t\t<div class=\"elementor-widget-wrap elementor-element-populated\">\n\t\t\t\t\t\t<div class=\"elementor-element elementor-element-dd40b77 elementor-widget elementor-widget-heading\" data-id=\"dd40b77\" data-element_type=\"widget\" data-e-type=\"widget\" data-widget_type=\"heading.default\">\n\t\t\t\t<div class=\"elementor-widget-container\">\n\t\t\t\t\t<h2 class=\"elementor-heading-title elementor-size-default\">Article 17 : r\u00e9clamations, Garanties, SAV et Responsabilit\u00e9 applicables aux \u00e9quipements\n<\/h2>\t\t\t\t<\/div>\n\t\t\t\t<\/div>\n\t\t\t\t<div class=\"elementor-element elementor-element-f313d45 elementor-widget elementor-widget-text-editor\" data-id=\"f313d45\" data-element_type=\"widget\" data-e-type=\"widget\" data-widget_type=\"text-editor.default\">\n\t\t\t\t<div class=\"elementor-widget-container\">\n\t\t\t\t\t\t\t\t\t<p><strong>17.1 \u2013 Champ d&#8217;application<\/strong><\/p>\t\t\t\t\t\t\t\t<\/div>\n\t\t\t\t<\/div>\n\t\t\t\t<div class=\"elementor-element elementor-element-726544b elementor-widget elementor-widget-text-editor\" data-id=\"726544b\" data-element_type=\"widget\" data-e-type=\"widget\" data-widget_type=\"text-editor.default\">\n\t\t\t\t<div class=\"elementor-widget-container\">\n\t\t\t\t\t\t\t\t\t<p>Le pr\u00e9sent article concerne exclusivement les produits de type \u00e9quipements (notamment moulins \u00e0 caf\u00e9, broyeurs, accessoires et mat\u00e9riels \u00e9lectriques ou m\u00e9caniques) propos\u00e9s \u00e0 la vente sur le site.<\/p>\t\t\t\t\t\t\t\t<\/div>\n\t\t\t\t<\/div>\n\t\t\t\t<div class=\"elementor-element elementor-element-65940dc elementor-widget elementor-widget-text-editor\" data-id=\"65940dc\" data-element_type=\"widget\" data-e-type=\"widget\" data-widget_type=\"text-editor.default\">\n\t\t\t\t<div class=\"elementor-widget-container\">\n\t\t\t\t\t\t\t\t\t<p><strong>17.2 &#8211; V\u00e9rification des produits \u00e0 la r\u00e9ception<\/strong><\/p>\t\t\t\t\t\t\t\t<\/div>\n\t\t\t\t<\/div>\n\t\t\t\t<div class=\"elementor-element elementor-element-0ae50a3 elementor-widget elementor-widget-text-editor\" data-id=\"0ae50a3\" data-element_type=\"widget\" data-e-type=\"widget\" data-widget_type=\"text-editor.default\">\n\t\t\t\t<div class=\"elementor-widget-container\">\n\t\t\t\t\t\t\t\t\t<p>Le Client est tenu de v\u00e9rifier l\u2019\u00e9tat de l\u2019\u00e9quipement livr\u00e9 lors de la r\u00e9ception de la commande.<\/p><p>Toute anomalie apparente (avarie, produit manquant, produit non conforme) devra \u00eatre signal\u00e9e dans un d\u00e9lai maximum de <strong>quatorze (14) jours calendaires<\/strong> \u00e0 compter de la date de livraison effective, via l\u2019outil de messagerie mis \u00e0 disposition dans l\u2019onglet \u00ab Contact \u00bb.<\/p><p>Pass\u00e9 ce d\u00e9lai, les Produits seront r\u00e9put\u00e9s conformes et exempts de tout d\u00e9faut apparent.<\/p><p>Ce d\u00e9lai ne fait pas obstacle \u00e0 l\u2019application des garanties l\u00e9gales.<\/p>\t\t\t\t\t\t\t\t<\/div>\n\t\t\t\t<\/div>\n\t\t\t\t<div class=\"elementor-element elementor-element-41e7165 elementor-widget elementor-widget-text-editor\" data-id=\"41e7165\" data-element_type=\"widget\" data-e-type=\"widget\" data-widget_type=\"text-editor.default\">\n\t\t\t\t<div class=\"elementor-widget-container\">\n\t\t\t\t\t\t\t\t\t<p><strong>17.3 &#8211; Modalit\u00e9s de r\u00e9clamation<\/strong><\/p>\t\t\t\t\t\t\t\t<\/div>\n\t\t\t\t<\/div>\n\t\t\t\t<div class=\"elementor-element elementor-element-468ec81 elementor-widget elementor-widget-text-editor\" data-id=\"468ec81\" data-element_type=\"widget\" data-e-type=\"widget\" data-widget_type=\"text-editor.default\">\n\t\t\t\t<div class=\"elementor-widget-container\">\n\t\t\t\t\t\t\t\t\t<p>Toute r\u00e9clamation doit imp\u00e9rativement \u00eatre accompagn\u00e9e des \u00e9l\u00e9ments suivants :<\/p><ul><li>Photos du colis et de l\u2019emballage,<\/li><li>Photos du Produit concern\u00e9,<\/li><li>R\u00e9f\u00e9rence du Produit,<\/li><li>Num\u00e9ro de commande,<\/li><li>Description pr\u00e9cise du dysfonctionnement constat\u00e9.<\/li><\/ul><p>Aucune demande ne pourra \u00eatre prise en compte sans ces \u00e9l\u00e9ments.<\/p>\t\t\t\t\t\t\t\t<\/div>\n\t\t\t\t<\/div>\n\t\t\t\t<div class=\"elementor-element elementor-element-e4b5abc elementor-widget elementor-widget-text-editor\" data-id=\"e4b5abc\" data-element_type=\"widget\" data-e-type=\"widget\" data-widget_type=\"text-editor.default\">\n\t\t\t\t<div class=\"elementor-widget-container\">\n\t\t\t\t\t\t\t\t\t<p><strong>17.4 &#8211; Garantie l\u00e9gale<\/strong><\/p>\t\t\t\t\t\t\t\t<\/div>\n\t\t\t\t<\/div>\n\t\t\t\t<div class=\"elementor-element elementor-element-84353e4 elementor-widget elementor-widget-text-editor\" data-id=\"84353e4\" data-element_type=\"widget\" data-e-type=\"widget\" data-widget_type=\"text-editor.default\">\n\t\t\t\t<div class=\"elementor-widget-container\">\n\t\t\t\t\t\t\t\t\t<p>Les \u00e9quipements vendus b\u00e9n\u00e9ficient des garanties l\u00e9gales en vigueur, \u00e0 savoir :<\/p><ul><li>La garantie l\u00e9gale de conformit\u00e9 pr\u00e9vue aux articles L.217-3 et suivants du Code de la consommation,<\/li><li>La garantie l\u00e9gale contre les vices cach\u00e9s pr\u00e9vue aux articles 1641 et suivants du Code civil.<\/li><\/ul><p>\u00a0<\/p><p>Dans le cadre de la garantie l\u00e9gale de conformit\u00e9, le Client dispose d\u2019un d\u00e9lai de <strong>deux (2) ans \u00e0 compter de la d\u00e9livrance du Produit<\/strong> pour agir.<\/p><p>Le Client peut choisir entre la r\u00e9paration ou le remplacement du Produit, sous r\u00e9serve des conditions de co\u00fbts pr\u00e9vues par la loi.<\/p>\t\t\t\t\t\t\t\t<\/div>\n\t\t\t\t<\/div>\n\t\t\t\t<div class=\"elementor-element elementor-element-6631820 elementor-widget elementor-widget-text-editor\" data-id=\"6631820\" data-element_type=\"widget\" data-e-type=\"widget\" data-widget_type=\"text-editor.default\">\n\t\t\t\t<div class=\"elementor-widget-container\">\n\t\t\t\t\t\t\t\t\t<p><strong>17.5 &#8211; Exclusions de garantie<\/strong><\/p>\t\t\t\t\t\t\t\t<\/div>\n\t\t\t\t<\/div>\n\t\t\t\t<div class=\"elementor-element elementor-element-94c3c0e elementor-widget elementor-widget-text-editor\" data-id=\"94c3c0e\" data-element_type=\"widget\" data-e-type=\"widget\" data-widget_type=\"text-editor.default\">\n\t\t\t\t<div class=\"elementor-widget-container\">\n\t\t\t\t\t\t\t\t\t<p>La garantie ne couvre pas :<\/p><ul><li>Les d\u00e9fauts r\u00e9sultant d\u2019une mauvaise utilisation, d\u2019un usage non conforme ou abusif,<\/li><li>Les dommages caus\u00e9s par une installation incorrecte, un branchement d\u00e9fectueux ou une alimentation \u00e9lectrique inadapt\u00e9e,<\/li><li>L\u2019usure normale des pi\u00e8ces (meules, joints, filtres, pi\u00e8ces mobiles),<\/li><li>Les dommages caus\u00e9s par un choc, une surcharge, une chute ou une infiltration de liquide,<\/li><li>Toute modification ou intervention effectu\u00e9e par une personne non autoris\u00e9e,<\/li><li>L\u2019absence d\u2019entretien conforme aux recommandations d\u2019usage,<\/li><li>Les produits ayant subi des r\u00e9parations non valid\u00e9es par le Service Client.<\/li><\/ul>\t\t\t\t\t\t\t\t<\/div>\n\t\t\t\t<\/div>\n\t\t\t\t<div class=\"elementor-element elementor-element-9224c6c elementor-widget elementor-widget-text-editor\" data-id=\"9224c6c\" data-element_type=\"widget\" data-e-type=\"widget\" data-widget_type=\"text-editor.default\">\n\t\t\t\t<div class=\"elementor-widget-container\">\n\t\t\t\t\t\t\t\t\t<p><strong>Information sur la garantie l\u00e9gale<\/strong><\/p><p>\u00ab Le vendeur reste tenu des d\u00e9fauts de conformit\u00e9 du bien conform\u00e9ment aux articles L.217-3 \u00e0 L.217-20 du Code de la consommation et des vices cach\u00e9s au sens des articles 1641 \u00e0 1649 du Code civil. \u00bb<\/p>\t\t\t\t\t\t\t\t<\/div>\n\t\t\t\t<\/div>\n\t\t\t\t<div class=\"elementor-element elementor-element-d4e2624 elementor-widget elementor-widget-text-editor\" data-id=\"d4e2624\" data-element_type=\"widget\" data-e-type=\"widget\" data-widget_type=\"text-editor.default\">\n\t\t\t\t<div class=\"elementor-widget-container\">\n\t\t\t\t\t\t\t\t\t<p><strong>17.6 &#8211; Service Apr\u00e8s-Vente (SAV)<\/strong><\/p>\t\t\t\t\t\t\t\t<\/div>\n\t\t\t\t<\/div>\n\t\t\t\t<div class=\"elementor-element elementor-element-0afa768 elementor-widget elementor-widget-text-editor\" data-id=\"0afa768\" data-element_type=\"widget\" data-e-type=\"widget\" data-widget_type=\"text-editor.default\">\n\t\t\t\t<div class=\"elementor-widget-container\">\n\t\t\t\t\t\t\t\t\t<p>Toute demande de prise en charge SAV doit \u00eatre adress\u00e9e au Service Client via l\u2019outil de messagerie accessible dans l\u2019onglet \u00ab Contact \u00bb.<\/p><p>Apr\u00e8s analyse du dossier, GRAIN DE SAIL se r\u00e9serve le droit, selon le cas :<\/p><ul><li>De proposer une r\u00e9paration,<\/li><li>De proc\u00e9der \u00e0 un \u00e9change,<\/li><li>De rembourser le Produit,<\/li><li>De refuser la prise en charge si les conditions de garantie ne sont pas respect\u00e9es.<\/li><\/ul>\t\t\t\t\t\t\t\t<\/div>\n\t\t\t\t<\/div>\n\t\t\t\t<div class=\"elementor-element elementor-element-7fe1848 elementor-widget elementor-widget-text-editor\" data-id=\"7fe1848\" data-element_type=\"widget\" data-e-type=\"widget\" data-widget_type=\"text-editor.default\">\n\t\t\t\t<div class=\"elementor-widget-container\">\n\t\t\t\t\t\t\t\t\t<p><strong>17.7 &#8211; Conditions de retour des \u00e9quipements<\/strong><\/p>\t\t\t\t\t\t\t\t<\/div>\n\t\t\t\t<\/div>\n\t\t\t\t<div class=\"elementor-element elementor-element-1d8560e elementor-widget elementor-widget-text-editor\" data-id=\"1d8560e\" data-element_type=\"widget\" data-e-type=\"widget\" data-widget_type=\"text-editor.default\">\n\t\t\t\t<div class=\"elementor-widget-container\">\n\t\t\t\t\t\t\t\t\t<p>Aucun retour de mat\u00e9riel ne sera accept\u00e9 sans validation pr\u00e9alable du Service Client.<\/p><p>Les retours doivent \u00eatre :<\/p><ul><li>Effectu\u00e9s dans leur emballage d\u2019origine,<\/li><li>Accompagn\u00e9s de tous les accessoires et notices,<\/li><li>Correctement prot\u00e9g\u00e9s pour le transport.<\/li><\/ul><p>Tout produit endommag\u00e9 lors du retour en raison d\u2019un emballage inadapt\u00e9 pourra \u00eatre refus\u00e9.<\/p>\t\t\t\t\t\t\t\t<\/div>\n\t\t\t\t<\/div>\n\t\t\t\t<div class=\"elementor-element elementor-element-9e85799 elementor-widget elementor-widget-text-editor\" data-id=\"9e85799\" data-element_type=\"widget\" data-e-type=\"widget\" data-widget_type=\"text-editor.default\">\n\t\t\t\t<div class=\"elementor-widget-container\">\n\t\t\t\t\t\t\t\t\t<p><strong>17.8 &#8211; Responsabilit\u00e9<\/strong><\/p>\t\t\t\t\t\t\t\t<\/div>\n\t\t\t\t<\/div>\n\t\t\t\t<div class=\"elementor-element elementor-element-6d10d0f elementor-widget elementor-widget-text-editor\" data-id=\"6d10d0f\" data-element_type=\"widget\" data-e-type=\"widget\" data-widget_type=\"text-editor.default\">\n\t\t\t\t<div class=\"elementor-widget-container\">\n\t\t\t\t\t\t\t\t\t<p>GRAIN DE SAIL ne saurait \u00eatre tenu responsable :<\/p><ul><li>Des dommages indirects,<\/li><li>De la perte d\u2019exploitation,<\/li><li>De la perte de donn\u00e9es,<\/li><li>De tout pr\u00e9judice financier cons\u00e9cutif \u00e0 l\u2019utilisation d\u2019un \u00e9quipement.<\/li><\/ul><p>La responsabilit\u00e9 de GRAIN DE SAIL, en toute hypoth\u00e8se, est strictement limit\u00e9e au montant du Produit concern\u00e9 dans la commande.<\/p><p>Le Client reste seul responsable du choix de l\u2019\u00e9quipement, de son bon usage et de son entretien.<\/p>\t\t\t\t\t\t\t\t<\/div>\n\t\t\t\t<\/div>\n\t\t\t\t<div class=\"elementor-element elementor-element-a7c6dd7 elementor-widget elementor-widget-text-editor\" data-id=\"a7c6dd7\" data-element_type=\"widget\" data-e-type=\"widget\" data-widget_type=\"text-editor.default\">\n\t\t\t\t<div class=\"elementor-widget-container\">\n\t\t\t\t\t\t\t\t\t<p><strong>17.9 &#8211; Acceptation des conditions<\/strong><\/p>\t\t\t\t\t\t\t\t<\/div>\n\t\t\t\t<\/div>\n\t\t\t\t<div class=\"elementor-element elementor-element-1e88121 elementor-widget elementor-widget-text-editor\" data-id=\"1e88121\" data-element_type=\"widget\" data-e-type=\"widget\" data-widget_type=\"text-editor.default\">\n\t\t\t\t<div class=\"elementor-widget-container\">\n\t\t\t\t\t\t\t\t\t<p>En commandant un \u00e9quipement, le Client reconna\u00eet avoir pris connaissance :<\/p><ul><li>Des recommandations d\u2019usage,<\/li><li>Des restrictions de garantie,<\/li><li>Des proc\u00e9dures SAV,<br \/>et les accepter sans r\u00e9serve.<\/li><\/ul>\t\t\t\t\t\t\t\t<\/div>\n\t\t\t\t<\/div>\n\t\t\t\t\t<\/div>\n\t\t<\/div>\n\t\t\t\t\t<\/div>\n\t\t<\/section>\n\t\t\t\t<section class=\"elementor-section elementor-inner-section elementor-element elementor-element-079930c elementor-section-full_width elementor-section-height-default elementor-section-height-default\" data-id=\"079930c\" data-element_type=\"section\" data-e-type=\"section\">\n\t\t\t\t\t\t<div class=\"elementor-container elementor-column-gap-default\">\n\t\t\t\t\t<div class=\"elementor-column elementor-col-100 elementor-inner-column elementor-element elementor-element-8a4118c\" data-id=\"8a4118c\" data-element_type=\"column\" data-e-type=\"column\">\n\t\t\t<div class=\"elementor-widget-wrap elementor-element-populated\">\n\t\t\t\t\t\t<div class=\"elementor-element elementor-element-e0a602d elementor-widget elementor-widget-heading\" data-id=\"e0a602d\" data-element_type=\"widget\" data-e-type=\"widget\" data-widget_type=\"heading.default\">\n\t\t\t\t<div class=\"elementor-widget-container\">\n\t\t\t\t\t<h2 class=\"elementor-heading-title elementor-size-default\">Article 18 : Int\u00e9gralit\u00e9\n<\/h2>\t\t\t\t<\/div>\n\t\t\t\t<\/div>\n\t\t\t\t<div class=\"elementor-element elementor-element-fbd3eb2 elementor-widget elementor-widget-text-editor\" data-id=\"fbd3eb2\" data-element_type=\"widget\" data-e-type=\"widget\" data-widget_type=\"text-editor.default\">\n\t\t\t\t<div class=\"elementor-widget-container\">\n\t\t\t\t\t\t\t\t\t<p>Les pr\u00e9sentes conditions g\u00e9n\u00e9rales expriment l\u2019int\u00e9gralit\u00e9 des obligations des parties. En ce sens, le consommateur est r\u00e9put\u00e9 accepter sans r\u00e9serve l\u2019int\u00e9gralit\u00e9 des dispositions pr\u00e9vues dans ces conditions g\u00e9n\u00e9rales. Aucune condition g\u00e9n\u00e9rale ou sp\u00e9cifique figurant dans les documents envoy\u00e9s ou remis par le consommateur ne pourra s\u2019int\u00e9grer aux pr\u00e9sentes, d\u00e8s lors que ces documents seraient incompatibles avec ces conditions g\u00e9n\u00e9rales.<\/p>\t\t\t\t\t\t\t\t<\/div>\n\t\t\t\t<\/div>\n\t\t\t\t\t<\/div>\n\t\t<\/div>\n\t\t\t\t\t<\/div>\n\t\t<\/section>\n\t\t\t\t<section class=\"elementor-section elementor-inner-section elementor-element elementor-element-e67ba9a elementor-section-full_width elementor-section-height-default elementor-section-height-default\" data-id=\"e67ba9a\" data-element_type=\"section\" data-e-type=\"section\">\n\t\t\t\t\t\t<div class=\"elementor-container elementor-column-gap-default\">\n\t\t\t\t\t<div class=\"elementor-column elementor-col-100 elementor-inner-column elementor-element elementor-element-6c676f6\" data-id=\"6c676f6\" data-element_type=\"column\" data-e-type=\"column\">\n\t\t\t<div class=\"elementor-widget-wrap elementor-element-populated\">\n\t\t\t\t\t\t<div class=\"elementor-element elementor-element-0930350 elementor-widget elementor-widget-heading\" data-id=\"0930350\" data-element_type=\"widget\" data-e-type=\"widget\" data-widget_type=\"heading.default\">\n\t\t\t\t<div class=\"elementor-widget-container\">\n\t\t\t\t\t<h2 class=\"elementor-heading-title elementor-size-default\">Informations l\u00e9gales\n<\/h2>\t\t\t\t<\/div>\n\t\t\t\t<\/div>\n\t\t\t\t<div class=\"elementor-element elementor-element-b9ef21b elementor-widget elementor-widget-text-editor\" data-id=\"b9ef21b\" data-element_type=\"widget\" data-e-type=\"widget\" data-widget_type=\"text-editor.default\">\n\t\t\t\t<div class=\"elementor-widget-container\">\n\t\t\t\t\t\t\t\t\tD\u00e9nomination : Grain de Sail\u00ae, marque commerciale de Grain de Sail SAS<br>\nSi\u00e8ge social : 4, route du Bas de la Rivi\u00e8re 29600 Morlaix<br>\nN\u00b0 immatriculation RCS : 538 866 740 00011<br>\nN\u00b0 de TVA intracommunautaire : FR 538866 740 00011<br>\nRepr\u00e9sentant l\u00e9gal : Jacques BARREAU \t\t\t\t\t\t\t\t<\/div>\n\t\t\t\t<\/div>\n\t\t\t\t<div class=\"elementor-element elementor-element-b505117 elementor-widget elementor-widget-text-editor\" data-id=\"b505117\" data-element_type=\"widget\" data-e-type=\"widget\" data-widget_type=\"text-editor.default\">\n\t\t\t\t<div class=\"elementor-widget-container\">\n\t\t\t\t\t\t\t\t\tT\u00e9l\u00e9phone : 02 98 62 40 91\n\n\t\t\t\t\t\t\t\t<\/div>\n\t\t\t\t<\/div>\n\t\t\t\t\t<\/div>\n\t\t<\/div>\n\t\t\t\t\t<\/div>\n\t\t<\/section>\n\t\t\t\t\t<\/div>\n\t\t<\/div>\n\t\t\t\t\t<\/div>\n\t\t<\/section>\n\t\t\t\t<\/div>\n\t\t","protected":false},"excerpt":{"rendered":"<p>Ces conditions g\u00e9n\u00e9rales de vente ont \u00e9t\u00e9 r\u00e9dig\u00e9es afin de formaliser ntore respect du client et de la transaction commerciale. Nous nous engageons envers vous afin de vous fournir la meilleure exp\u00e9rience d&#8217;achat possible. Article 1 : Application des Conditions G\u00e9n\u00e9rales de Vente (CGV) La marque &#8220;Grain de Sail\u00ae&#8221; et son site marchand d\u00e9fini ci-apr\u00e8s [&hellip;]<\/p>\n","protected":false},"author":2,"featured_media":0,"parent":0,"menu_order":0,"comment_status":"closed","ping_status":"closed","template":"elementor_header_footer","meta":{"_acf_changed":false,"footnotes":""},"class_list":["post-157","page","type-page","status-publish","hentry"],"acf":[],"yoast_head":"<!-- This site is optimized with the Yoast SEO plugin v25.5 - https:\/\/yoast.com\/wordpress\/plugins\/seo\/ -->\n<title>Conditions g\u00e9n\u00e9rales de vente - GDS<\/title>\n<meta name=\"robots\" content=\"index, follow, max-snippet:-1, max-image-preview:large, max-video-preview:-1\" \/>\n<link rel=\"canonical\" href=\"https:\/\/graindesail.com\/fr\/conditions-generales-de-vente\/\" \/>\n<meta property=\"og:locale\" content=\"fr_FR\" \/>\n<meta property=\"og:type\" content=\"article\" \/>\n<meta property=\"og:title\" content=\"Conditions g\u00e9n\u00e9rales de vente - GDS\" \/>\n<meta property=\"og:description\" content=\"Ces conditions g\u00e9n\u00e9rales de vente ont \u00e9t\u00e9 r\u00e9dig\u00e9es afin de formaliser ntore respect du client et de la transaction commerciale. Nous nous engageons envers vous afin de vous fournir la meilleure exp\u00e9rience d&#8217;achat possible. Article 1 : Application des Conditions G\u00e9n\u00e9rales de Vente (CGV) La marque &#8220;Grain de Sail\u00ae&#8221; et son site marchand d\u00e9fini ci-apr\u00e8s [&hellip;]\" \/>\n<meta property=\"og:url\" content=\"https:\/\/graindesail.com\/fr\/conditions-generales-de-vente\/\" \/>\n<meta property=\"og:site_name\" content=\"GDS\" \/>\n<meta property=\"article:modified_time\" content=\"2025-12-19T08:44:31+00:00\" \/>\n<meta name=\"twitter:card\" content=\"summary_large_image\" \/>\n<meta name=\"twitter:label1\" content=\"Dur\u00e9e de lecture estim\u00e9e\" \/>\n\t<meta name=\"twitter:data1\" content=\"21 minutes\" \/>\n<script type=\"application\/ld+json\" class=\"yoast-schema-graph\">{\"@context\":\"https:\/\/schema.org\",\"@graph\":[{\"@type\":\"WebPage\",\"@id\":\"https:\/\/graindesail.com\/fr\/conditions-generales-de-vente\/\",\"url\":\"https:\/\/graindesail.com\/fr\/conditions-generales-de-vente\/\",\"name\":\"Conditions g\u00e9n\u00e9rales de vente - GDS\",\"isPartOf\":{\"@id\":\"https:\/\/graindesail.com\/fr\/#website\"},\"datePublished\":\"2024-12-02T22:29:44+00:00\",\"dateModified\":\"2025-12-19T08:44:31+00:00\",\"breadcrumb\":{\"@id\":\"https:\/\/graindesail.com\/fr\/conditions-generales-de-vente\/#breadcrumb\"},\"inLanguage\":\"fr-FR\",\"potentialAction\":[{\"@type\":\"ReadAction\",\"target\":[\"https:\/\/graindesail.com\/fr\/conditions-generales-de-vente\/\"]}]},{\"@type\":\"BreadcrumbList\",\"@id\":\"https:\/\/graindesail.com\/fr\/conditions-generales-de-vente\/#breadcrumb\",\"itemListElement\":[{\"@type\":\"ListItem\",\"position\":1,\"name\":\"Home\",\"item\":\"https:\/\/graindesail.com\/fr\/\"},{\"@type\":\"ListItem\",\"position\":2,\"name\":\"Conditions g\u00e9n\u00e9rales de vente\"}]},{\"@type\":\"WebSite\",\"@id\":\"https:\/\/graindesail.com\/fr\/#website\",\"url\":\"https:\/\/graindesail.com\/fr\/\",\"name\":\"GDS\",\"description\":\"\",\"publisher\":{\"@id\":\"https:\/\/graindesail.com\/fr\/#organization\"},\"potentialAction\":[{\"@type\":\"SearchAction\",\"target\":{\"@type\":\"EntryPoint\",\"urlTemplate\":\"https:\/\/graindesail.com\/fr\/?s={search_term_string}\"},\"query-input\":{\"@type\":\"PropertyValueSpecification\",\"valueRequired\":true,\"valueName\":\"search_term_string\"}}],\"inLanguage\":\"fr-FR\"},{\"@type\":\"Organization\",\"@id\":\"https:\/\/graindesail.com\/fr\/#organization\",\"name\":\"GDS\",\"url\":\"https:\/\/graindesail.com\/fr\/\",\"logo\":{\"@type\":\"ImageObject\",\"inLanguage\":\"fr-FR\",\"@id\":\"https:\/\/graindesail.com\/fr\/#\/schema\/logo\/image\/\",\"url\":\"https:\/\/graindesail.com\/wp-content\/uploads\/2024\/12\/logo.svg\",\"contentUrl\":\"https:\/\/graindesail.com\/wp-content\/uploads\/2024\/12\/logo.svg\",\"width\":82,\"height\":130,\"caption\":\"GDS\"},\"image\":{\"@id\":\"https:\/\/graindesail.com\/fr\/#\/schema\/logo\/image\/\"}}]}<\/script>\n<!-- \/ Yoast SEO plugin. -->","yoast_head_json":{"title":"Conditions g\u00e9n\u00e9rales de vente - GDS","robots":{"index":"index","follow":"follow","max-snippet":"max-snippet:-1","max-image-preview":"max-image-preview:large","max-video-preview":"max-video-preview:-1"},"canonical":"https:\/\/graindesail.com\/fr\/conditions-generales-de-vente\/","og_locale":"fr_FR","og_type":"article","og_title":"Conditions g\u00e9n\u00e9rales de vente - GDS","og_description":"Ces conditions g\u00e9n\u00e9rales de vente ont \u00e9t\u00e9 r\u00e9dig\u00e9es afin de formaliser ntore respect du client et de la transaction commerciale. Nous nous engageons envers vous afin de vous fournir la meilleure exp\u00e9rience d&#8217;achat possible. Article 1 : Application des Conditions G\u00e9n\u00e9rales de Vente (CGV) La marque &#8220;Grain de Sail\u00ae&#8221; et son site marchand d\u00e9fini ci-apr\u00e8s [&hellip;]","og_url":"https:\/\/graindesail.com\/fr\/conditions-generales-de-vente\/","og_site_name":"GDS","article_modified_time":"2025-12-19T08:44:31+00:00","twitter_card":"summary_large_image","twitter_misc":{"Dur\u00e9e de lecture estim\u00e9e":"21 minutes"},"schema":{"@context":"https:\/\/schema.org","@graph":[{"@type":"WebPage","@id":"https:\/\/graindesail.com\/fr\/conditions-generales-de-vente\/","url":"https:\/\/graindesail.com\/fr\/conditions-generales-de-vente\/","name":"Conditions g\u00e9n\u00e9rales de vente - GDS","isPartOf":{"@id":"https:\/\/graindesail.com\/fr\/#website"},"datePublished":"2024-12-02T22:29:44+00:00","dateModified":"2025-12-19T08:44:31+00:00","breadcrumb":{"@id":"https:\/\/graindesail.com\/fr\/conditions-generales-de-vente\/#breadcrumb"},"inLanguage":"fr-FR","potentialAction":[{"@type":"ReadAction","target":["https:\/\/graindesail.com\/fr\/conditions-generales-de-vente\/"]}]},{"@type":"BreadcrumbList","@id":"https:\/\/graindesail.com\/fr\/conditions-generales-de-vente\/#breadcrumb","itemListElement":[{"@type":"ListItem","position":1,"name":"Home","item":"https:\/\/graindesail.com\/fr\/"},{"@type":"ListItem","position":2,"name":"Conditions g\u00e9n\u00e9rales de vente"}]},{"@type":"WebSite","@id":"https:\/\/graindesail.com\/fr\/#website","url":"https:\/\/graindesail.com\/fr\/","name":"GDS","description":"","publisher":{"@id":"https:\/\/graindesail.com\/fr\/#organization"},"potentialAction":[{"@type":"SearchAction","target":{"@type":"EntryPoint","urlTemplate":"https:\/\/graindesail.com\/fr\/?s={search_term_string}"},"query-input":{"@type":"PropertyValueSpecification","valueRequired":true,"valueName":"search_term_string"}}],"inLanguage":"fr-FR"},{"@type":"Organization","@id":"https:\/\/graindesail.com\/fr\/#organization","name":"GDS","url":"https:\/\/graindesail.com\/fr\/","logo":{"@type":"ImageObject","inLanguage":"fr-FR","@id":"https:\/\/graindesail.com\/fr\/#\/schema\/logo\/image\/","url":"https:\/\/graindesail.com\/wp-content\/uploads\/2024\/12\/logo.svg","contentUrl":"https:\/\/graindesail.com\/wp-content\/uploads\/2024\/12\/logo.svg","width":82,"height":130,"caption":"GDS"},"image":{"@id":"https:\/\/graindesail.com\/fr\/#\/schema\/logo\/image\/"}}]}},"_links":{"self":[{"href":"https:\/\/graindesail.com\/fr\/wp-json\/wp\/v2\/pages\/157","targetHints":{"allow":["GET"]}}],"collection":[{"href":"https:\/\/graindesail.com\/fr\/wp-json\/wp\/v2\/pages"}],"about":[{"href":"https:\/\/graindesail.com\/fr\/wp-json\/wp\/v2\/types\/page"}],"author":[{"embeddable":true,"href":"https:\/\/graindesail.com\/fr\/wp-json\/wp\/v2\/users\/2"}],"replies":[{"embeddable":true,"href":"https:\/\/graindesail.com\/fr\/wp-json\/wp\/v2\/comments?post=157"}],"version-history":[{"count":0,"href":"https:\/\/graindesail.com\/fr\/wp-json\/wp\/v2\/pages\/157\/revisions"}],"wp:attachment":[{"href":"https:\/\/graindesail.com\/fr\/wp-json\/wp\/v2\/media?parent=157"}],"curies":[{"name":"wp","href":"https:\/\/api.w.org\/{rel}","templated":true}]}}